{"id":15221,"date":"2026-03-13T13:14:14","date_gmt":"2026-03-13T12:14:14","guid":{"rendered":"https:\/\/www.m2act.ch\/?post_type=toolbox&#038;p=15221"},"modified":"2026-03-13T13:23:23","modified_gmt":"2026-03-13T12:23:23","slug":"explorateur-de-diversite-la-plateforme-consacree-a-la-diversite-vecue","status":"publish","type":"toolbox","link":"https:\/\/www.m2act.ch\/fr\/toolbox\/explorateur-de-diversite-la-plateforme-consacree-a-la-diversite-vecue\/","title":{"rendered":"Explorateur de diversit\u00e9 \u2013 la plateforme consacr\u00e9e \u00e0 la diversit\u00e9 v\u00e9cue"},"content":{"rendered":"\n<p>Sur l\u2019explorateur de diversit\u00e9 du Pour-cent culturel Migros, on trouve des personnes de contact sp\u00e9cialistes des questions sociales et culturelles qui, gr\u00e2ce \u00e0 leur v\u00e9cu, poss\u00e8dent une connaissance approfondie des th\u00e8mes li\u00e9s \u00e0 la diversit\u00e9, se pr\u00e9sentent sur l\u2019explorateur de diversit\u00e9. Les associations, organisations, entreprises et institutions publiques trouvent sur la plateforme des expert-e-x-s qui les soutiennent dans leurs projets et accompagnent les processus en faveur de la diversit\u00e9. Gr\u00e2ce \u00e0 leur perspective, ces sp\u00e9cialiste-x-s con\u00e7oivent des contenus et des processus plus efficaces. Pr\u00e8s de 30&nbsp;experte-x-s sont actuellement sur l\u2019explorateur de diversit\u00e9.&nbsp;&nbsp;<\/p>\n\n\n\n    <div id=\"text-shadow-box-block_1b947dc31783c62ec661c405db865ab7\" class=\"mod-text-shadow-box\" data-scheme=\"black\">\n\t\t<h3>Que permet de faire cet outil?<\/h3>\n<p>La plateforme facilite l\u2019acc\u00e8s des membres d\u2019associations, d\u2019organisations, d\u2019entreprises et d\u2019institutions publiques qui le souhaitent aux exp\u00e9riences et \u00e0 des connaissances sp\u00e9cialis\u00e9es en lien avec la diversit\u00e9. Gr\u00e2ce \u00e0 leur perspective, ces sp\u00e9cialiste-x-s con\u00e7oivent des contenus et des processus plus efficaces.\u00a0 Prenons un exemple: une organisation souhaite renforcer ses \u00e9quipes diversifi\u00e9es. Elle a \u00e0 c\u0153ur de tenir compte de la situation de d\u00e9part et des besoins de toutes les personnes qui composent ces \u00e9quipes, tout en veillant \u00e0 garantir l\u2019\u00e9galit\u00e9 des chances entre les membres. C\u2019est l\u00e0 que l\u2019expert-e-x-s de l\u2019explorateur de diversit\u00e9 entre en jeu: cette personne peut apporter son soutien en termes de sensibilisation et accompagner la suite du processus.<\/p>\n    <\/div>\n\n\n\n<div id=\"testimonial-block_b3495136f2615ace57829c32ba24de52\" class=\"mod-stoerer-button\">\n    <a href=\"https:\/\/engagement.migros.ch\/fr\/explorateur-de-diversite\" target=\"\" class=\"inner\">\n        <span class=\"title\">\n            Explorateur de diversit\u00e9        <\/span>\n        <span class=\"more\">\n                        <\/span>\n    <\/a>\n<\/div>\n\n<div class=\"wp-bootstrap-blocks-row row\">\n\t\n\n<div class=\"col-12 col-md-6\">\n\t\t\t\n\n    <div id=\"text-shadow-box-block_e80f2bf6f57389321ad1a5e77092ce22\" class=\"mod-text-shadow-box\" data-scheme=\"black\">\n\t\t<h3>En quoi consiste cet outil?<\/h3>\n<p>Sur l\u2019explorateur de diversit\u00e9, pr\u00e8s de 30 expert-e-x-s se pr\u00e9sentent avec un profil personnel. Il est possible de filtrer les profils par th\u00e8mes, langues et r\u00e9gions. Les profils d\u00e9crivent les points forts ainsi que les liens personnels avec le th\u00e8me. Une fois la personne ad\u00e9quate trouv\u00e9e pour un projet ou processus, il est possible de la contacter directement.<\/p>\n    <\/div>\n\n\t<\/div>\n\n\n\n<div class=\"col-12 col-md-6\">\n\t\t\t\n\n    <div id=\"text-shadow-box-block_e4c76e21603471e2c49499be6c1c1884\" class=\"mod-text-shadow-box\" data-scheme=\"black\">\n\t\t<h3>Pourquoi cet outil est-il n\u00e9cessaire?<\/h3>\n<p>Dans notre soci\u00e9t\u00e9, certaines personnes ne sont gu\u00e8re visibles: les journaux, Internet ou la t\u00e9l\u00e9vision nous en apprennent peu sur elles. Il s\u2019agit, par exemple, de personnes issues de l\u2019immigration, en situation de handicap ou qui ne se reconnaissent pas dans le genre qui leur a \u00e9t\u00e9 assign\u00e9 \u00e0 la naissance. L\u2019explorateur de diversit\u00e9, par l\u2019interm\u00e9diaire d\u2019expert-e-x-s, permet de rendre plus visible la pluralit\u00e9 des identit\u00e9s et des vies.<\/p>\n    <\/div>\n\n\t<\/div>\n\n<\/div>\n\n\n<div class=\"wp-bootstrap-blocks-row row\">\n\t\n\n<div class=\"col-12 col-md-6\">\n\t\t\t\n\n    <div id=\"text-shadow-box-block_8e77723d770a064acf0a626fcd645894\" class=\"mod-text-shadow-box\" data-scheme=\"yellow\">\n\t\t<h3>\u00c0 qui s\u2019adresse l\u2019outil?<\/h3>\n<p>L\u2019explorateur de diversit\u00e9 s\u2019adresse aux membres d\u2019associations, d\u2019organisations, d\u2019entreprises et d\u2019institutions publiques qui souhaitent prendre en consid\u00e9ration des points de vue diversifi\u00e9s. Les expert-e-x-s peuvent apporter leur soutien \u00e0 des projets et accompagner les processus respectueux de la diversit\u00e9.<\/p>\n    <\/div>\n\n\t<\/div>\n\n\n\n<div class=\"col-12 col-md-6\">\n\t\t\t\n\n    <div id=\"text-shadow-box-block_f8e1cddc130f9c0179c29ee2584e25ee\" class=\"mod-text-shadow-box\" data-scheme=\"white\">\n\t\t<h3>Impressum<\/h3>\n<p>Propri\u00e9t\u00e9: Pour-cent culturel Migros<\/p>\n<p>contact: info-soziales@mgb.ch<\/p>\n<p><a href=\"https:\/\/engagement.migros.ch\/de\/kulturprozent\/soziales\">Th\u00e8mes sociaux et sujets de soci\u00e9t\u00e9 | Engagement Migros<\/a><\/p>\n<p>&nbsp;<\/p>\n    <\/div>\n\n\t<\/div>\n\n<\/div>\n\n\n\n<p>Publi\u00e9 13.3.26<\/p>\n\n\n\n<p><\/p>\n","protected":false},"featured_media":15222,"template":"","categories":[100],"class_list":["post-15221","toolbox","type-toolbox","status-publish","has-post-thumbnail","hentry","category-plateforme-d-actions"],"acf":[],"yoast_head":"<!-- This site is optimized with the Yoast SEO plugin v27.2 - https:\/\/yoast.com\/product\/yoast-seo-wordpress\/ -->\n<title>Explorateur de diversit\u00e9 \u2013 la plateforme consacr\u00e9e \u00e0 la diversit\u00e9 v\u00e9cue - M2ACT<\/title>\n<meta name=\"robots\" content=\"index, follow, max-snippet:-1, max-image-preview:large, max-video-preview:-1\" \/>\n<link rel=\"canonical\" href=\"https:\/\/www.m2act.ch\/fr\/toolbox\/explorateur-de-diversite-la-plateforme-consacree-a-la-diversite-vecue\/\" \/>\n<meta property=\"og:locale\" content=\"fr_FR\" \/>\n<meta property=\"og:type\" content=\"article\" \/>\n<meta property=\"og:title\" content=\"Explorateur de diversit\u00e9 \u2013 la plateforme consacr\u00e9e \u00e0 la diversit\u00e9 v\u00e9cue - M2ACT\" \/>\n<meta property=\"og:description\" content=\"Sur l\u2019explorateur de diversit\u00e9 du Pour-cent culturel Migros, on trouve des personnes de contact sp\u00e9cialistes des questions sociales et culturelles qui, gr\u00e2ce \u00e0 leur v\u00e9cu, poss\u00e8dent une connaissance approfondie des th\u00e8mes li\u00e9s \u00e0 la diversit\u00e9, se pr\u00e9sentent sur l\u2019explorateur de diversit\u00e9. Les associations, organisations, entreprises et institutions publiques trouvent sur la plateforme des expert-e-x-s qui [&hellip;]\" \/>\n<meta property=\"og:url\" content=\"https:\/\/www.m2act.ch\/fr\/toolbox\/explorateur-de-diversite-la-plateforme-consacree-a-la-diversite-vecue\/\" \/>\n<meta property=\"og:site_name\" content=\"M2ACT\" \/>\n<meta property=\"article:modified_time\" content=\"2026-03-13T12:23:23+00:00\" \/>\n<meta property=\"og:image\" content=\"https:\/\/www.m2act.ch\/wp-content\/uploads\/2026\/03\/ANI_24_018_Visual_Vielfaltsfinder_Newsletter_600x600px_FR.jpg\" \/>\n\t<meta property=\"og:image:width\" content=\"600\" \/>\n\t<meta property=\"og:image:height\" content=\"600\" \/>\n\t<meta property=\"og:image:type\" content=\"image\/jpeg\" \/>\n<meta name=\"twitter:card\" content=\"summary_large_image\" \/>\n<meta name=\"twitter:label1\" content=\"Dur\u00e9e de lecture estim\u00e9e\" \/>\n\t<meta name=\"twitter:data1\" content=\"1 minute\" \/>\n<script type=\"application\/ld+json\" class=\"yoast-schema-graph\">{\"@context\":\"https:\/\/schema.org\",\"@graph\":[{\"@type\":\"WebPage\",\"@id\":\"https:\/\/www.m2act.ch\/fr\/toolbox\/explorateur-de-diversite-la-plateforme-consacree-a-la-diversite-vecue\/\",\"url\":\"https:\/\/www.m2act.ch\/fr\/toolbox\/explorateur-de-diversite-la-plateforme-consacree-a-la-diversite-vecue\/\",\"name\":\"Explorateur de diversit\u00e9 \u2013 la plateforme consacr\u00e9e \u00e0 la diversit\u00e9 v\u00e9cue - M2ACT\",\"isPartOf\":{\"@id\":\"https:\/\/www.m2act.ch\/en\/#website\"},\"primaryImageOfPage\":{\"@id\":\"https:\/\/www.m2act.ch\/fr\/toolbox\/explorateur-de-diversite-la-plateforme-consacree-a-la-diversite-vecue\/#primaryimage\"},\"image\":{\"@id\":\"https:\/\/www.m2act.ch\/fr\/toolbox\/explorateur-de-diversite-la-plateforme-consacree-a-la-diversite-vecue\/#primaryimage\"},\"thumbnailUrl\":\"https:\/\/www.m2act.ch\/wp-content\/uploads\/2026\/03\/ANI_24_018_Visual_Vielfaltsfinder_Newsletter_600x600px_FR.jpg\",\"datePublished\":\"2026-03-13T12:14:14+00:00\",\"dateModified\":\"2026-03-13T12:23:23+00:00\",\"breadcrumb\":{\"@id\":\"https:\/\/www.m2act.ch\/fr\/toolbox\/explorateur-de-diversite-la-plateforme-consacree-a-la-diversite-vecue\/#breadcrumb\"},\"inLanguage\":\"fr-FR\",\"potentialAction\":[{\"@type\":\"ReadAction\",\"target\":[\"https:\/\/www.m2act.ch\/fr\/toolbox\/explorateur-de-diversite-la-plateforme-consacree-a-la-diversite-vecue\/\"]}]},{\"@type\":\"ImageObject\",\"inLanguage\":\"fr-FR\",\"@id\":\"https:\/\/www.m2act.ch\/fr\/toolbox\/explorateur-de-diversite-la-plateforme-consacree-a-la-diversite-vecue\/#primaryimage\",\"url\":\"https:\/\/www.m2act.ch\/wp-content\/uploads\/2026\/03\/ANI_24_018_Visual_Vielfaltsfinder_Newsletter_600x600px_FR.jpg\",\"contentUrl\":\"https:\/\/www.m2act.ch\/wp-content\/uploads\/2026\/03\/ANI_24_018_Visual_Vielfaltsfinder_Newsletter_600x600px_FR.jpg\",\"width\":600,\"height\":600},{\"@type\":\"BreadcrumbList\",\"@id\":\"https:\/\/www.m2act.ch\/fr\/toolbox\/explorateur-de-diversite-la-plateforme-consacree-a-la-diversite-vecue\/#breadcrumb\",\"itemListElement\":[{\"@type\":\"ListItem\",\"position\":1,\"name\":\"Startseite\",\"item\":\"https:\/\/www.m2act.ch\/fr\/\"},{\"@type\":\"ListItem\",\"position\":2,\"name\":\"Explorateur de diversit\u00e9 \u2013 la plateforme consacr\u00e9e \u00e0 la diversit\u00e9 v\u00e9cue\"}]},{\"@type\":\"WebSite\",\"@id\":\"https:\/\/www.m2act.ch\/en\/#website\",\"url\":\"https:\/\/www.m2act.ch\/en\/\",\"name\":\"M2ACT\",\"description\":\"Ein Projekt von Migros Kulturprozent\",\"potentialAction\":[{\"@type\":\"SearchAction\",\"target\":{\"@type\":\"EntryPoint\",\"urlTemplate\":\"https:\/\/www.m2act.ch\/en\/?s={search_term_string}\"},\"query-input\":{\"@type\":\"PropertyValueSpecification\",\"valueRequired\":true,\"valueName\":\"search_term_string\"}}],\"inLanguage\":\"fr-FR\"}]}<\/script>\n<!-- \/ Yoast SEO plugin. -->","yoast_head_json":{"title":"Explorateur de diversit\u00e9 \u2013 la plateforme consacr\u00e9e \u00e0 la diversit\u00e9 v\u00e9cue - M2ACT","robots":{"index":"index","follow":"follow","max-snippet":"max-snippet:-1","max-image-preview":"max-image-preview:large","max-video-preview":"max-video-preview:-1"},"canonical":"https:\/\/www.m2act.ch\/fr\/toolbox\/explorateur-de-diversite-la-plateforme-consacree-a-la-diversite-vecue\/","og_locale":"fr_FR","og_type":"article","og_title":"Explorateur de diversit\u00e9 \u2013 la plateforme consacr\u00e9e \u00e0 la diversit\u00e9 v\u00e9cue - M2ACT","og_description":"Sur l\u2019explorateur de diversit\u00e9 du Pour-cent culturel Migros, on trouve des personnes de contact sp\u00e9cialistes des questions sociales et culturelles qui, gr\u00e2ce \u00e0 leur v\u00e9cu, poss\u00e8dent une connaissance approfondie des th\u00e8mes li\u00e9s \u00e0 la diversit\u00e9, se pr\u00e9sentent sur l\u2019explorateur de diversit\u00e9. Les associations, organisations, entreprises et institutions publiques trouvent sur la plateforme des expert-e-x-s qui [&hellip;]","og_url":"https:\/\/www.m2act.ch\/fr\/toolbox\/explorateur-de-diversite-la-plateforme-consacree-a-la-diversite-vecue\/","og_site_name":"M2ACT","article_modified_time":"2026-03-13T12:23:23+00:00","og_image":[{"width":600,"height":600,"url":"https:\/\/www.m2act.ch\/wp-content\/uploads\/2026\/03\/ANI_24_018_Visual_Vielfaltsfinder_Newsletter_600x600px_FR.jpg","type":"image\/jpeg"}],"twitter_card":"summary_large_image","twitter_misc":{"Dur\u00e9e de lecture estim\u00e9e":"1 minute"},"schema":{"@context":"https:\/\/schema.org","@graph":[{"@type":"WebPage","@id":"https:\/\/www.m2act.ch\/fr\/toolbox\/explorateur-de-diversite-la-plateforme-consacree-a-la-diversite-vecue\/","url":"https:\/\/www.m2act.ch\/fr\/toolbox\/explorateur-de-diversite-la-plateforme-consacree-a-la-diversite-vecue\/","name":"Explorateur de diversit\u00e9 \u2013 la plateforme consacr\u00e9e \u00e0 la diversit\u00e9 v\u00e9cue - M2ACT","isPartOf":{"@id":"https:\/\/www.m2act.ch\/en\/#website"},"primaryImageOfPage":{"@id":"https:\/\/www.m2act.ch\/fr\/toolbox\/explorateur-de-diversite-la-plateforme-consacree-a-la-diversite-vecue\/#primaryimage"},"image":{"@id":"https:\/\/www.m2act.ch\/fr\/toolbox\/explorateur-de-diversite-la-plateforme-consacree-a-la-diversite-vecue\/#primaryimage"},"thumbnailUrl":"https:\/\/www.m2act.ch\/wp-content\/uploads\/2026\/03\/ANI_24_018_Visual_Vielfaltsfinder_Newsletter_600x600px_FR.jpg","datePublished":"2026-03-13T12:14:14+00:00","dateModified":"2026-03-13T12:23:23+00:00","breadcrumb":{"@id":"https:\/\/www.m2act.ch\/fr\/toolbox\/explorateur-de-diversite-la-plateforme-consacree-a-la-diversite-vecue\/#breadcrumb"},"inLanguage":"fr-FR","potentialAction":[{"@type":"ReadAction","target":["https:\/\/www.m2act.ch\/fr\/toolbox\/explorateur-de-diversite-la-plateforme-consacree-a-la-diversite-vecue\/"]}]},{"@type":"ImageObject","inLanguage":"fr-FR","@id":"https:\/\/www.m2act.ch\/fr\/toolbox\/explorateur-de-diversite-la-plateforme-consacree-a-la-diversite-vecue\/#primaryimage","url":"https:\/\/www.m2act.ch\/wp-content\/uploads\/2026\/03\/ANI_24_018_Visual_Vielfaltsfinder_Newsletter_600x600px_FR.jpg","contentUrl":"https:\/\/www.m2act.ch\/wp-content\/uploads\/2026\/03\/ANI_24_018_Visual_Vielfaltsfinder_Newsletter_600x600px_FR.jpg","width":600,"height":600},{"@type":"BreadcrumbList","@id":"https:\/\/www.m2act.ch\/fr\/toolbox\/explorateur-de-diversite-la-plateforme-consacree-a-la-diversite-vecue\/#breadcrumb","itemListElement":[{"@type":"ListItem","position":1,"name":"Startseite","item":"https:\/\/www.m2act.ch\/fr\/"},{"@type":"ListItem","position":2,"name":"Explorateur de diversit\u00e9 \u2013 la plateforme consacr\u00e9e \u00e0 la diversit\u00e9 v\u00e9cue"}]},{"@type":"WebSite","@id":"https:\/\/www.m2act.ch\/en\/#website","url":"https:\/\/www.m2act.ch\/en\/","name":"M2ACT","description":"Ein Projekt von Migros Kulturprozent","potentialAction":[{"@type":"SearchAction","target":{"@type":"EntryPoint","urlTemplate":"https:\/\/www.m2act.ch\/en\/?s={search_term_string}"},"query-input":{"@type":"PropertyValueSpecification","valueRequired":true,"valueName":"search_term_string"}}],"inLanguage":"fr-FR"}]}},"_links":{"self":[{"href":"https:\/\/www.m2act.ch\/fr\/wp-json\/wp\/v2\/toolbox\/15221","targetHints":{"allow":["GET"]}}],"collection":[{"href":"https:\/\/www.m2act.ch\/fr\/wp-json\/wp\/v2\/toolbox"}],"about":[{"href":"https:\/\/www.m2act.ch\/fr\/wp-json\/wp\/v2\/types\/toolbox"}],"version-history":[{"count":2,"href":"https:\/\/www.m2act.ch\/fr\/wp-json\/wp\/v2\/toolbox\/15221\/revisions"}],"predecessor-version":[{"id":15237,"href":"https:\/\/www.m2act.ch\/fr\/wp-json\/wp\/v2\/toolbox\/15221\/revisions\/15237"}],"wp:featuredmedia":[{"embeddable":true,"href":"https:\/\/www.m2act.ch\/fr\/wp-json\/wp\/v2\/media\/15222"}],"wp:attachment":[{"href":"https:\/\/www.m2act.ch\/fr\/wp-json\/wp\/v2\/media?parent=15221"}],"wp:term":[{"taxonomy":"category","embeddable":true,"href":"https:\/\/www.m2act.ch\/fr\/wp-json\/wp\/v2\/categories?post=15221"}],"curies":[{"name":"wp","href":"https:\/\/api.w.org\/{rel}","templated":true}]}}