{"id":14029,"date":"2025-12-20T16:21:57","date_gmt":"2025-12-20T15:21:57","guid":{"rendered":"https:\/\/www.m2act.ch\/?post_type=toolbox&#038;p=14029"},"modified":"2026-01-26T16:45:16","modified_gmt":"2026-01-26T15:45:16","slug":"m2act-x-burning-issues-pour-une-culture-equitable-diverse-et-inclusive","status":"publish","type":"toolbox","link":"https:\/\/www.m2act.ch\/fr\/toolbox\/m2act-x-burning-issues-pour-une-culture-equitable-diverse-et-inclusive\/","title":{"rendered":"m2act \u00d7 Burning Issues: pour une culture \u00e9quitable, diverse et inclusive &#8211; D\u00e9finition d&rsquo;objectifs"},"content":{"rendered":"\n<p>Les directions artistiques sont sous le feu des critiques, les exigences en mati\u00e8re de durabilit\u00e9 sociale se font de plus en plus pressantes, concilier vie de famille et profession culturelle rel\u00e8ve toujours du tour de force. Le milieu du th\u00e9\u00e2tre suisse est en \u00e9bullition. Dans le cadre de la rencontre de mise en r\u00e9seau \u00ab<a href=\"https:\/\/m2act-x-burningissues-2023.events.migros-kulturprozent.ch\/?lang=fr\">M2ACT \u00d7 BURNING ISSUES \u2013 Performing Arts &amp; Action<\/a>\u00bb, plus de 400 acteurs et actrices culturel.le.s de Suisse, d\u2019Allemagne, d\u2019Autriche et d\u2019Italie se sont r\u00e9uni.e.s du 15 au 17 septembre 2023. Ces personnes ont regroup\u00e9 les demandes de changement urgentes dans un document, avec pour objectif de rendre les conditions de travail dans les arts de la sc\u00e8ne plus durables, plus \u00e9quitables et plus attrayantes.<\/p>\n\n\n\n<p><\/p>\n\n\n<div class=\"wp-bootstrap-blocks-row row\">\n\t\n\n<div class=\"col-12 col-md-8\">\n\t\t\t\n\n    <div id=\"text-shadow-box-block_dca36528b9b0ff6802d6639fdb60d170\" class=\"mod-text-shadow-box\" data-scheme=\"black\">\n\t\t<h3>En quoi consiste cet outil?<\/h3>\n<p>Le document formule des objectifs pour un monde du travail plus juste, plus \u00e9quitable et plus diversifi\u00e9 dans les arts de la sc\u00e8ne et stipule dans quel cadre ces objectifs ont \u00e9t\u00e9 formul\u00e9s. Il contient en outre les noms des auteurs et autrices et des premiers signataires. La d\u00e9finition d\u2019objectifs est un catalogue de revendications communes \u00e0 prendre en consid\u00e9ration au quotidien pour le travail dans les arts de la sc\u00e8ne.<\/p>\n    <\/div>\n\n\t<\/div>\n\n\n\n<div class=\"col-12 col-md-4\">\n\t\t\t\n\n    <div id=\"text-shadow-box-block_ba7f1514fd87db17ab69d80edd65e75f\" class=\"mod-text-shadow-box\" data-scheme=\"yellow\">\n\t\t<h3>Tags<\/h3>\n<p>#responsabilit\u00e9<br \/>\n#agir<br \/>\n#durabilit\u00e9<br \/>\n#reporting<br \/>\n#collaboration<br \/>\n#pratiques \u00e9quitables<br \/>\n#contrats<\/p>\n    <\/div>\n\n\t<\/div>\n\n<\/div>\n\n\n<div class=\"wp-bootstrap-blocks-row row\">\n\t\n\n<div class=\"col-12\">\n\t\t\t\t<\/div>\n\n<\/div>\n\n\n<div class=\"wp-bootstrap-blocks-row row\">\n\t\n\n<div class=\"col-12 col-md-8\">\n\t\t\t\n\n    <div id=\"text-shadow-box-block_063410ed31c227631e0ad8209d8b049d\" class=\"mod-text-shadow-box\" data-scheme=\"white\">\n\t\t<h3>Que permet de faire cet outil?<\/h3>\n<p>Dans le cadre de m2act x Burning Issues, la d\u00e9finition d\u2019objectifs a \u00e9t\u00e9 publi\u00e9e sous forme de p\u00e9tition sur la plateforme <em><strong><a href=\"https:\/\/act.campax.org\/petitions\/m2act-x-burning-issues-pour-une-culture-equitable-diverse-inclusive\">ACT CAMPAX<\/a><\/strong><\/em>. Les personnes qui d\u00e9sirent apporter leur soutien peuvent la signer (509 signatures au 30.4.2024). Les formulations peuvent \u00eatre copi\u00e9es, d\u00e9velopp\u00e9es et utilis\u00e9es comme instrument pour soutenir les changements au sein de sa propre organisation ou institution, mais aussi dans la politique.<\/p>\n    <\/div>\n\n\t<\/div>\n\n\n\n<div class=\"col-12 col-md-4\">\n\t\t\t\n\n    <div id=\"text-shadow-box-block_75dc354530a583633fd739b8b35492f1\" class=\"mod-text-shadow-box\" data-scheme=\"black\">\n\t\t<h3>\u00c0 qui s\u2019adresse l\u2019outil?<\/h3>\n<p>La d\u00e9finition d\u2019objectifs s\u2019adresse \u00e0 tou.te.s les professionnel.le.s de la culture et aux personnes d\u2019autres secteurs qui s\u2019engagent en faveur de conditions plus \u00e9quitables, plus diversifi\u00e9es et plus inclusives sur leur lieu de travail.<\/p>\n<p>&nbsp;<\/p>\n    <\/div>\n\n\t<\/div>\n\n<\/div>\n\n\n\n<div id=\"testimonial-block_3605231737637931d642bf01015b141a\" class=\"mod-stoerer-button\">\n    <a href=\"https:\/\/act.campax.org\/petitions\/m2act-x-burning-issues-pour-une-culture-equitable-diverse-inclusive\" target=\"_blank\" class=\"inner\">\n        <span class=\"title\">\n            document objectif        <\/span>\n        <span class=\"more\">\n                        <\/span>\n    <\/a>\n<\/div>\n\n<div class=\"wp-bootstrap-blocks-row row\">\n\t\n\n<div class=\"col-12\">\n\t\t\t\t<\/div>\n\n<\/div>\n\n\n<div class=\"wp-bootstrap-blocks-row row\">\n\t\n\n<div class=\"col-12 col-md-8\">\n\t\t\t\n\n    <div id=\"text-shadow-box-block_653161bdfdf926151b2b70a7717f6160\" class=\"mod-text-shadow-box\" data-scheme=\"black\">\n\t\t<h3>Pourquoi cet outil est-il n\u00e9cessaire?<\/h3>\n<p>Nombre de personnes travaillant dans les arts de la sc\u00e8ne sont insatisfaites des conditions de travail et de production ainsi que de la r\u00e9partition actuelle de l\u2019argent, du temps et de l\u2019influence. Elles d\u00e9sirent se mettre en r\u00e9seau, faire entendre leurs revendications communes et se soutenir mutuellement.<\/p>\n    <\/div>\n\n\t<\/div>\n\n\n\n<div class=\"col-12 col-md-4\">\n\t\t\t\n\n    <div id=\"text-shadow-box-block_eff49b0f33c20c65167700a832f4b100\" class=\"mod-text-shadow-box\" data-scheme=\"white\">\n\t\t<h3>Impressum<\/h3>\n<p>Dans le cadre de la rencontre de mise en r\u00e9seau \u00abM2ACT \u00d7 BURNING ISSUES \u2013 Performing Arts &amp; Action\u00bb, plus de 400 acteurs et actrices culturel.le.s de Suisse, d\u2019Allemagne, d\u2019Autriche et d\u2019Italie se sont r\u00e9uni.e.s du 15 au 17 septembre 2023. Ces personnes ont regroup\u00e9 les demandes de changement urgentes dans un document, avec pour objectif de rendre les conditions de travail dans les arts de la sc\u00e8ne plus durables, plus \u00e9quitables et plus attrayantes.<\/p>\n<p>&nbsp;<\/p>\n<p>&nbsp;<\/p>\n<p>&nbsp;<\/p>\n    <\/div>\n\n\t<\/div>\n\n<\/div>\n","protected":false},"featured_media":14033,"template":"","categories":[330,86],"class_list":["post-14029","toolbox","type-toolbox","status-publish","has-post-thumbnail","hentry","category-definition-dobjectifs","category-publication"],"acf":[],"yoast_head":"<!-- This site is optimized with the Yoast SEO plugin v27.2 - https:\/\/yoast.com\/product\/yoast-seo-wordpress\/ -->\n<title>m2act \u00d7 Burning Issues: pour une culture \u00e9quitable, diverse et inclusive - D\u00e9finition d&#039;objectifs - M2ACT<\/title>\n<meta name=\"robots\" content=\"index, follow, max-snippet:-1, max-image-preview:large, max-video-preview:-1\" \/>\n<link rel=\"canonical\" href=\"https:\/\/www.m2act.ch\/fr\/toolbox\/m2act-x-burning-issues-pour-une-culture-equitable-diverse-et-inclusive\/\" \/>\n<meta property=\"og:locale\" content=\"fr_FR\" \/>\n<meta property=\"og:type\" content=\"article\" \/>\n<meta property=\"og:title\" content=\"m2act \u00d7 Burning Issues: pour une culture \u00e9quitable, diverse et inclusive - D\u00e9finition d&#039;objectifs - M2ACT\" \/>\n<meta property=\"og:description\" content=\"Les directions artistiques sont sous le feu des critiques, les exigences en mati\u00e8re de durabilit\u00e9 sociale se font de plus en plus pressantes, concilier vie de famille et profession culturelle rel\u00e8ve toujours du tour de force. Le milieu du th\u00e9\u00e2tre suisse est en \u00e9bullition. Dans le cadre de la rencontre de mise en r\u00e9seau \u00abM2ACT [&hellip;]\" \/>\n<meta property=\"og:url\" content=\"https:\/\/www.m2act.ch\/fr\/toolbox\/m2act-x-burning-issues-pour-une-culture-equitable-diverse-et-inclusive\/\" \/>\n<meta property=\"og:site_name\" content=\"M2ACT\" \/>\n<meta property=\"article:modified_time\" content=\"2026-01-26T15:45:16+00:00\" \/>\n<meta property=\"og:image\" content=\"https:\/\/www.m2act.ch\/wp-content\/uploads\/2025\/12\/Screenshot-2025-12-20-153320.png\" \/>\n\t<meta property=\"og:image:width\" content=\"375\" \/>\n\t<meta property=\"og:image:height\" content=\"297\" \/>\n\t<meta property=\"og:image:type\" content=\"image\/png\" \/>\n<meta name=\"twitter:card\" content=\"summary_large_image\" \/>\n<meta name=\"twitter:label1\" content=\"Dur\u00e9e de lecture estim\u00e9e\" \/>\n\t<meta name=\"twitter:data1\" content=\"1 minute\" \/>\n<script type=\"application\/ld+json\" class=\"yoast-schema-graph\">{\"@context\":\"https:\/\/schema.org\",\"@graph\":[{\"@type\":\"WebPage\",\"@id\":\"https:\/\/www.m2act.ch\/fr\/toolbox\/m2act-x-burning-issues-pour-une-culture-equitable-diverse-et-inclusive\/\",\"url\":\"https:\/\/www.m2act.ch\/fr\/toolbox\/m2act-x-burning-issues-pour-une-culture-equitable-diverse-et-inclusive\/\",\"name\":\"m2act \u00d7 Burning Issues: pour une culture \u00e9quitable, diverse et inclusive - D\u00e9finition d'objectifs - M2ACT\",\"isPartOf\":{\"@id\":\"https:\/\/www.m2act.ch\/en\/#website\"},\"primaryImageOfPage\":{\"@id\":\"https:\/\/www.m2act.ch\/fr\/toolbox\/m2act-x-burning-issues-pour-une-culture-equitable-diverse-et-inclusive\/#primaryimage\"},\"image\":{\"@id\":\"https:\/\/www.m2act.ch\/fr\/toolbox\/m2act-x-burning-issues-pour-une-culture-equitable-diverse-et-inclusive\/#primaryimage\"},\"thumbnailUrl\":\"https:\/\/www.m2act.ch\/wp-content\/uploads\/2025\/12\/Screenshot-2025-12-20-153320.png\",\"datePublished\":\"2025-12-20T15:21:57+00:00\",\"dateModified\":\"2026-01-26T15:45:16+00:00\",\"breadcrumb\":{\"@id\":\"https:\/\/www.m2act.ch\/fr\/toolbox\/m2act-x-burning-issues-pour-une-culture-equitable-diverse-et-inclusive\/#breadcrumb\"},\"inLanguage\":\"fr-FR\",\"potentialAction\":[{\"@type\":\"ReadAction\",\"target\":[\"https:\/\/www.m2act.ch\/fr\/toolbox\/m2act-x-burning-issues-pour-une-culture-equitable-diverse-et-inclusive\/\"]}]},{\"@type\":\"ImageObject\",\"inLanguage\":\"fr-FR\",\"@id\":\"https:\/\/www.m2act.ch\/fr\/toolbox\/m2act-x-burning-issues-pour-une-culture-equitable-diverse-et-inclusive\/#primaryimage\",\"url\":\"https:\/\/www.m2act.ch\/wp-content\/uploads\/2025\/12\/Screenshot-2025-12-20-153320.png\",\"contentUrl\":\"https:\/\/www.m2act.ch\/wp-content\/uploads\/2025\/12\/Screenshot-2025-12-20-153320.png\",\"width\":375,\"height\":297},{\"@type\":\"BreadcrumbList\",\"@id\":\"https:\/\/www.m2act.ch\/fr\/toolbox\/m2act-x-burning-issues-pour-une-culture-equitable-diverse-et-inclusive\/#breadcrumb\",\"itemListElement\":[{\"@type\":\"ListItem\",\"position\":1,\"name\":\"Startseite\",\"item\":\"https:\/\/www.m2act.ch\/fr\/\"},{\"@type\":\"ListItem\",\"position\":2,\"name\":\"m2act \u00d7 Burning Issues: pour une culture \u00e9quitable, diverse et inclusive &#8211; D\u00e9finition d&#8217;objectifs\"}]},{\"@type\":\"WebSite\",\"@id\":\"https:\/\/www.m2act.ch\/en\/#website\",\"url\":\"https:\/\/www.m2act.ch\/en\/\",\"name\":\"M2ACT\",\"description\":\"Ein Projekt von Migros Kulturprozent\",\"potentialAction\":[{\"@type\":\"SearchAction\",\"target\":{\"@type\":\"EntryPoint\",\"urlTemplate\":\"https:\/\/www.m2act.ch\/en\/?s={search_term_string}\"},\"query-input\":{\"@type\":\"PropertyValueSpecification\",\"valueRequired\":true,\"valueName\":\"search_term_string\"}}],\"inLanguage\":\"fr-FR\"}]}<\/script>\n<!-- \/ Yoast SEO plugin. -->","yoast_head_json":{"title":"m2act \u00d7 Burning Issues: pour une culture \u00e9quitable, diverse et inclusive - D\u00e9finition d'objectifs - M2ACT","robots":{"index":"index","follow":"follow","max-snippet":"max-snippet:-1","max-image-preview":"max-image-preview:large","max-video-preview":"max-video-preview:-1"},"canonical":"https:\/\/www.m2act.ch\/fr\/toolbox\/m2act-x-burning-issues-pour-une-culture-equitable-diverse-et-inclusive\/","og_locale":"fr_FR","og_type":"article","og_title":"m2act \u00d7 Burning Issues: pour une culture \u00e9quitable, diverse et inclusive - D\u00e9finition d'objectifs - M2ACT","og_description":"Les directions artistiques sont sous le feu des critiques, les exigences en mati\u00e8re de durabilit\u00e9 sociale se font de plus en plus pressantes, concilier vie de famille et profession culturelle rel\u00e8ve toujours du tour de force. Le milieu du th\u00e9\u00e2tre suisse est en \u00e9bullition. Dans le cadre de la rencontre de mise en r\u00e9seau \u00abM2ACT [&hellip;]","og_url":"https:\/\/www.m2act.ch\/fr\/toolbox\/m2act-x-burning-issues-pour-une-culture-equitable-diverse-et-inclusive\/","og_site_name":"M2ACT","article_modified_time":"2026-01-26T15:45:16+00:00","og_image":[{"width":375,"height":297,"url":"https:\/\/www.m2act.ch\/wp-content\/uploads\/2025\/12\/Screenshot-2025-12-20-153320.png","type":"image\/png"}],"twitter_card":"summary_large_image","twitter_misc":{"Dur\u00e9e de lecture estim\u00e9e":"1 minute"},"schema":{"@context":"https:\/\/schema.org","@graph":[{"@type":"WebPage","@id":"https:\/\/www.m2act.ch\/fr\/toolbox\/m2act-x-burning-issues-pour-une-culture-equitable-diverse-et-inclusive\/","url":"https:\/\/www.m2act.ch\/fr\/toolbox\/m2act-x-burning-issues-pour-une-culture-equitable-diverse-et-inclusive\/","name":"m2act \u00d7 Burning Issues: pour une culture \u00e9quitable, diverse et inclusive - D\u00e9finition d'objectifs - M2ACT","isPartOf":{"@id":"https:\/\/www.m2act.ch\/en\/#website"},"primaryImageOfPage":{"@id":"https:\/\/www.m2act.ch\/fr\/toolbox\/m2act-x-burning-issues-pour-une-culture-equitable-diverse-et-inclusive\/#primaryimage"},"image":{"@id":"https:\/\/www.m2act.ch\/fr\/toolbox\/m2act-x-burning-issues-pour-une-culture-equitable-diverse-et-inclusive\/#primaryimage"},"thumbnailUrl":"https:\/\/www.m2act.ch\/wp-content\/uploads\/2025\/12\/Screenshot-2025-12-20-153320.png","datePublished":"2025-12-20T15:21:57+00:00","dateModified":"2026-01-26T15:45:16+00:00","breadcrumb":{"@id":"https:\/\/www.m2act.ch\/fr\/toolbox\/m2act-x-burning-issues-pour-une-culture-equitable-diverse-et-inclusive\/#breadcrumb"},"inLanguage":"fr-FR","potentialAction":[{"@type":"ReadAction","target":["https:\/\/www.m2act.ch\/fr\/toolbox\/m2act-x-burning-issues-pour-une-culture-equitable-diverse-et-inclusive\/"]}]},{"@type":"ImageObject","inLanguage":"fr-FR","@id":"https:\/\/www.m2act.ch\/fr\/toolbox\/m2act-x-burning-issues-pour-une-culture-equitable-diverse-et-inclusive\/#primaryimage","url":"https:\/\/www.m2act.ch\/wp-content\/uploads\/2025\/12\/Screenshot-2025-12-20-153320.png","contentUrl":"https:\/\/www.m2act.ch\/wp-content\/uploads\/2025\/12\/Screenshot-2025-12-20-153320.png","width":375,"height":297},{"@type":"BreadcrumbList","@id":"https:\/\/www.m2act.ch\/fr\/toolbox\/m2act-x-burning-issues-pour-une-culture-equitable-diverse-et-inclusive\/#breadcrumb","itemListElement":[{"@type":"ListItem","position":1,"name":"Startseite","item":"https:\/\/www.m2act.ch\/fr\/"},{"@type":"ListItem","position":2,"name":"m2act \u00d7 Burning Issues: pour une culture \u00e9quitable, diverse et inclusive &#8211; D\u00e9finition d&#8217;objectifs"}]},{"@type":"WebSite","@id":"https:\/\/www.m2act.ch\/en\/#website","url":"https:\/\/www.m2act.ch\/en\/","name":"M2ACT","description":"Ein Projekt von Migros Kulturprozent","potentialAction":[{"@type":"SearchAction","target":{"@type":"EntryPoint","urlTemplate":"https:\/\/www.m2act.ch\/en\/?s={search_term_string}"},"query-input":{"@type":"PropertyValueSpecification","valueRequired":true,"valueName":"search_term_string"}}],"inLanguage":"fr-FR"}]}},"_links":{"self":[{"href":"https:\/\/www.m2act.ch\/fr\/wp-json\/wp\/v2\/toolbox\/14029","targetHints":{"allow":["GET"]}}],"collection":[{"href":"https:\/\/www.m2act.ch\/fr\/wp-json\/wp\/v2\/toolbox"}],"about":[{"href":"https:\/\/www.m2act.ch\/fr\/wp-json\/wp\/v2\/types\/toolbox"}],"version-history":[{"count":3,"href":"https:\/\/www.m2act.ch\/fr\/wp-json\/wp\/v2\/toolbox\/14029\/revisions"}],"predecessor-version":[{"id":14435,"href":"https:\/\/www.m2act.ch\/fr\/wp-json\/wp\/v2\/toolbox\/14029\/revisions\/14435"}],"wp:featuredmedia":[{"embeddable":true,"href":"https:\/\/www.m2act.ch\/fr\/wp-json\/wp\/v2\/media\/14033"}],"wp:attachment":[{"href":"https:\/\/www.m2act.ch\/fr\/wp-json\/wp\/v2\/media?parent=14029"}],"wp:term":[{"taxonomy":"category","embeddable":true,"href":"https:\/\/www.m2act.ch\/fr\/wp-json\/wp\/v2\/categories?post=14029"}],"curies":[{"name":"wp","href":"https:\/\/api.w.org\/{rel}","templated":true}]}}