{"id":961,"date":"2020-09-23T15:59:05","date_gmt":"2020-09-23T13:59:05","guid":{"rendered":"https:\/\/www.m2act.ch\/projects\/fairspec\/"},"modified":"2026-03-16T17:13:56","modified_gmt":"2026-03-16T16:13:56","slug":"fairspec","status":"publish","type":"projects","link":"https:\/\/www.m2act.ch\/fr\/projects\/fairspec\/","title":{"rendered":"FAIRSPEC: \u00c9laboration du Code &amp; V\u00e9rification dans le cadre de la s\u00e9rie d&rsquo;\u00e9v\u00e9nements Faircheck"},"content":{"rendered":"\n<p><a href=\"http:\/\/www.fairspec.ch\" target=\"_blank\" rel=\"noreferrer noopener\">FAIRSPEC<\/a> se consacre \u00e0 la promotion de pratiques de travail \u00e9thiques, \u00e9quitables et durables dans les arts de la sc\u00e8ne, avec un accent particulier sur la sc\u00e8ne ind\u00e9pendante. L\u2019initiative sensibilise, cr\u00e9e des liens et transmet des connaissances en organisant des \u00e9v\u00e9nements, des ateliers et des formats d\u2019\u00e9change pratiques \u2013 en collaboration avec des artistes, des chercheur.euse.s, d\u2019autres professionnel.le.s et des institutions partenaires. L\u2019objectif est de d\u00e9velopper ensemble une vision largement soutenue de formes de collaboration justes et de la rendre concr\u00e8tement efficace dans le quotidien artistique.<\/p>\n\n\n\n<p>Le point de r\u00e9f\u00e9rence central est le Code <a href=\"https:\/\/www.m2act.ch\/fr\/toolbox\/charte-fairspec\/\">FAIRSPEC<\/a>, qui \u00e9tablit des valeurs fondamentales et des lignes directrices pour une collaboration respectueuse, transparente et responsable. Le Code n\u2019est pas consid\u00e9r\u00e9 comme un r\u00e8glement fig\u00e9, mais comme un instrument vivant qui \u00e9volue en dialogue avec la r\u00e9alit\u00e9 du travail.<\/p>\n\n\n\n<p>Avec des formats tels que la s\u00e9rie d\u2019\u00e9v\u00e9nements FAIRCHECK, FAIRSPEC cr\u00e9e des espaces o\u00f9 des th\u00e8mes sp\u00e9cifiques du Code sont approfondis \u00e0 partir de situations de travail concr\u00e8tes \u2013 par exemple, la culture de la communication, l\u2019\u00e9galit\u00e9, la r\u00e9silience ou la reconnaissance. Ces rencontres combinent des apports d\u2019expert.e.s, des \u00e9changes d\u2019exp\u00e9riences et des r\u00e9flexions collectives. Elles ne servent pas seulement \u00e0 sensibiliser, mais \u00e9galement \u00e0 tester l\u2019applicabilit\u00e9 du Code dans la pratique et \u00e0 en tirer des enseignements qui pourront alimenter sa r\u00e9vision et son d\u00e9veloppement futur. En m\u00eame temps, elles renforcent le r\u00e9seau croissant des arts de la sc\u00e8ne ind\u00e9pendants.<\/p>\n\n\n\n<p>Sur cette base et dans un dialogue continu avec son r\u00e9seau, FAIRSPEC d\u00e9veloppe ses prochaines \u00e9tapes en abordant des questions cl\u00e9s : Comment cr\u00e9er un engagement durable ? Quels.les acteur.rice.s soutiendront l\u2019initiative \u00e0 long terme ? Comment le Code peut-il rester vivant et efficace ? Et comment la Charte FAIRSPEC peut-elle \u00eatre d\u00e9velopp\u00e9e afin que ses valeurs fondamentales soient naturellement mises en \u0153uvre et v\u00e9cues dans le quotidien professionnel ?<\/p>\n\n\n\n<p><\/p>\n\n\n\n    <div id=\"text-shadow-box-block_7a36ad28624b5387e362c96988b256c2\" class=\"mod-text-shadow-box\" data-scheme=\"black\">\n\t\t<p><strong>Plus d&rsquo;informations<\/strong><\/p>\n<p><a href=\"http:\/\/www.fairspec.ch\" target=\"_blank\" rel=\"noreferrer noopener\" data-type=\"URL\" data-id=\"www.fairspec.ch\" data-rich-text-format-boundary=\"true\">www.fairspec.ch<\/a><\/p>\n<p><a href=\"https:\/\/www.instagram.com\/fairspec\/\">Instagram<\/a><\/p>\n    <\/div>\n\n\n\n    <div id=\"text-shadow-box-block_a1aa884f12b6591a844b6f53ee56acd4\" class=\"mod-text-shadow-box\" data-scheme=\"white\">\n\t\t<h3>Comit\u00e9 FAIRSPEC<\/h3>\n<p>Andrea Brunner (Theater Marie) : P\u00e9dagogie th\u00e9\u00e2trale &amp; m\u00e9diation, travail de production dans le th\u00e9\u00e2tre ind\u00e9pendant<\/p>\n<p>Francesca Sproccati : Performance &amp; art sonore, travail collectif interdisciplinaire<\/p>\n<p>Frida Beraud : Th\u00e9\u00e2tre de marionnettes et d\u2019objets, pratique artistique socialement engag\u00e9e<\/p>\n<p>Benjamin Burger : Mise en sc\u00e8ne dans le th\u00e9\u00e2tre ind\u00e9pendant, mod\u00e9ration de formats d\u2019\u00e9change<\/p>\n<p>Lukas Kubik : Performance &amp; mise en sc\u00e8ne, direction de production<\/p>\n    <\/div>\n","protected":false},"featured_media":2377,"template":"","categories":[450],"jahr":[],"class_list":["post-961","projects","type-projects","status-publish","has-post-thumbnail","hentry","category-2021-2027"],"acf":[],"yoast_head":"<!-- This site is optimized with the Yoast SEO plugin v27.2 - https:\/\/yoast.com\/product\/yoast-seo-wordpress\/ -->\n<title>FAIRSPEC: \u00c9laboration du Code &amp; V\u00e9rification dans le cadre de la s\u00e9rie d&#039;\u00e9v\u00e9nements Faircheck - M2ACT<\/title>\n<meta name=\"robots\" content=\"index, follow, max-snippet:-1, max-image-preview:large, max-video-preview:-1\" \/>\n<link rel=\"canonical\" href=\"https:\/\/www.m2act.ch\/fr\/projects\/fairspec\/\" \/>\n<meta property=\"og:locale\" content=\"fr_FR\" \/>\n<meta property=\"og:type\" content=\"article\" \/>\n<meta property=\"og:title\" content=\"FAIRSPEC: \u00c9laboration du Code &amp; V\u00e9rification dans le cadre de la s\u00e9rie d&#039;\u00e9v\u00e9nements Faircheck - M2ACT\" \/>\n<meta property=\"og:description\" content=\"FAIRSPEC se consacre \u00e0 la promotion de pratiques de travail \u00e9thiques, \u00e9quitables et durables dans les arts de la sc\u00e8ne, avec un accent particulier sur la sc\u00e8ne ind\u00e9pendante. L\u2019initiative sensibilise, cr\u00e9e des liens et transmet des connaissances en organisant des \u00e9v\u00e9nements, des ateliers et des formats d\u2019\u00e9change pratiques \u2013 en collaboration avec des artistes, des [&hellip;]\" \/>\n<meta property=\"og:url\" content=\"https:\/\/www.m2act.ch\/fr\/projects\/fairspec\/\" \/>\n<meta property=\"og:site_name\" content=\"M2ACT\" \/>\n<meta property=\"article:modified_time\" content=\"2026-03-16T16:13:56+00:00\" \/>\n<meta property=\"og:image\" content=\"https:\/\/www.m2act.ch\/wp-content\/uploads\/2021\/04\/thumbnail_fotos_susanne4.jpg\" \/>\n\t<meta property=\"og:image:width\" content=\"612\" \/>\n\t<meta property=\"og:image:height\" content=\"1280\" \/>\n\t<meta property=\"og:image:type\" content=\"image\/jpeg\" \/>\n<meta name=\"twitter:card\" content=\"summary_large_image\" \/>\n<meta name=\"twitter:label1\" content=\"Dur\u00e9e de lecture estim\u00e9e\" \/>\n\t<meta name=\"twitter:data1\" content=\"2 minutes\" \/>\n<script type=\"application\/ld+json\" class=\"yoast-schema-graph\">{\"@context\":\"https:\/\/schema.org\",\"@graph\":[{\"@type\":\"WebPage\",\"@id\":\"https:\/\/www.m2act.ch\/fr\/projects\/fairspec\/\",\"url\":\"https:\/\/www.m2act.ch\/fr\/projects\/fairspec\/\",\"name\":\"FAIRSPEC: \u00c9laboration du Code &amp; V\u00e9rification dans le cadre de la s\u00e9rie d'\u00e9v\u00e9nements Faircheck - M2ACT\",\"isPartOf\":{\"@id\":\"https:\/\/www.m2act.ch\/en\/#website\"},\"primaryImageOfPage\":{\"@id\":\"https:\/\/www.m2act.ch\/fr\/projects\/fairspec\/#primaryimage\"},\"image\":{\"@id\":\"https:\/\/www.m2act.ch\/fr\/projects\/fairspec\/#primaryimage\"},\"thumbnailUrl\":\"https:\/\/www.m2act.ch\/wp-content\/uploads\/2021\/04\/thumbnail_fotos_susanne4.jpg\",\"datePublished\":\"2020-09-23T13:59:05+00:00\",\"dateModified\":\"2026-03-16T16:13:56+00:00\",\"breadcrumb\":{\"@id\":\"https:\/\/www.m2act.ch\/fr\/projects\/fairspec\/#breadcrumb\"},\"inLanguage\":\"fr-FR\",\"potentialAction\":[{\"@type\":\"ReadAction\",\"target\":[\"https:\/\/www.m2act.ch\/fr\/projects\/fairspec\/\"]}]},{\"@type\":\"ImageObject\",\"inLanguage\":\"fr-FR\",\"@id\":\"https:\/\/www.m2act.ch\/fr\/projects\/fairspec\/#primaryimage\",\"url\":\"https:\/\/www.m2act.ch\/wp-content\/uploads\/2021\/04\/thumbnail_fotos_susanne4.jpg\",\"contentUrl\":\"https:\/\/www.m2act.ch\/wp-content\/uploads\/2021\/04\/thumbnail_fotos_susanne4.jpg\",\"width\":612,\"height\":1280,\"caption\":\"Fairspec\"},{\"@type\":\"BreadcrumbList\",\"@id\":\"https:\/\/www.m2act.ch\/fr\/projects\/fairspec\/#breadcrumb\",\"itemListElement\":[{\"@type\":\"ListItem\",\"position\":1,\"name\":\"Startseite\",\"item\":\"https:\/\/www.m2act.ch\/fr\/\"},{\"@type\":\"ListItem\",\"position\":2,\"name\":\"FAIRSPEC: \u00c9laboration du Code &amp; V\u00e9rification dans le cadre de la s\u00e9rie d&#8217;\u00e9v\u00e9nements Faircheck\"}]},{\"@type\":\"WebSite\",\"@id\":\"https:\/\/www.m2act.ch\/en\/#website\",\"url\":\"https:\/\/www.m2act.ch\/en\/\",\"name\":\"M2ACT\",\"description\":\"Ein Projekt von Migros Kulturprozent\",\"potentialAction\":[{\"@type\":\"SearchAction\",\"target\":{\"@type\":\"EntryPoint\",\"urlTemplate\":\"https:\/\/www.m2act.ch\/en\/?s={search_term_string}\"},\"query-input\":{\"@type\":\"PropertyValueSpecification\",\"valueRequired\":true,\"valueName\":\"search_term_string\"}}],\"inLanguage\":\"fr-FR\"}]}<\/script>\n<!-- \/ Yoast SEO plugin. -->","yoast_head_json":{"title":"FAIRSPEC: \u00c9laboration du Code &amp; V\u00e9rification dans le cadre de la s\u00e9rie d'\u00e9v\u00e9nements Faircheck - M2ACT","robots":{"index":"index","follow":"follow","max-snippet":"max-snippet:-1","max-image-preview":"max-image-preview:large","max-video-preview":"max-video-preview:-1"},"canonical":"https:\/\/www.m2act.ch\/fr\/projects\/fairspec\/","og_locale":"fr_FR","og_type":"article","og_title":"FAIRSPEC: \u00c9laboration du Code &amp; V\u00e9rification dans le cadre de la s\u00e9rie d'\u00e9v\u00e9nements Faircheck - M2ACT","og_description":"FAIRSPEC se consacre \u00e0 la promotion de pratiques de travail \u00e9thiques, \u00e9quitables et durables dans les arts de la sc\u00e8ne, avec un accent particulier sur la sc\u00e8ne ind\u00e9pendante. L\u2019initiative sensibilise, cr\u00e9e des liens et transmet des connaissances en organisant des \u00e9v\u00e9nements, des ateliers et des formats d\u2019\u00e9change pratiques \u2013 en collaboration avec des artistes, des [&hellip;]","og_url":"https:\/\/www.m2act.ch\/fr\/projects\/fairspec\/","og_site_name":"M2ACT","article_modified_time":"2026-03-16T16:13:56+00:00","og_image":[{"width":612,"height":1280,"url":"https:\/\/www.m2act.ch\/wp-content\/uploads\/2021\/04\/thumbnail_fotos_susanne4.jpg","type":"image\/jpeg"}],"twitter_card":"summary_large_image","twitter_misc":{"Dur\u00e9e de lecture estim\u00e9e":"2 minutes"},"schema":{"@context":"https:\/\/schema.org","@graph":[{"@type":"WebPage","@id":"https:\/\/www.m2act.ch\/fr\/projects\/fairspec\/","url":"https:\/\/www.m2act.ch\/fr\/projects\/fairspec\/","name":"FAIRSPEC: \u00c9laboration du Code &amp; V\u00e9rification dans le cadre de la s\u00e9rie d'\u00e9v\u00e9nements Faircheck - M2ACT","isPartOf":{"@id":"https:\/\/www.m2act.ch\/en\/#website"},"primaryImageOfPage":{"@id":"https:\/\/www.m2act.ch\/fr\/projects\/fairspec\/#primaryimage"},"image":{"@id":"https:\/\/www.m2act.ch\/fr\/projects\/fairspec\/#primaryimage"},"thumbnailUrl":"https:\/\/www.m2act.ch\/wp-content\/uploads\/2021\/04\/thumbnail_fotos_susanne4.jpg","datePublished":"2020-09-23T13:59:05+00:00","dateModified":"2026-03-16T16:13:56+00:00","breadcrumb":{"@id":"https:\/\/www.m2act.ch\/fr\/projects\/fairspec\/#breadcrumb"},"inLanguage":"fr-FR","potentialAction":[{"@type":"ReadAction","target":["https:\/\/www.m2act.ch\/fr\/projects\/fairspec\/"]}]},{"@type":"ImageObject","inLanguage":"fr-FR","@id":"https:\/\/www.m2act.ch\/fr\/projects\/fairspec\/#primaryimage","url":"https:\/\/www.m2act.ch\/wp-content\/uploads\/2021\/04\/thumbnail_fotos_susanne4.jpg","contentUrl":"https:\/\/www.m2act.ch\/wp-content\/uploads\/2021\/04\/thumbnail_fotos_susanne4.jpg","width":612,"height":1280,"caption":"Fairspec"},{"@type":"BreadcrumbList","@id":"https:\/\/www.m2act.ch\/fr\/projects\/fairspec\/#breadcrumb","itemListElement":[{"@type":"ListItem","position":1,"name":"Startseite","item":"https:\/\/www.m2act.ch\/fr\/"},{"@type":"ListItem","position":2,"name":"FAIRSPEC: \u00c9laboration du Code &amp; V\u00e9rification dans le cadre de la s\u00e9rie d&#8217;\u00e9v\u00e9nements Faircheck"}]},{"@type":"WebSite","@id":"https:\/\/www.m2act.ch\/en\/#website","url":"https:\/\/www.m2act.ch\/en\/","name":"M2ACT","description":"Ein Projekt von Migros Kulturprozent","potentialAction":[{"@type":"SearchAction","target":{"@type":"EntryPoint","urlTemplate":"https:\/\/www.m2act.ch\/en\/?s={search_term_string}"},"query-input":{"@type":"PropertyValueSpecification","valueRequired":true,"valueName":"search_term_string"}}],"inLanguage":"fr-FR"}]}},"_links":{"self":[{"href":"https:\/\/www.m2act.ch\/fr\/wp-json\/wp\/v2\/projects\/961","targetHints":{"allow":["GET"]}}],"collection":[{"href":"https:\/\/www.m2act.ch\/fr\/wp-json\/wp\/v2\/projects"}],"about":[{"href":"https:\/\/www.m2act.ch\/fr\/wp-json\/wp\/v2\/types\/projects"}],"version-history":[{"count":4,"href":"https:\/\/www.m2act.ch\/fr\/wp-json\/wp\/v2\/projects\/961\/revisions"}],"predecessor-version":[{"id":15289,"href":"https:\/\/www.m2act.ch\/fr\/wp-json\/wp\/v2\/projects\/961\/revisions\/15289"}],"wp:featuredmedia":[{"embeddable":true,"href":"https:\/\/www.m2act.ch\/fr\/wp-json\/wp\/v2\/media\/2377"}],"wp:attachment":[{"href":"https:\/\/www.m2act.ch\/fr\/wp-json\/wp\/v2\/media?parent=961"}],"wp:term":[{"taxonomy":"category","embeddable":true,"href":"https:\/\/www.m2act.ch\/fr\/wp-json\/wp\/v2\/categories?post=961"},{"taxonomy":"jahr","embeddable":true,"href":"https:\/\/www.m2act.ch\/fr\/wp-json\/wp\/v2\/jahr?post=961"}],"curies":[{"name":"wp","href":"https:\/\/api.w.org\/{rel}","templated":true}]}}