{"id":12759,"date":"2025-09-29T14:15:35","date_gmt":"2025-09-29T12:15:35","guid":{"rendered":"https:\/\/www.m2act.ch\/?post_type=projects&#038;p=12759"},"modified":"2025-10-06T15:36:54","modified_gmt":"2025-10-06T13:36:54","slug":"costumieres-cie_de-fil-en-aiguille-batir-une-gouvernance-durable","status":"publish","type":"projects","link":"https:\/\/www.m2act.ch\/fr\/projects\/costumieres-cie_de-fil-en-aiguille-batir-une-gouvernance-durable\/","title":{"rendered":"Costumi\u00e8res &amp; Cie_De fil en aiguille \u2013 b\u00e2tir une gouvernance durable"},"content":{"rendered":"\n<p>L\u2019association Costumi\u00e8res &amp; Cie, fond\u00e9e en 2013, met en r\u00e9seau les costumier\u2024\u00e8re\u2024s de Suisse et favorise, gr\u00e2ce \u00e0 des outils de travail, des \u00e9changes et un fonds de costumes, la pr\u00e9servation et le d\u00e9veloppement de cette profession.<\/p>\n\n\n\n<p>Dans le cadre du projet, le comit\u00e9 \u00e9largi de l\u2019association, compos\u00e9 de neuf femme.s, sera accompagn\u00e9 dans un processus de transformation collective de la gouvernance associative. Pendant la saison 2025\/2026, un facilitateur soutiendra ce processus, dont un atelier strat\u00e9gique de deux jours constituera un moment cl\u00e9.<\/p>\n\n\n\n<p class=\"has-text-align-left\">Le projet poursuit \u00e9galement un objectif sociale et politique. Il vise \u00e0 renforcer l\u2019autogestion sans \u00e9puiser les participantes. Les r\u00f4les seront clarifi\u00e9s. De nouvelles formes d\u2019engagement plus justes seront d\u00e9velopp\u00e9es.<\/p>\n\n\n\n<p>Le projet d\u00e9fend les droits des costumi\u00e8r.e.s, couturi\u00e8r.e.s et habilleur.e.s. Ces m\u00e9tiers, souvent invisibilis\u00e9s, sont majoritairement exerc\u00e9s par des femmes. L\u2019objectif principal est: \u00ab\u00catre fort.e.s ensemble.\u00bb<\/p>\n\n\n<div class=\"wp-bootstrap-blocks-row row\">\n\t\n\n<div class=\"col-12 col-md-8\">\n\t\t\t\n\n    <div id=\"text-shadow-box-block_3763376f163a53c57f372861fcec5a8e\" class=\"mod-text-shadow-box\" data-scheme=\"black\">\n\t\t<p><strong>Personnes impliqu\u00e9es<\/strong><\/p>\n<div>\n<p>Marion Schmid, Co-fondatrice et Co-pr\u00e9sidente<br \/>\nNathalie Egea, Co-pr\u00e9sidente<br \/>\nTrina Lobo, Co-fondatrice et Tr\u00e9sori\u00e8re<br \/>\nAnna Pacchiani Cressaty, Responsable de la garderobe<br \/>\nAyelen Gabin, Responsable de la garderobe<br \/>\nGiulia Muniz, Responsable de la communication<br \/>\nCinzia Fossati, Responsable de la communication<br \/>\nValentine Savary, Membre fondatrice<\/p>\n<p><strong>Expertise externe:<br \/>\n<\/strong>Pietro Falce, facilitateur<\/p>\n<p>&nbsp;<\/p>\n<\/div>\n    <\/div>\n\n\t<\/div>\n\n\n\n<div class=\"col-12 col-md-4\">\n\t\t\t\n\n    <div id=\"text-shadow-box-block_0a0595699dbc2012d380863a8f89b091\" class=\"mod-text-shadow-box\" data-scheme=\"yellow\">\n\t\t<p><b>Plus d\u2019informations<\/b><\/p>\n<p><a href=\"https:\/\/costumieres-et-cie.ch\">Webseite<\/a><br \/>\n<a href=\"http:\/\/costumieres.et.cie\">Instagram<\/a><br \/>\n<a href=\"https:\/\/www.facebook.com\/profile.php?id=61557028473647\">Facebook<\/a><\/p>\n<p>Copyright photos: Nico Sp\u00fchler<\/p>\n<p>&nbsp;<\/p>\n<p>&nbsp;<\/p>\n    <\/div>\n\n\t<\/div>\n\n<\/div>\n\n\n\n<p><\/p>\n","protected":false},"featured_media":12762,"template":"","categories":[311],"jahr":[308],"class_list":["post-12759","projects","type-projects","status-publish","has-post-thumbnail","hentry","category-2026-2025-4","jahr-2026-2025"],"acf":[],"yoast_head":"<!-- This site is optimized with the Yoast SEO plugin v27.2 - https:\/\/yoast.com\/product\/yoast-seo-wordpress\/ -->\n<title>Costumi\u00e8res &amp; Cie_De fil en aiguille \u2013 b\u00e2tir une gouvernance durable - M2ACT<\/title>\n<meta name=\"robots\" content=\"index, follow, max-snippet:-1, max-image-preview:large, max-video-preview:-1\" \/>\n<link rel=\"canonical\" href=\"https:\/\/www.m2act.ch\/fr\/projects\/costumieres-cie_de-fil-en-aiguille-batir-une-gouvernance-durable\/\" \/>\n<meta property=\"og:locale\" content=\"fr_FR\" \/>\n<meta property=\"og:type\" content=\"article\" \/>\n<meta property=\"og:title\" content=\"Costumi\u00e8res &amp; Cie_De fil en aiguille \u2013 b\u00e2tir une gouvernance durable - M2ACT\" \/>\n<meta property=\"og:description\" content=\"L\u2019association Costumi\u00e8res &amp; Cie, fond\u00e9e en 2013, met en r\u00e9seau les costumier\u2024\u00e8re\u2024s de Suisse et favorise, gr\u00e2ce \u00e0 des outils de travail, des \u00e9changes et un fonds de costumes, la pr\u00e9servation et le d\u00e9veloppement de cette profession. Dans le cadre du projet, le comit\u00e9 \u00e9largi de l\u2019association, compos\u00e9 de neuf femme.s, sera accompagn\u00e9 dans un [&hellip;]\" \/>\n<meta property=\"og:url\" content=\"https:\/\/www.m2act.ch\/fr\/projects\/costumieres-cie_de-fil-en-aiguille-batir-une-gouvernance-durable\/\" \/>\n<meta property=\"og:site_name\" content=\"M2ACT\" \/>\n<meta property=\"article:modified_time\" content=\"2025-10-06T13:36:54+00:00\" \/>\n<meta property=\"og:image\" content=\"https:\/\/www.m2act.ch\/wp-content\/uploads\/2025\/09\/costumieres-foto-copy.jpg\" \/>\n\t<meta property=\"og:image:width\" content=\"1920\" \/>\n\t<meta property=\"og:image:height\" content=\"1916\" \/>\n\t<meta property=\"og:image:type\" content=\"image\/jpeg\" \/>\n<meta name=\"twitter:card\" content=\"summary_large_image\" \/>\n<meta name=\"twitter:label1\" content=\"Dur\u00e9e de lecture estim\u00e9e\" \/>\n\t<meta name=\"twitter:data1\" content=\"1 minute\" \/>\n<script type=\"application\/ld+json\" class=\"yoast-schema-graph\">{\"@context\":\"https:\/\/schema.org\",\"@graph\":[{\"@type\":\"WebPage\",\"@id\":\"https:\/\/www.m2act.ch\/fr\/projects\/costumieres-cie_de-fil-en-aiguille-batir-une-gouvernance-durable\/\",\"url\":\"https:\/\/www.m2act.ch\/fr\/projects\/costumieres-cie_de-fil-en-aiguille-batir-une-gouvernance-durable\/\",\"name\":\"Costumi\u00e8res &amp; Cie_De fil en aiguille \u2013 b\u00e2tir une gouvernance durable - M2ACT\",\"isPartOf\":{\"@id\":\"https:\/\/www.m2act.ch\/en\/#website\"},\"primaryImageOfPage\":{\"@id\":\"https:\/\/www.m2act.ch\/fr\/projects\/costumieres-cie_de-fil-en-aiguille-batir-une-gouvernance-durable\/#primaryimage\"},\"image\":{\"@id\":\"https:\/\/www.m2act.ch\/fr\/projects\/costumieres-cie_de-fil-en-aiguille-batir-une-gouvernance-durable\/#primaryimage\"},\"thumbnailUrl\":\"https:\/\/www.m2act.ch\/wp-content\/uploads\/2025\/09\/costumieres-foto-copy.jpg\",\"datePublished\":\"2025-09-29T12:15:35+00:00\",\"dateModified\":\"2025-10-06T13:36:54+00:00\",\"breadcrumb\":{\"@id\":\"https:\/\/www.m2act.ch\/fr\/projects\/costumieres-cie_de-fil-en-aiguille-batir-une-gouvernance-durable\/#breadcrumb\"},\"inLanguage\":\"fr-FR\",\"potentialAction\":[{\"@type\":\"ReadAction\",\"target\":[\"https:\/\/www.m2act.ch\/fr\/projects\/costumieres-cie_de-fil-en-aiguille-batir-une-gouvernance-durable\/\"]}]},{\"@type\":\"ImageObject\",\"inLanguage\":\"fr-FR\",\"@id\":\"https:\/\/www.m2act.ch\/fr\/projects\/costumieres-cie_de-fil-en-aiguille-batir-une-gouvernance-durable\/#primaryimage\",\"url\":\"https:\/\/www.m2act.ch\/wp-content\/uploads\/2025\/09\/costumieres-foto-copy.jpg\",\"contentUrl\":\"https:\/\/www.m2act.ch\/wp-content\/uploads\/2025\/09\/costumieres-foto-copy.jpg\",\"width\":1920,\"height\":1916},{\"@type\":\"BreadcrumbList\",\"@id\":\"https:\/\/www.m2act.ch\/fr\/projects\/costumieres-cie_de-fil-en-aiguille-batir-une-gouvernance-durable\/#breadcrumb\",\"itemListElement\":[{\"@type\":\"ListItem\",\"position\":1,\"name\":\"Startseite\",\"item\":\"https:\/\/www.m2act.ch\/fr\/\"},{\"@type\":\"ListItem\",\"position\":2,\"name\":\"Costumi\u00e8res &amp; Cie_De fil en aiguille \u2013 b\u00e2tir une gouvernance durable\"}]},{\"@type\":\"WebSite\",\"@id\":\"https:\/\/www.m2act.ch\/en\/#website\",\"url\":\"https:\/\/www.m2act.ch\/en\/\",\"name\":\"M2ACT\",\"description\":\"Ein Projekt von Migros Kulturprozent\",\"potentialAction\":[{\"@type\":\"SearchAction\",\"target\":{\"@type\":\"EntryPoint\",\"urlTemplate\":\"https:\/\/www.m2act.ch\/en\/?s={search_term_string}\"},\"query-input\":{\"@type\":\"PropertyValueSpecification\",\"valueRequired\":true,\"valueName\":\"search_term_string\"}}],\"inLanguage\":\"fr-FR\"}]}<\/script>\n<!-- \/ Yoast SEO plugin. -->","yoast_head_json":{"title":"Costumi\u00e8res &amp; Cie_De fil en aiguille \u2013 b\u00e2tir une gouvernance durable - M2ACT","robots":{"index":"index","follow":"follow","max-snippet":"max-snippet:-1","max-image-preview":"max-image-preview:large","max-video-preview":"max-video-preview:-1"},"canonical":"https:\/\/www.m2act.ch\/fr\/projects\/costumieres-cie_de-fil-en-aiguille-batir-une-gouvernance-durable\/","og_locale":"fr_FR","og_type":"article","og_title":"Costumi\u00e8res &amp; Cie_De fil en aiguille \u2013 b\u00e2tir une gouvernance durable - M2ACT","og_description":"L\u2019association Costumi\u00e8res &amp; Cie, fond\u00e9e en 2013, met en r\u00e9seau les costumier\u2024\u00e8re\u2024s de Suisse et favorise, gr\u00e2ce \u00e0 des outils de travail, des \u00e9changes et un fonds de costumes, la pr\u00e9servation et le d\u00e9veloppement de cette profession. Dans le cadre du projet, le comit\u00e9 \u00e9largi de l\u2019association, compos\u00e9 de neuf femme.s, sera accompagn\u00e9 dans un [&hellip;]","og_url":"https:\/\/www.m2act.ch\/fr\/projects\/costumieres-cie_de-fil-en-aiguille-batir-une-gouvernance-durable\/","og_site_name":"M2ACT","article_modified_time":"2025-10-06T13:36:54+00:00","og_image":[{"width":1920,"height":1916,"url":"https:\/\/www.m2act.ch\/wp-content\/uploads\/2025\/09\/costumieres-foto-copy.jpg","type":"image\/jpeg"}],"twitter_card":"summary_large_image","twitter_misc":{"Dur\u00e9e de lecture estim\u00e9e":"1 minute"},"schema":{"@context":"https:\/\/schema.org","@graph":[{"@type":"WebPage","@id":"https:\/\/www.m2act.ch\/fr\/projects\/costumieres-cie_de-fil-en-aiguille-batir-une-gouvernance-durable\/","url":"https:\/\/www.m2act.ch\/fr\/projects\/costumieres-cie_de-fil-en-aiguille-batir-une-gouvernance-durable\/","name":"Costumi\u00e8res &amp; Cie_De fil en aiguille \u2013 b\u00e2tir une gouvernance durable - M2ACT","isPartOf":{"@id":"https:\/\/www.m2act.ch\/en\/#website"},"primaryImageOfPage":{"@id":"https:\/\/www.m2act.ch\/fr\/projects\/costumieres-cie_de-fil-en-aiguille-batir-une-gouvernance-durable\/#primaryimage"},"image":{"@id":"https:\/\/www.m2act.ch\/fr\/projects\/costumieres-cie_de-fil-en-aiguille-batir-une-gouvernance-durable\/#primaryimage"},"thumbnailUrl":"https:\/\/www.m2act.ch\/wp-content\/uploads\/2025\/09\/costumieres-foto-copy.jpg","datePublished":"2025-09-29T12:15:35+00:00","dateModified":"2025-10-06T13:36:54+00:00","breadcrumb":{"@id":"https:\/\/www.m2act.ch\/fr\/projects\/costumieres-cie_de-fil-en-aiguille-batir-une-gouvernance-durable\/#breadcrumb"},"inLanguage":"fr-FR","potentialAction":[{"@type":"ReadAction","target":["https:\/\/www.m2act.ch\/fr\/projects\/costumieres-cie_de-fil-en-aiguille-batir-une-gouvernance-durable\/"]}]},{"@type":"ImageObject","inLanguage":"fr-FR","@id":"https:\/\/www.m2act.ch\/fr\/projects\/costumieres-cie_de-fil-en-aiguille-batir-une-gouvernance-durable\/#primaryimage","url":"https:\/\/www.m2act.ch\/wp-content\/uploads\/2025\/09\/costumieres-foto-copy.jpg","contentUrl":"https:\/\/www.m2act.ch\/wp-content\/uploads\/2025\/09\/costumieres-foto-copy.jpg","width":1920,"height":1916},{"@type":"BreadcrumbList","@id":"https:\/\/www.m2act.ch\/fr\/projects\/costumieres-cie_de-fil-en-aiguille-batir-une-gouvernance-durable\/#breadcrumb","itemListElement":[{"@type":"ListItem","position":1,"name":"Startseite","item":"https:\/\/www.m2act.ch\/fr\/"},{"@type":"ListItem","position":2,"name":"Costumi\u00e8res &amp; Cie_De fil en aiguille \u2013 b\u00e2tir une gouvernance durable"}]},{"@type":"WebSite","@id":"https:\/\/www.m2act.ch\/en\/#website","url":"https:\/\/www.m2act.ch\/en\/","name":"M2ACT","description":"Ein Projekt von Migros Kulturprozent","potentialAction":[{"@type":"SearchAction","target":{"@type":"EntryPoint","urlTemplate":"https:\/\/www.m2act.ch\/en\/?s={search_term_string}"},"query-input":{"@type":"PropertyValueSpecification","valueRequired":true,"valueName":"search_term_string"}}],"inLanguage":"fr-FR"}]}},"_links":{"self":[{"href":"https:\/\/www.m2act.ch\/fr\/wp-json\/wp\/v2\/projects\/12759","targetHints":{"allow":["GET"]}}],"collection":[{"href":"https:\/\/www.m2act.ch\/fr\/wp-json\/wp\/v2\/projects"}],"about":[{"href":"https:\/\/www.m2act.ch\/fr\/wp-json\/wp\/v2\/types\/projects"}],"version-history":[{"count":6,"href":"https:\/\/www.m2act.ch\/fr\/wp-json\/wp\/v2\/projects\/12759\/revisions"}],"predecessor-version":[{"id":12885,"href":"https:\/\/www.m2act.ch\/fr\/wp-json\/wp\/v2\/projects\/12759\/revisions\/12885"}],"wp:featuredmedia":[{"embeddable":true,"href":"https:\/\/www.m2act.ch\/fr\/wp-json\/wp\/v2\/media\/12762"}],"wp:attachment":[{"href":"https:\/\/www.m2act.ch\/fr\/wp-json\/wp\/v2\/media?parent=12759"}],"wp:term":[{"taxonomy":"category","embeddable":true,"href":"https:\/\/www.m2act.ch\/fr\/wp-json\/wp\/v2\/categories?post=12759"},{"taxonomy":"jahr","embeddable":true,"href":"https:\/\/www.m2act.ch\/fr\/wp-json\/wp\/v2\/jahr?post=12759"}],"curies":[{"name":"wp","href":"https:\/\/api.w.org\/{rel}","templated":true}]}}