{"id":12719,"date":"2025-09-13T12:25:30","date_gmt":"2025-09-13T10:25:30","guid":{"rendered":"https:\/\/www.m2act.ch\/?post_type=projects&#038;p=12719"},"modified":"2026-04-08T10:17:30","modified_gmt":"2026-04-08T08:17:30","slug":"le-carnet-rose","status":"publish","type":"projects","link":"https:\/\/www.m2act.ch\/fr\/projects\/le-carnet-rose\/","title":{"rendered":"Les Cr\u00e9atives: R\u00e9sidence Le\u00a0Carnet Rose"},"content":{"rendered":"\n<p>\u00abLes Cr\u00e9atives\u00bb a organis\u00e9 (durant l&rsquo;\u00e9t\u00e9 2025) une r\u00e9sidence de deux jours sur l&rsquo;avenir du Rosa Heft. Cette r\u00e9sidence implique la co-direction du Festival \u00abLes Cr\u00e9atives\u00bb, quatre personnes ayant particip\u00e9 \u00e0 la r\u00e9daction, \u00e0 la diffusion et du Carnet Rose, ainsi qu\u2019un.e facilitateur.rice. Le&nbsp;Carnet Rose<strong>&nbsp;<\/strong>est une publication parue en 2021, qui rassemble des t\u00e9moignages, des ressources juridiques et des outils imagin\u00e9s par et pour les artistes et les institutions. Son objectif est de lutter contre les in\u00e9galit\u00e9s de genre de mani\u00e8re pratique et quotidienne. Les th\u00e9matiques principales du Carnet Rose sont les suivantes:<\/p>\n\n\n\n    <div id=\"text-shadow-box-block_1b3355a5607c7fcec2fd5eda462938f9\" class=\"mod-text-shadow-box\" data-scheme=\"black\">\n\t\t<ul>\n<li>\u00c9galit\u00e9 et diversit\u00e9\u00a0dans les programmes et les \u00e9quipes,<\/li>\n<li>Conciliation vie priv\u00e9e \u2013 vie professionnelle,<\/li>\n<li>\u00c9galit\u00e9 salariale,<\/li>\n<li>Harc\u00e8lement sexuel.<\/li>\n<\/ul>\n    <\/div>\n\n\n\n<p>Bien que le Carnet Rose soit une ressource essentielle, il ne b\u00e9n\u00e9ficie actuellement pas de la dynamique n\u00e9cessaire pour atteindre son plein potentiel. En 2025, la co-direction du Festival \u00abLes Cr\u00e9atives\u00bb a d\u00e9cid\u00e9 d\u2019entamer un processus de r\u00e9flexion autour du d\u00e9veloppement du Carnet Rose. Les&nbsp;objectifs de la r\u00e9sidence&nbsp;sont d\u00e9finis comme suit:<\/p>\n\n\n\n    <div id=\"text-shadow-box-block_906cf6af436b746503790e55682ce8f1\" class=\"mod-text-shadow-box\" data-scheme=\"black\">\n\t\t<ul>\n<li>R\u00e9aliser un \u00e9tat des lieux des th\u00e9matiques du Carnet Rose, questionner leur actualit\u00e9 et leur pertinence \u00e0 \u00eatre port\u00e9es par le Festival Les Cr\u00e9atives,<\/li>\n<li>Recueillir les besoins des diff\u00e9rentes parties prenantes et personnes ressources (pendant la r\u00e9sidence ou en amont),<\/li>\n<li>Choisir les th\u00e9matiques \u00e0 conserver et trouver des solutions concr\u00e8tes pour faire vivre le Carnet Rose (publication, diffusion, sensibilisation via des ateliers, etc.),<\/li>\n<li>D\u00e9velopper et concr\u00e9tiser les solutions choisies afin d\u2019accompagner les structures dans la mise en \u0153uvre des recommandations du Carnet Rose de mani\u00e8re tangible et efficace.<\/li>\n<\/ul>\n    <\/div>\n\n\n\n<p><\/p>\n\n\n\n<p><\/p>\n\n\n\n<div id=\"testimonial-block_5b205a5924e7888d0a8cce4699f27086\" class=\"mod-stoerer-button\">\n    <a href=\"https:\/\/www.m2act.ch\/wp-content\/uploads\/2025\/11\/CARNET-ROSE-DIGITAL_FR.pdf\" target=\"_blank\" class=\"inner\">\n        <span class=\"title\">\n            T\u00e9l\u00e9chargement le Carnet rose        <\/span>\n        <span class=\"more\">\n                        <\/span>\n    <\/a>\n<\/div>\n\n<div class=\"wp-bootstrap-blocks-row row\">\n\t\n\n<div class=\"col-12 col-md-8\">\n\t\t\t\n\n    <div id=\"text-shadow-box-block_f8efc4a47b7ffafc0f4221b073e1df40\" class=\"mod-text-shadow-box\" data-scheme=\"white\">\n\t\t<p><strong>Personnes impliqu\u00e9es<\/strong><\/p>\n<div>\n<div data-olk-copy-source=\"MessageBody\">Ermela Haile, co-directrice et programmatrice du Festival Les Cr\u00e9atives<\/div>\n<div>Nevena Puljic, co-directrice et programmatrice du Festival Les Cr\u00e9atives<\/div>\n<div>No\u00ebmi Grutter, co-autrice du Carnet rose, directrice du programme des droits des femmes (Amnesty International)<\/div>\n<div>Sidonie Atg\u00e9-Delbays, co-autrice du Carnet rose, charg\u00e9e de projet (Centre Hubertine Auclert)<\/div>\n<div>Lucrezia Perrig, co-autrice du Carnet rose, doctorante en \u00c9tudes genre (Universit\u00e9 de Lausanne)<\/div>\n<div>Roxane Gray, coordinatrice th\u00e9matique du Festival Les Cr\u00e9atives, chercheuse FNS junior en Section d\u2019histoire et esth\u00e9tique du Cin\u00e9ma (Universit\u00e9 de Lausanne)<\/div>\n<\/div>\n    <\/div>\n\n\t<\/div>\n\n\n\n<div class=\"col-12 col-md-4\">\n\t\t\t\n\n    <div id=\"text-shadow-box-block_3909ccd69da1169eda46a2e2cc319dc7\" class=\"mod-text-shadow-box\" data-scheme=\"black\">\n\t\t<p><b>Plus d\u2019informations<\/b><\/p>\n<p><a href=\"http:\/\/www.lescreatives.ch\">Site web<\/a><br \/>\n<a href=\"http:\/\/www.instagram.com\/festivallescreatives\">Instagram<\/a><br \/>\n<a href=\"http:\/\/www.facebook.com\/festivallescreatives\">Facebook<\/a><br \/>\n<a href=\"http:\/\/www.linkedin.com\/company\/festival-les-cr\u00e9atives\">LinkedIN<\/a><\/p>\n<p>&nbsp;<\/p>\n<p>&nbsp;<\/p>\n    <\/div>\n\n\t<\/div>\n\n<\/div>\n\n\n\n<p><\/p>\n","protected":false},"featured_media":12720,"template":"","categories":[311],"jahr":[425],"class_list":["post-12719","projects","type-projects","status-publish","has-post-thumbnail","hentry","category-2026-2025-4","jahr-2025-2026"],"acf":[],"yoast_head":"<!-- This site is optimized with the Yoast SEO plugin v27.2 - https:\/\/yoast.com\/product\/yoast-seo-wordpress\/ -->\n<title>Les Cr\u00e9atives: R\u00e9sidence Le\u00a0Carnet Rose - M2ACT<\/title>\n<meta name=\"robots\" content=\"index, follow, max-snippet:-1, max-image-preview:large, max-video-preview:-1\" \/>\n<link rel=\"canonical\" href=\"https:\/\/www.m2act.ch\/fr\/projects\/le-carnet-rose\/\" \/>\n<meta property=\"og:locale\" content=\"fr_FR\" \/>\n<meta property=\"og:type\" content=\"article\" \/>\n<meta property=\"og:title\" content=\"Les Cr\u00e9atives: R\u00e9sidence Le\u00a0Carnet Rose - M2ACT\" \/>\n<meta property=\"og:description\" content=\"\u00abLes Cr\u00e9atives\u00bb a organis\u00e9 (durant l&rsquo;\u00e9t\u00e9 2025) une r\u00e9sidence de deux jours sur l&rsquo;avenir du Rosa Heft. Cette r\u00e9sidence implique la co-direction du Festival \u00abLes Cr\u00e9atives\u00bb, quatre personnes ayant particip\u00e9 \u00e0 la r\u00e9daction, \u00e0 la diffusion et du Carnet Rose, ainsi qu\u2019un.e facilitateur.rice. Le&nbsp;Carnet Rose&nbsp;est une publication parue en 2021, qui rassemble des t\u00e9moignages, des [&hellip;]\" \/>\n<meta property=\"og:url\" content=\"https:\/\/www.m2act.ch\/fr\/projects\/le-carnet-rose\/\" \/>\n<meta property=\"og:site_name\" content=\"M2ACT\" \/>\n<meta property=\"article:modified_time\" content=\"2026-04-08T08:17:30+00:00\" \/>\n<meta property=\"og:image\" content=\"https:\/\/www.m2act.ch\/wp-content\/uploads\/2025\/09\/20210927_171529-1.jpg\" \/>\n\t<meta property=\"og:image:width\" content=\"1908\" \/>\n\t<meta property=\"og:image:height\" content=\"1909\" \/>\n\t<meta property=\"og:image:type\" content=\"image\/jpeg\" \/>\n<meta name=\"twitter:card\" content=\"summary_large_image\" \/>\n<meta name=\"twitter:label1\" content=\"Dur\u00e9e de lecture estim\u00e9e\" \/>\n\t<meta name=\"twitter:data1\" content=\"2 minutes\" \/>\n<script type=\"application\/ld+json\" class=\"yoast-schema-graph\">{\"@context\":\"https:\/\/schema.org\",\"@graph\":[{\"@type\":\"WebPage\",\"@id\":\"https:\/\/www.m2act.ch\/fr\/projects\/le-carnet-rose\/\",\"url\":\"https:\/\/www.m2act.ch\/fr\/projects\/le-carnet-rose\/\",\"name\":\"Les Cr\u00e9atives: R\u00e9sidence Le\u00a0Carnet Rose - M2ACT\",\"isPartOf\":{\"@id\":\"https:\/\/www.m2act.ch\/en\/#website\"},\"primaryImageOfPage\":{\"@id\":\"https:\/\/www.m2act.ch\/fr\/projects\/le-carnet-rose\/#primaryimage\"},\"image\":{\"@id\":\"https:\/\/www.m2act.ch\/fr\/projects\/le-carnet-rose\/#primaryimage\"},\"thumbnailUrl\":\"https:\/\/www.m2act.ch\/wp-content\/uploads\/2025\/09\/20210927_171529-1.jpg\",\"datePublished\":\"2025-09-13T10:25:30+00:00\",\"dateModified\":\"2026-04-08T08:17:30+00:00\",\"breadcrumb\":{\"@id\":\"https:\/\/www.m2act.ch\/fr\/projects\/le-carnet-rose\/#breadcrumb\"},\"inLanguage\":\"fr-FR\",\"potentialAction\":[{\"@type\":\"ReadAction\",\"target\":[\"https:\/\/www.m2act.ch\/fr\/projects\/le-carnet-rose\/\"]}]},{\"@type\":\"ImageObject\",\"inLanguage\":\"fr-FR\",\"@id\":\"https:\/\/www.m2act.ch\/fr\/projects\/le-carnet-rose\/#primaryimage\",\"url\":\"https:\/\/www.m2act.ch\/wp-content\/uploads\/2025\/09\/20210927_171529-1.jpg\",\"contentUrl\":\"https:\/\/www.m2act.ch\/wp-content\/uploads\/2025\/09\/20210927_171529-1.jpg\",\"width\":1908,\"height\":1909},{\"@type\":\"BreadcrumbList\",\"@id\":\"https:\/\/www.m2act.ch\/fr\/projects\/le-carnet-rose\/#breadcrumb\",\"itemListElement\":[{\"@type\":\"ListItem\",\"position\":1,\"name\":\"Startseite\",\"item\":\"https:\/\/www.m2act.ch\/fr\/\"},{\"@type\":\"ListItem\",\"position\":2,\"name\":\"Les Cr\u00e9atives: R\u00e9sidence Le\u00a0Carnet Rose\"}]},{\"@type\":\"WebSite\",\"@id\":\"https:\/\/www.m2act.ch\/en\/#website\",\"url\":\"https:\/\/www.m2act.ch\/en\/\",\"name\":\"M2ACT\",\"description\":\"Ein Projekt von Migros Kulturprozent\",\"potentialAction\":[{\"@type\":\"SearchAction\",\"target\":{\"@type\":\"EntryPoint\",\"urlTemplate\":\"https:\/\/www.m2act.ch\/en\/?s={search_term_string}\"},\"query-input\":{\"@type\":\"PropertyValueSpecification\",\"valueRequired\":true,\"valueName\":\"search_term_string\"}}],\"inLanguage\":\"fr-FR\"}]}<\/script>\n<!-- \/ Yoast SEO plugin. -->","yoast_head_json":{"title":"Les Cr\u00e9atives: R\u00e9sidence Le\u00a0Carnet Rose - M2ACT","robots":{"index":"index","follow":"follow","max-snippet":"max-snippet:-1","max-image-preview":"max-image-preview:large","max-video-preview":"max-video-preview:-1"},"canonical":"https:\/\/www.m2act.ch\/fr\/projects\/le-carnet-rose\/","og_locale":"fr_FR","og_type":"article","og_title":"Les Cr\u00e9atives: R\u00e9sidence Le\u00a0Carnet Rose - M2ACT","og_description":"\u00abLes Cr\u00e9atives\u00bb a organis\u00e9 (durant l&rsquo;\u00e9t\u00e9 2025) une r\u00e9sidence de deux jours sur l&rsquo;avenir du Rosa Heft. Cette r\u00e9sidence implique la co-direction du Festival \u00abLes Cr\u00e9atives\u00bb, quatre personnes ayant particip\u00e9 \u00e0 la r\u00e9daction, \u00e0 la diffusion et du Carnet Rose, ainsi qu\u2019un.e facilitateur.rice. Le&nbsp;Carnet Rose&nbsp;est une publication parue en 2021, qui rassemble des t\u00e9moignages, des [&hellip;]","og_url":"https:\/\/www.m2act.ch\/fr\/projects\/le-carnet-rose\/","og_site_name":"M2ACT","article_modified_time":"2026-04-08T08:17:30+00:00","og_image":[{"width":1908,"height":1909,"url":"https:\/\/www.m2act.ch\/wp-content\/uploads\/2025\/09\/20210927_171529-1.jpg","type":"image\/jpeg"}],"twitter_card":"summary_large_image","twitter_misc":{"Dur\u00e9e de lecture estim\u00e9e":"2 minutes"},"schema":{"@context":"https:\/\/schema.org","@graph":[{"@type":"WebPage","@id":"https:\/\/www.m2act.ch\/fr\/projects\/le-carnet-rose\/","url":"https:\/\/www.m2act.ch\/fr\/projects\/le-carnet-rose\/","name":"Les Cr\u00e9atives: R\u00e9sidence Le\u00a0Carnet Rose - M2ACT","isPartOf":{"@id":"https:\/\/www.m2act.ch\/en\/#website"},"primaryImageOfPage":{"@id":"https:\/\/www.m2act.ch\/fr\/projects\/le-carnet-rose\/#primaryimage"},"image":{"@id":"https:\/\/www.m2act.ch\/fr\/projects\/le-carnet-rose\/#primaryimage"},"thumbnailUrl":"https:\/\/www.m2act.ch\/wp-content\/uploads\/2025\/09\/20210927_171529-1.jpg","datePublished":"2025-09-13T10:25:30+00:00","dateModified":"2026-04-08T08:17:30+00:00","breadcrumb":{"@id":"https:\/\/www.m2act.ch\/fr\/projects\/le-carnet-rose\/#breadcrumb"},"inLanguage":"fr-FR","potentialAction":[{"@type":"ReadAction","target":["https:\/\/www.m2act.ch\/fr\/projects\/le-carnet-rose\/"]}]},{"@type":"ImageObject","inLanguage":"fr-FR","@id":"https:\/\/www.m2act.ch\/fr\/projects\/le-carnet-rose\/#primaryimage","url":"https:\/\/www.m2act.ch\/wp-content\/uploads\/2025\/09\/20210927_171529-1.jpg","contentUrl":"https:\/\/www.m2act.ch\/wp-content\/uploads\/2025\/09\/20210927_171529-1.jpg","width":1908,"height":1909},{"@type":"BreadcrumbList","@id":"https:\/\/www.m2act.ch\/fr\/projects\/le-carnet-rose\/#breadcrumb","itemListElement":[{"@type":"ListItem","position":1,"name":"Startseite","item":"https:\/\/www.m2act.ch\/fr\/"},{"@type":"ListItem","position":2,"name":"Les Cr\u00e9atives: R\u00e9sidence Le\u00a0Carnet Rose"}]},{"@type":"WebSite","@id":"https:\/\/www.m2act.ch\/en\/#website","url":"https:\/\/www.m2act.ch\/en\/","name":"M2ACT","description":"Ein Projekt von Migros Kulturprozent","potentialAction":[{"@type":"SearchAction","target":{"@type":"EntryPoint","urlTemplate":"https:\/\/www.m2act.ch\/en\/?s={search_term_string}"},"query-input":{"@type":"PropertyValueSpecification","valueRequired":true,"valueName":"search_term_string"}}],"inLanguage":"fr-FR"}]}},"_links":{"self":[{"href":"https:\/\/www.m2act.ch\/fr\/wp-json\/wp\/v2\/projects\/12719","targetHints":{"allow":["GET"]}}],"collection":[{"href":"https:\/\/www.m2act.ch\/fr\/wp-json\/wp\/v2\/projects"}],"about":[{"href":"https:\/\/www.m2act.ch\/fr\/wp-json\/wp\/v2\/types\/projects"}],"version-history":[{"count":14,"href":"https:\/\/www.m2act.ch\/fr\/wp-json\/wp\/v2\/projects\/12719\/revisions"}],"predecessor-version":[{"id":14240,"href":"https:\/\/www.m2act.ch\/fr\/wp-json\/wp\/v2\/projects\/12719\/revisions\/14240"}],"wp:featuredmedia":[{"embeddable":true,"href":"https:\/\/www.m2act.ch\/fr\/wp-json\/wp\/v2\/media\/12720"}],"wp:attachment":[{"href":"https:\/\/www.m2act.ch\/fr\/wp-json\/wp\/v2\/media?parent=12719"}],"wp:term":[{"taxonomy":"category","embeddable":true,"href":"https:\/\/www.m2act.ch\/fr\/wp-json\/wp\/v2\/categories?post=12719"},{"taxonomy":"jahr","embeddable":true,"href":"https:\/\/www.m2act.ch\/fr\/wp-json\/wp\/v2\/jahr?post=12719"}],"curies":[{"name":"wp","href":"https:\/\/api.w.org\/{rel}","templated":true}]}}