{"id":12674,"date":"2025-09-29T13:02:52","date_gmt":"2025-09-29T11:02:52","guid":{"rendered":"https:\/\/www.m2act.ch\/?post_type=projects&#038;p=12674"},"modified":"2025-10-03T14:00:33","modified_gmt":"2025-10-03T12:00:33","slug":"belluard-bollwerk-ligne-directrice-relative-a-une-collaboration-critique-envers-le-pouvoir-et-a-un-engagement-volontaire-intersectionnel","status":"publish","type":"projects","link":"https:\/\/www.m2act.ch\/fr\/projects\/belluard-bollwerk-ligne-directrice-relative-a-une-collaboration-critique-envers-le-pouvoir-et-a-un-engagement-volontaire-intersectionnel\/","title":{"rendered":"Belluard Bollwerk: Ligne directrice relative \u00e0 une collaboration critique envers le pouvoir et \u00e0 un engagement volontaire intersectionnel"},"content":{"rendered":"\n<p>Le Belluard Bollwerk aspire \u00e0 \u00e9tablir des pratiques de travail plus conscientes et durables sur le long terme. \u00c0 travers des \u00e9changes avec d&rsquo;autres, l&rsquo;\u00e9quipe invite \u00e0 un processus d&rsquo;apprentissage collectif pour aborder les changements de mani\u00e8re active et collaborative.<\/p>\n\n\n\n<p>Dans une phase de renouveau et avec une \u00e9quipe r\u00e9organis\u00e9e, le Belluard Bollwerk saisit l&rsquo;opportunit\u00e9 de cr\u00e9er un espace de r\u00e9flexion. Pendant une ann\u00e9e, l&rsquo;\u00e9quipe travaille \u00e0 travers des ateliers, des s\u00e9ances de coaching et des \u00e9changes avec d&rsquo;autres organisations pour examiner de mani\u00e8re critique les structures de pouvoir et les discriminations sous une perspective intersectionnelle. L&rsquo;objectif est de d\u00e9velopper et de mettre en \u0153uvre une ligne directrice contraignante. Ce faisant, l&rsquo;\u00e9quipe souhaite identifier et \u00e9liminer les barri\u00e8res et les discriminations aux niveaux individuel, institutionnel et structurel, ainsi que leurs intersections.<\/p>\n\n\n\n<p class=\"has-text-align-left\">Des mesures concr\u00e8tes doivent par ailleurs \u00eatre mises en \u0153uvre pour r\u00e9duire ces derni\u00e8res. Un cadre de r\u00e9f\u00e9rence commun sera cr\u00e9\u00e9 pour traiter des questions d\u2019accueil et d\u2019accessibilit\u00e9 (aussi bien pour l\u2019\u00e9quipe que pour les artistes et le public). Ce travail, qui pose un regard critique sur le pouvoir, sert de base au festival pour cr\u00e9er, 10 jours durant, un espace o\u00f9 d\u2019autres formes de \u00abnous\u00bb peuvent \u00eatre imagin\u00e9es et v\u00e9cues.<\/p>\n\n\n\n<p><\/p>\n\n\n<div class=\"wp-bootstrap-blocks-row row\">\n\t\n\n<div class=\"col-12 col-md-8\">\n\t\t\t\n\n    <div id=\"text-shadow-box-block_83b69af4bf821292e7fb00729ea20184\" class=\"mod-text-shadow-box\" data-scheme=\"black\">\n\t\t<p><strong>Personnes impliqu\u00e9es<\/strong><\/p>\n<div>\n<p>L\u2019\u00e9quipe du Festival Belluard Bollwerk<br \/>\nNayansaku Mufwankolo<br \/>\nTeresa Maranzano<\/p>\n<p>&nbsp;<\/p>\n<\/div>\n    <\/div>\n\n\t<\/div>\n\n\n\n<div class=\"col-12 col-md-4\">\n\t\t\t\n\n    <div id=\"text-shadow-box-block_158fda68f1ce0c15e40f36cf877b3ce4\" class=\"mod-text-shadow-box\" data-scheme=\"yellow\">\n\t\t<p><b>Plus d\u2019informations<\/b><\/p>\n<p><a href=\"https:\/\/belluard.ch\/fr\">Site web<\/a><br \/>\n<a href=\"https:\/\/www.instagram.com\/belluardbollwerk\/?hl=en\">Instagram<\/a><br \/>\n<a href=\"https:\/\/www.facebook.com\/belluard\/?locale=de_DE\">Facebook<\/a><\/p>\n<p>&nbsp;<\/p>\n<p>&nbsp;<\/p>\n    <\/div>\n\n\t<\/div>\n\n<\/div>\n\n\n\n<p><\/p>\n","protected":false},"featured_media":12835,"template":"","categories":[311],"jahr":[308],"class_list":["post-12674","projects","type-projects","status-publish","has-post-thumbnail","hentry","category-2026-2025-4","jahr-2026-2025"],"acf":[],"yoast_head":"<!-- This site is optimized with the Yoast SEO plugin v27.2 - https:\/\/yoast.com\/product\/yoast-seo-wordpress\/ -->\n<title>Belluard Bollwerk: Ligne directrice relative \u00e0 une collaboration critique envers le pouvoir et \u00e0 un engagement volontaire intersectionnel - M2ACT<\/title>\n<meta name=\"robots\" content=\"index, follow, max-snippet:-1, max-image-preview:large, max-video-preview:-1\" \/>\n<link rel=\"canonical\" href=\"https:\/\/www.m2act.ch\/fr\/projects\/belluard-bollwerk-ligne-directrice-relative-a-une-collaboration-critique-envers-le-pouvoir-et-a-un-engagement-volontaire-intersectionnel\/\" \/>\n<meta property=\"og:locale\" content=\"fr_FR\" \/>\n<meta property=\"og:type\" content=\"article\" \/>\n<meta property=\"og:title\" content=\"Belluard Bollwerk: Ligne directrice relative \u00e0 une collaboration critique envers le pouvoir et \u00e0 un engagement volontaire intersectionnel - M2ACT\" \/>\n<meta property=\"og:description\" content=\"Le Belluard Bollwerk aspire \u00e0 \u00e9tablir des pratiques de travail plus conscientes et durables sur le long terme. \u00c0 travers des \u00e9changes avec d&rsquo;autres, l&rsquo;\u00e9quipe invite \u00e0 un processus d&rsquo;apprentissage collectif pour aborder les changements de mani\u00e8re active et collaborative. Dans une phase de renouveau et avec une \u00e9quipe r\u00e9organis\u00e9e, le Belluard Bollwerk saisit l&rsquo;opportunit\u00e9 [&hellip;]\" \/>\n<meta property=\"og:url\" content=\"https:\/\/www.m2act.ch\/fr\/projects\/belluard-bollwerk-ligne-directrice-relative-a-une-collaboration-critique-envers-le-pouvoir-et-a-un-engagement-volontaire-intersectionnel\/\" \/>\n<meta property=\"og:site_name\" content=\"M2ACT\" \/>\n<meta property=\"article:modified_time\" content=\"2025-10-03T12:00:33+00:00\" \/>\n<meta property=\"og:image\" content=\"https:\/\/www.m2act.ch\/wp-content\/uploads\/2025\/08\/Buchstaben-1.png\" \/>\n\t<meta property=\"og:image:width\" content=\"400\" \/>\n\t<meta property=\"og:image:height\" content=\"400\" \/>\n\t<meta property=\"og:image:type\" content=\"image\/png\" \/>\n<meta name=\"twitter:card\" content=\"summary_large_image\" \/>\n<meta name=\"twitter:label1\" content=\"Dur\u00e9e de lecture estim\u00e9e\" \/>\n\t<meta name=\"twitter:data1\" content=\"2 minutes\" \/>\n<script type=\"application\/ld+json\" class=\"yoast-schema-graph\">{\"@context\":\"https:\/\/schema.org\",\"@graph\":[{\"@type\":\"WebPage\",\"@id\":\"https:\/\/www.m2act.ch\/fr\/projects\/belluard-bollwerk-ligne-directrice-relative-a-une-collaboration-critique-envers-le-pouvoir-et-a-un-engagement-volontaire-intersectionnel\/\",\"url\":\"https:\/\/www.m2act.ch\/fr\/projects\/belluard-bollwerk-ligne-directrice-relative-a-une-collaboration-critique-envers-le-pouvoir-et-a-un-engagement-volontaire-intersectionnel\/\",\"name\":\"Belluard Bollwerk: Ligne directrice relative \u00e0 une collaboration critique envers le pouvoir et \u00e0 un engagement volontaire intersectionnel - M2ACT\",\"isPartOf\":{\"@id\":\"https:\/\/www.m2act.ch\/en\/#website\"},\"primaryImageOfPage\":{\"@id\":\"https:\/\/www.m2act.ch\/fr\/projects\/belluard-bollwerk-ligne-directrice-relative-a-une-collaboration-critique-envers-le-pouvoir-et-a-un-engagement-volontaire-intersectionnel\/#primaryimage\"},\"image\":{\"@id\":\"https:\/\/www.m2act.ch\/fr\/projects\/belluard-bollwerk-ligne-directrice-relative-a-une-collaboration-critique-envers-le-pouvoir-et-a-un-engagement-volontaire-intersectionnel\/#primaryimage\"},\"thumbnailUrl\":\"https:\/\/www.m2act.ch\/wp-content\/uploads\/2025\/08\/Buchstaben-1.png\",\"datePublished\":\"2025-09-29T11:02:52+00:00\",\"dateModified\":\"2025-10-03T12:00:33+00:00\",\"breadcrumb\":{\"@id\":\"https:\/\/www.m2act.ch\/fr\/projects\/belluard-bollwerk-ligne-directrice-relative-a-une-collaboration-critique-envers-le-pouvoir-et-a-un-engagement-volontaire-intersectionnel\/#breadcrumb\"},\"inLanguage\":\"fr-FR\",\"potentialAction\":[{\"@type\":\"ReadAction\",\"target\":[\"https:\/\/www.m2act.ch\/fr\/projects\/belluard-bollwerk-ligne-directrice-relative-a-une-collaboration-critique-envers-le-pouvoir-et-a-un-engagement-volontaire-intersectionnel\/\"]}]},{\"@type\":\"ImageObject\",\"inLanguage\":\"fr-FR\",\"@id\":\"https:\/\/www.m2act.ch\/fr\/projects\/belluard-bollwerk-ligne-directrice-relative-a-une-collaboration-critique-envers-le-pouvoir-et-a-un-engagement-volontaire-intersectionnel\/#primaryimage\",\"url\":\"https:\/\/www.m2act.ch\/wp-content\/uploads\/2025\/08\/Buchstaben-1.png\",\"contentUrl\":\"https:\/\/www.m2act.ch\/wp-content\/uploads\/2025\/08\/Buchstaben-1.png\",\"width\":400,\"height\":400},{\"@type\":\"BreadcrumbList\",\"@id\":\"https:\/\/www.m2act.ch\/fr\/projects\/belluard-bollwerk-ligne-directrice-relative-a-une-collaboration-critique-envers-le-pouvoir-et-a-un-engagement-volontaire-intersectionnel\/#breadcrumb\",\"itemListElement\":[{\"@type\":\"ListItem\",\"position\":1,\"name\":\"Startseite\",\"item\":\"https:\/\/www.m2act.ch\/fr\/\"},{\"@type\":\"ListItem\",\"position\":2,\"name\":\"Belluard Bollwerk: Ligne directrice relative \u00e0 une collaboration critique envers le pouvoir et \u00e0 un engagement volontaire intersectionnel\"}]},{\"@type\":\"WebSite\",\"@id\":\"https:\/\/www.m2act.ch\/en\/#website\",\"url\":\"https:\/\/www.m2act.ch\/en\/\",\"name\":\"M2ACT\",\"description\":\"Ein Projekt von Migros Kulturprozent\",\"potentialAction\":[{\"@type\":\"SearchAction\",\"target\":{\"@type\":\"EntryPoint\",\"urlTemplate\":\"https:\/\/www.m2act.ch\/en\/?s={search_term_string}\"},\"query-input\":{\"@type\":\"PropertyValueSpecification\",\"valueRequired\":true,\"valueName\":\"search_term_string\"}}],\"inLanguage\":\"fr-FR\"}]}<\/script>\n<!-- \/ Yoast SEO plugin. -->","yoast_head_json":{"title":"Belluard Bollwerk: Ligne directrice relative \u00e0 une collaboration critique envers le pouvoir et \u00e0 un engagement volontaire intersectionnel - M2ACT","robots":{"index":"index","follow":"follow","max-snippet":"max-snippet:-1","max-image-preview":"max-image-preview:large","max-video-preview":"max-video-preview:-1"},"canonical":"https:\/\/www.m2act.ch\/fr\/projects\/belluard-bollwerk-ligne-directrice-relative-a-une-collaboration-critique-envers-le-pouvoir-et-a-un-engagement-volontaire-intersectionnel\/","og_locale":"fr_FR","og_type":"article","og_title":"Belluard Bollwerk: Ligne directrice relative \u00e0 une collaboration critique envers le pouvoir et \u00e0 un engagement volontaire intersectionnel - M2ACT","og_description":"Le Belluard Bollwerk aspire \u00e0 \u00e9tablir des pratiques de travail plus conscientes et durables sur le long terme. \u00c0 travers des \u00e9changes avec d&rsquo;autres, l&rsquo;\u00e9quipe invite \u00e0 un processus d&rsquo;apprentissage collectif pour aborder les changements de mani\u00e8re active et collaborative. Dans une phase de renouveau et avec une \u00e9quipe r\u00e9organis\u00e9e, le Belluard Bollwerk saisit l&rsquo;opportunit\u00e9 [&hellip;]","og_url":"https:\/\/www.m2act.ch\/fr\/projects\/belluard-bollwerk-ligne-directrice-relative-a-une-collaboration-critique-envers-le-pouvoir-et-a-un-engagement-volontaire-intersectionnel\/","og_site_name":"M2ACT","article_modified_time":"2025-10-03T12:00:33+00:00","og_image":[{"width":400,"height":400,"url":"https:\/\/www.m2act.ch\/wp-content\/uploads\/2025\/08\/Buchstaben-1.png","type":"image\/png"}],"twitter_card":"summary_large_image","twitter_misc":{"Dur\u00e9e de lecture estim\u00e9e":"2 minutes"},"schema":{"@context":"https:\/\/schema.org","@graph":[{"@type":"WebPage","@id":"https:\/\/www.m2act.ch\/fr\/projects\/belluard-bollwerk-ligne-directrice-relative-a-une-collaboration-critique-envers-le-pouvoir-et-a-un-engagement-volontaire-intersectionnel\/","url":"https:\/\/www.m2act.ch\/fr\/projects\/belluard-bollwerk-ligne-directrice-relative-a-une-collaboration-critique-envers-le-pouvoir-et-a-un-engagement-volontaire-intersectionnel\/","name":"Belluard Bollwerk: Ligne directrice relative \u00e0 une collaboration critique envers le pouvoir et \u00e0 un engagement volontaire intersectionnel - M2ACT","isPartOf":{"@id":"https:\/\/www.m2act.ch\/en\/#website"},"primaryImageOfPage":{"@id":"https:\/\/www.m2act.ch\/fr\/projects\/belluard-bollwerk-ligne-directrice-relative-a-une-collaboration-critique-envers-le-pouvoir-et-a-un-engagement-volontaire-intersectionnel\/#primaryimage"},"image":{"@id":"https:\/\/www.m2act.ch\/fr\/projects\/belluard-bollwerk-ligne-directrice-relative-a-une-collaboration-critique-envers-le-pouvoir-et-a-un-engagement-volontaire-intersectionnel\/#primaryimage"},"thumbnailUrl":"https:\/\/www.m2act.ch\/wp-content\/uploads\/2025\/08\/Buchstaben-1.png","datePublished":"2025-09-29T11:02:52+00:00","dateModified":"2025-10-03T12:00:33+00:00","breadcrumb":{"@id":"https:\/\/www.m2act.ch\/fr\/projects\/belluard-bollwerk-ligne-directrice-relative-a-une-collaboration-critique-envers-le-pouvoir-et-a-un-engagement-volontaire-intersectionnel\/#breadcrumb"},"inLanguage":"fr-FR","potentialAction":[{"@type":"ReadAction","target":["https:\/\/www.m2act.ch\/fr\/projects\/belluard-bollwerk-ligne-directrice-relative-a-une-collaboration-critique-envers-le-pouvoir-et-a-un-engagement-volontaire-intersectionnel\/"]}]},{"@type":"ImageObject","inLanguage":"fr-FR","@id":"https:\/\/www.m2act.ch\/fr\/projects\/belluard-bollwerk-ligne-directrice-relative-a-une-collaboration-critique-envers-le-pouvoir-et-a-un-engagement-volontaire-intersectionnel\/#primaryimage","url":"https:\/\/www.m2act.ch\/wp-content\/uploads\/2025\/08\/Buchstaben-1.png","contentUrl":"https:\/\/www.m2act.ch\/wp-content\/uploads\/2025\/08\/Buchstaben-1.png","width":400,"height":400},{"@type":"BreadcrumbList","@id":"https:\/\/www.m2act.ch\/fr\/projects\/belluard-bollwerk-ligne-directrice-relative-a-une-collaboration-critique-envers-le-pouvoir-et-a-un-engagement-volontaire-intersectionnel\/#breadcrumb","itemListElement":[{"@type":"ListItem","position":1,"name":"Startseite","item":"https:\/\/www.m2act.ch\/fr\/"},{"@type":"ListItem","position":2,"name":"Belluard Bollwerk: Ligne directrice relative \u00e0 une collaboration critique envers le pouvoir et \u00e0 un engagement volontaire intersectionnel"}]},{"@type":"WebSite","@id":"https:\/\/www.m2act.ch\/en\/#website","url":"https:\/\/www.m2act.ch\/en\/","name":"M2ACT","description":"Ein Projekt von Migros Kulturprozent","potentialAction":[{"@type":"SearchAction","target":{"@type":"EntryPoint","urlTemplate":"https:\/\/www.m2act.ch\/en\/?s={search_term_string}"},"query-input":{"@type":"PropertyValueSpecification","valueRequired":true,"valueName":"search_term_string"}}],"inLanguage":"fr-FR"}]}},"_links":{"self":[{"href":"https:\/\/www.m2act.ch\/fr\/wp-json\/wp\/v2\/projects\/12674","targetHints":{"allow":["GET"]}}],"collection":[{"href":"https:\/\/www.m2act.ch\/fr\/wp-json\/wp\/v2\/projects"}],"about":[{"href":"https:\/\/www.m2act.ch\/fr\/wp-json\/wp\/v2\/types\/projects"}],"version-history":[{"count":8,"href":"https:\/\/www.m2act.ch\/fr\/wp-json\/wp\/v2\/projects\/12674\/revisions"}],"predecessor-version":[{"id":12868,"href":"https:\/\/www.m2act.ch\/fr\/wp-json\/wp\/v2\/projects\/12674\/revisions\/12868"}],"wp:featuredmedia":[{"embeddable":true,"href":"https:\/\/www.m2act.ch\/fr\/wp-json\/wp\/v2\/media\/12835"}],"wp:attachment":[{"href":"https:\/\/www.m2act.ch\/fr\/wp-json\/wp\/v2\/media?parent=12674"}],"wp:term":[{"taxonomy":"category","embeddable":true,"href":"https:\/\/www.m2act.ch\/fr\/wp-json\/wp\/v2\/categories?post=12674"},{"taxonomy":"jahr","embeddable":true,"href":"https:\/\/www.m2act.ch\/fr\/wp-json\/wp\/v2\/jahr?post=12674"}],"curies":[{"name":"wp","href":"https:\/\/api.w.org\/{rel}","templated":true}]}}