{"id":11022,"date":"2025-03-18T09:07:33","date_gmt":"2025-03-18T08:07:33","guid":{"rendered":"https:\/\/www.m2act.ch\/?post_type=projects&#038;p=11022"},"modified":"2025-03-18T09:07:33","modified_gmt":"2025-03-18T08:07:33","slug":"arts_sainement-pour-un-climat-sain-dans-les-arts-vivants","status":"publish","type":"projects","link":"https:\/\/www.m2act.ch\/fr\/projects\/arts_sainement-pour-un-climat-sain-dans-les-arts-vivants\/","title":{"rendered":"Arts_Sainement: Pour un climat sain dans les arts vivants"},"content":{"rendered":"\n<p>Arts_Sainement (A_S) est un mouvement cr\u00e9e en 2020 par une dizaine d&rsquo;artiste\u00b7x\u00b7s ind\u00e9pendant\u00b7e\u00b7x\u00b7s de Suisse romande, luttant contre tous types d&rsquo;abus de pouvoir, de discrimination, de harc\u00e8lement et d&rsquo;agissements hostiles dans le domaine des arts vivants en Suisse romande.<\/p>\n\n\n\n<p>Depuis sa cr\u00e9ation il y a quatre ans, Arts_Sainement a accompagn\u00e9 et\/ou conseill\u00e9 une centaine d&rsquo;artistes et professionnel\u00b7le\u00b7x\u00b7s, une dizaine de th\u00e9\u00e2tres et institutions culturelles, deux auteurs d&rsquo;abus, ainsi que quatre services culturels. L&rsquo;association a \u00e9galement mis en lien une cinquantaine de volontaires \u00e0 t\u00e9moigner\/signaler avec des services culturels. L&rsquo;association est de plus en plus sollicit\u00e9e, notamment en raison d&rsquo;une prise de conscience grandissante de l&rsquo;importance de ces sujets. Active sur l&rsquo;ensemble du territoire romand, l&rsquo;association est en contact avec ses homologues au niveau national et a particip\u00e9 \u00e0 de nombreuses tables-rondes et rencontres professionnelles sur les questions de sant\u00e9 et bien-\u00eatre au travail dans le milieu culturel.<\/p>\n\n\n\n<p>La vision et l&rsquo;objectif est d&rsquo;assurer le maintien de l&rsquo;association et de ses activit\u00e9s par le financement d&rsquo;un programme de deux ans servant \u00e0 professionnaliser la structure et \u00e0 renforcer nos actions de conseil,d\u2019accompagnement, de pr\u00e9vention, de sensibilisation et de formation, avec l\u2019espoir qu\u2019\u00e0 moyen terme, les protocoles de veille, de signalement et de traitement des cas d\u2019abus seront suffisamment clairs pour le milieu et qu\u2019A_S pourra cesser ses activit\u00e9s.<\/p>\n\n\n\n<p>Il s&rsquo;agit durant ces deux prochaines ann\u00e9es de permettre \u00e0 des acquis d\u00e9velopp\u00e9s b\u00e9n\u00e9volement de ne pas p\u00e9ricliter par surmenage des membres b\u00e9n\u00e9voles, d&rsquo;assurer l&rsquo;accompagnement d&rsquo;un nombre de cas d&rsquo;abus grandissants, et de mieux faire profiter l&rsquo;ensemble du milieu des services etcomp\u00e9tences d&rsquo;Arts_Sainement via le d\u00e9veloppement de ses activit\u00e9s de pr\u00e9vention, de sensibilisation et de formation \u00e0 moyen et long terme.<\/p>\n\n\n\n<p><\/p>\n\n\n\n<p><\/p>\n\n\n<div class=\"wp-bootstrap-blocks-row row\">\n\t\n\n<div class=\"col-12 col-md-8\">\n\t\t\t\n\n    <div id=\"text-shadow-box-block_0cee8775bac31732b238fec7826d4801\" class=\"mod-text-shadow-box\" data-scheme=\"white\">\n\t\t<p><strong>Personnes impliqu\u00e9es<\/strong><\/p>\n<div>\n<p><strong>Jamila Baioia, <\/strong>Danse Interpr\u00e8te &amp; Meneuse de projet, Lausanne, Fribourg<\/p>\n<p><strong>Salom\u00e9 Coquoz, <\/strong>Th\u00e9\u00e2tre Interpr\u00e8te, Fribourg<\/p>\n<p><strong>Clara Delorme, <\/strong>Danse Interpr\u00e8te &amp; Meneuse de projet, Lausanne<\/p>\n<p><strong>Claire Dessimoz, <\/strong>Danse Interpr\u00e8te &amp; Meneuse de projet, Lausanne<\/p>\n<p><strong>Lisa laurent, <\/strong>Danse Interpr\u00e8te &amp; Meneuse de projet, Gen\u00e8ve<\/p>\n<p><strong>Lola Giouse, <\/strong>Th\u00e9\u00e2tre Interpr\u00e8te &amp; Meneuse de projet, Gen\u00e8ve, Chaux-de-Fonds<\/p>\n<p><strong>Agathe Raboud, <\/strong>Th\u00e9\u00e2tre Interpr\u00e8te &amp; Meneuse de projet, m\u00e9diatrice culturelle, Lausanne, Gen\u00e8ve<\/p>\n<p><strong>Pauline Raineri, <\/strong>Danse Interpr\u00e8te &amp; Meneuse de projet, Gen\u00e8ve<\/p>\n<p><strong>Tha\u00efs Venetz, <\/strong>Th\u00e9\u00e2tre Interpr\u00e8te, Gen\u00e8ve<\/p>\n<\/div>\n    <\/div>\n\n\t<\/div>\n\n\n\n<div class=\"col-12 col-md-4\">\n\t\t\t\n\n    <div id=\"text-shadow-box-block_75204de6e758a80ce66e15f7d8ca8fe8\" class=\"mod-text-shadow-box\" data-scheme=\"black\">\n\t\t<p><b>Plus d\u2019informations<\/b><\/p>\n<p><a href=\"https:\/\/arts-sainement.ch\/\">Site Web<\/a><br \/>\n<a href=\"https:\/\/www.instagram.com\/arts_sainement\/\" target=\"_blank\" rel=\"noopener\">Instagram<\/a><\/p>\n<p>Cr\u00e9dits graphique: Mat* Avogadro<\/p>\n<p>&nbsp;<\/p>\n<p>&nbsp;<\/p>\n    <\/div>\n\n\t<\/div>\n\n<\/div>\n","protected":false},"featured_media":11033,"template":"","categories":[311],"jahr":[],"class_list":["post-11022","projects","type-projects","status-publish","has-post-thumbnail","hentry","category-2026-2025-4"],"acf":[],"yoast_head":"<!-- This site is optimized with the Yoast SEO plugin v27.2 - https:\/\/yoast.com\/product\/yoast-seo-wordpress\/ -->\n<title>Arts_Sainement: Pour un climat sain dans les arts vivants - M2ACT<\/title>\n<meta name=\"robots\" content=\"index, follow, max-snippet:-1, max-image-preview:large, max-video-preview:-1\" \/>\n<link rel=\"canonical\" href=\"https:\/\/www.m2act.ch\/fr\/projects\/arts_sainement-pour-un-climat-sain-dans-les-arts-vivants\/\" \/>\n<meta property=\"og:locale\" content=\"fr_FR\" \/>\n<meta property=\"og:type\" content=\"article\" \/>\n<meta property=\"og:title\" content=\"Arts_Sainement: Pour un climat sain dans les arts vivants - M2ACT\" \/>\n<meta property=\"og:description\" content=\"Arts_Sainement (A_S) est un mouvement cr\u00e9e en 2020 par une dizaine d&rsquo;artiste\u00b7x\u00b7s ind\u00e9pendant\u00b7e\u00b7x\u00b7s de Suisse romande, luttant contre tous types d&rsquo;abus de pouvoir, de discrimination, de harc\u00e8lement et d&rsquo;agissements hostiles dans le domaine des arts vivants en Suisse romande. Depuis sa cr\u00e9ation il y a quatre ans, Arts_Sainement a accompagn\u00e9 et\/ou conseill\u00e9 une centaine d&rsquo;artistes [&hellip;]\" \/>\n<meta property=\"og:url\" content=\"https:\/\/www.m2act.ch\/fr\/projects\/arts_sainement-pour-un-climat-sain-dans-les-arts-vivants\/\" \/>\n<meta property=\"og:site_name\" content=\"M2ACT\" \/>\n<meta property=\"og:image\" content=\"https:\/\/www.m2act.ch\/wp-content\/uploads\/2025\/03\/ASSVisu.png\" \/>\n\t<meta property=\"og:image:width\" content=\"1190\" \/>\n\t<meta property=\"og:image:height\" content=\"1190\" \/>\n\t<meta property=\"og:image:type\" content=\"image\/png\" \/>\n<meta name=\"twitter:card\" content=\"summary_large_image\" \/>\n<meta name=\"twitter:label1\" content=\"Dur\u00e9e de lecture estim\u00e9e\" \/>\n\t<meta name=\"twitter:data1\" content=\"2 minutes\" \/>\n<script type=\"application\/ld+json\" class=\"yoast-schema-graph\">{\"@context\":\"https:\/\/schema.org\",\"@graph\":[{\"@type\":\"WebPage\",\"@id\":\"https:\/\/www.m2act.ch\/fr\/projects\/arts_sainement-pour-un-climat-sain-dans-les-arts-vivants\/\",\"url\":\"https:\/\/www.m2act.ch\/fr\/projects\/arts_sainement-pour-un-climat-sain-dans-les-arts-vivants\/\",\"name\":\"Arts_Sainement: Pour un climat sain dans les arts vivants - M2ACT\",\"isPartOf\":{\"@id\":\"https:\/\/www.m2act.ch\/en\/#website\"},\"primaryImageOfPage\":{\"@id\":\"https:\/\/www.m2act.ch\/fr\/projects\/arts_sainement-pour-un-climat-sain-dans-les-arts-vivants\/#primaryimage\"},\"image\":{\"@id\":\"https:\/\/www.m2act.ch\/fr\/projects\/arts_sainement-pour-un-climat-sain-dans-les-arts-vivants\/#primaryimage\"},\"thumbnailUrl\":\"https:\/\/www.m2act.ch\/wp-content\/uploads\/2025\/03\/ASSVisu.png\",\"datePublished\":\"2025-03-18T08:07:33+00:00\",\"breadcrumb\":{\"@id\":\"https:\/\/www.m2act.ch\/fr\/projects\/arts_sainement-pour-un-climat-sain-dans-les-arts-vivants\/#breadcrumb\"},\"inLanguage\":\"fr-FR\",\"potentialAction\":[{\"@type\":\"ReadAction\",\"target\":[\"https:\/\/www.m2act.ch\/fr\/projects\/arts_sainement-pour-un-climat-sain-dans-les-arts-vivants\/\"]}]},{\"@type\":\"ImageObject\",\"inLanguage\":\"fr-FR\",\"@id\":\"https:\/\/www.m2act.ch\/fr\/projects\/arts_sainement-pour-un-climat-sain-dans-les-arts-vivants\/#primaryimage\",\"url\":\"https:\/\/www.m2act.ch\/wp-content\/uploads\/2025\/03\/ASSVisu.png\",\"contentUrl\":\"https:\/\/www.m2act.ch\/wp-content\/uploads\/2025\/03\/ASSVisu.png\",\"width\":1190,\"height\":1190},{\"@type\":\"BreadcrumbList\",\"@id\":\"https:\/\/www.m2act.ch\/fr\/projects\/arts_sainement-pour-un-climat-sain-dans-les-arts-vivants\/#breadcrumb\",\"itemListElement\":[{\"@type\":\"ListItem\",\"position\":1,\"name\":\"Startseite\",\"item\":\"https:\/\/www.m2act.ch\/fr\/\"},{\"@type\":\"ListItem\",\"position\":2,\"name\":\"Arts_Sainement: Pour un climat sain dans les arts vivants\"}]},{\"@type\":\"WebSite\",\"@id\":\"https:\/\/www.m2act.ch\/en\/#website\",\"url\":\"https:\/\/www.m2act.ch\/en\/\",\"name\":\"M2ACT\",\"description\":\"Ein Projekt von Migros Kulturprozent\",\"potentialAction\":[{\"@type\":\"SearchAction\",\"target\":{\"@type\":\"EntryPoint\",\"urlTemplate\":\"https:\/\/www.m2act.ch\/en\/?s={search_term_string}\"},\"query-input\":{\"@type\":\"PropertyValueSpecification\",\"valueRequired\":true,\"valueName\":\"search_term_string\"}}],\"inLanguage\":\"fr-FR\"}]}<\/script>\n<!-- \/ Yoast SEO plugin. -->","yoast_head_json":{"title":"Arts_Sainement: Pour un climat sain dans les arts vivants - M2ACT","robots":{"index":"index","follow":"follow","max-snippet":"max-snippet:-1","max-image-preview":"max-image-preview:large","max-video-preview":"max-video-preview:-1"},"canonical":"https:\/\/www.m2act.ch\/fr\/projects\/arts_sainement-pour-un-climat-sain-dans-les-arts-vivants\/","og_locale":"fr_FR","og_type":"article","og_title":"Arts_Sainement: Pour un climat sain dans les arts vivants - M2ACT","og_description":"Arts_Sainement (A_S) est un mouvement cr\u00e9e en 2020 par une dizaine d&rsquo;artiste\u00b7x\u00b7s ind\u00e9pendant\u00b7e\u00b7x\u00b7s de Suisse romande, luttant contre tous types d&rsquo;abus de pouvoir, de discrimination, de harc\u00e8lement et d&rsquo;agissements hostiles dans le domaine des arts vivants en Suisse romande. Depuis sa cr\u00e9ation il y a quatre ans, Arts_Sainement a accompagn\u00e9 et\/ou conseill\u00e9 une centaine d&rsquo;artistes [&hellip;]","og_url":"https:\/\/www.m2act.ch\/fr\/projects\/arts_sainement-pour-un-climat-sain-dans-les-arts-vivants\/","og_site_name":"M2ACT","og_image":[{"width":1190,"height":1190,"url":"https:\/\/www.m2act.ch\/wp-content\/uploads\/2025\/03\/ASSVisu.png","type":"image\/png"}],"twitter_card":"summary_large_image","twitter_misc":{"Dur\u00e9e de lecture estim\u00e9e":"2 minutes"},"schema":{"@context":"https:\/\/schema.org","@graph":[{"@type":"WebPage","@id":"https:\/\/www.m2act.ch\/fr\/projects\/arts_sainement-pour-un-climat-sain-dans-les-arts-vivants\/","url":"https:\/\/www.m2act.ch\/fr\/projects\/arts_sainement-pour-un-climat-sain-dans-les-arts-vivants\/","name":"Arts_Sainement: Pour un climat sain dans les arts vivants - M2ACT","isPartOf":{"@id":"https:\/\/www.m2act.ch\/en\/#website"},"primaryImageOfPage":{"@id":"https:\/\/www.m2act.ch\/fr\/projects\/arts_sainement-pour-un-climat-sain-dans-les-arts-vivants\/#primaryimage"},"image":{"@id":"https:\/\/www.m2act.ch\/fr\/projects\/arts_sainement-pour-un-climat-sain-dans-les-arts-vivants\/#primaryimage"},"thumbnailUrl":"https:\/\/www.m2act.ch\/wp-content\/uploads\/2025\/03\/ASSVisu.png","datePublished":"2025-03-18T08:07:33+00:00","breadcrumb":{"@id":"https:\/\/www.m2act.ch\/fr\/projects\/arts_sainement-pour-un-climat-sain-dans-les-arts-vivants\/#breadcrumb"},"inLanguage":"fr-FR","potentialAction":[{"@type":"ReadAction","target":["https:\/\/www.m2act.ch\/fr\/projects\/arts_sainement-pour-un-climat-sain-dans-les-arts-vivants\/"]}]},{"@type":"ImageObject","inLanguage":"fr-FR","@id":"https:\/\/www.m2act.ch\/fr\/projects\/arts_sainement-pour-un-climat-sain-dans-les-arts-vivants\/#primaryimage","url":"https:\/\/www.m2act.ch\/wp-content\/uploads\/2025\/03\/ASSVisu.png","contentUrl":"https:\/\/www.m2act.ch\/wp-content\/uploads\/2025\/03\/ASSVisu.png","width":1190,"height":1190},{"@type":"BreadcrumbList","@id":"https:\/\/www.m2act.ch\/fr\/projects\/arts_sainement-pour-un-climat-sain-dans-les-arts-vivants\/#breadcrumb","itemListElement":[{"@type":"ListItem","position":1,"name":"Startseite","item":"https:\/\/www.m2act.ch\/fr\/"},{"@type":"ListItem","position":2,"name":"Arts_Sainement: Pour un climat sain dans les arts vivants"}]},{"@type":"WebSite","@id":"https:\/\/www.m2act.ch\/en\/#website","url":"https:\/\/www.m2act.ch\/en\/","name":"M2ACT","description":"Ein Projekt von Migros Kulturprozent","potentialAction":[{"@type":"SearchAction","target":{"@type":"EntryPoint","urlTemplate":"https:\/\/www.m2act.ch\/en\/?s={search_term_string}"},"query-input":{"@type":"PropertyValueSpecification","valueRequired":true,"valueName":"search_term_string"}}],"inLanguage":"fr-FR"}]}},"_links":{"self":[{"href":"https:\/\/www.m2act.ch\/fr\/wp-json\/wp\/v2\/projects\/11022","targetHints":{"allow":["GET"]}}],"collection":[{"href":"https:\/\/www.m2act.ch\/fr\/wp-json\/wp\/v2\/projects"}],"about":[{"href":"https:\/\/www.m2act.ch\/fr\/wp-json\/wp\/v2\/types\/projects"}],"version-history":[{"count":3,"href":"https:\/\/www.m2act.ch\/fr\/wp-json\/wp\/v2\/projects\/11022\/revisions"}],"predecessor-version":[{"id":11054,"href":"https:\/\/www.m2act.ch\/fr\/wp-json\/wp\/v2\/projects\/11022\/revisions\/11054"}],"wp:featuredmedia":[{"embeddable":true,"href":"https:\/\/www.m2act.ch\/fr\/wp-json\/wp\/v2\/media\/11033"}],"wp:attachment":[{"href":"https:\/\/www.m2act.ch\/fr\/wp-json\/wp\/v2\/media?parent=11022"}],"wp:term":[{"taxonomy":"category","embeddable":true,"href":"https:\/\/www.m2act.ch\/fr\/wp-json\/wp\/v2\/categories?post=11022"},{"taxonomy":"jahr","embeddable":true,"href":"https:\/\/www.m2act.ch\/fr\/wp-json\/wp\/v2\/jahr?post=11022"}],"curies":[{"name":"wp","href":"https:\/\/api.w.org\/{rel}","templated":true}]}}