{"id":10765,"date":"2025-02-15T12:42:26","date_gmt":"2025-02-15T11:42:26","guid":{"rendered":"https:\/\/www.m2act.ch\/?post_type=projects&#038;p=10765"},"modified":"2026-01-21T15:56:35","modified_gmt":"2026-01-21T14:56:35","slug":"ewa_empowering-women-in-the-arts","status":"publish","type":"projects","link":"https:\/\/www.m2act.ch\/fr\/projects\/ewa_empowering-women-in-the-arts\/","title":{"rendered":"EWA: EWA_Empowering Women in the Arts"},"content":{"rendered":"\n<p><strong>EWA_Empowering Women in the Arts<\/strong> met en \u00e9vidence les in\u00e9galit\u00e9s dont sont victimes les femmes* au niveau des postes de direction dans le secteur culturel. EWA vise l\u2019empowerment par le mentorat, le renforcement des capacit\u00e9s et la cr\u00e9ation de communaut\u00e9s interr\u00e9gionales et intersectorielles. L\u2019objectif g\u00e9n\u00e9ral d\u2019EWA est l\u2019\u00e9galit\u00e9 pour les femmes* au niveau des postes de direction dans la culture.<\/p>\n\n\n\n<p>Des \u00e9tudes r\u00e9centes montrent que les femmes* sont sous-repr\u00e9sent\u00e9es aux postes de direction dans le secteur culturel, en particulier dans les directions g\u00e9n\u00e9rales et artistiques. Elles sont g\u00e9n\u00e9ralement cantonn\u00e9es dans des r\u00f4les subalternes et gagnent souvent moins que les hommes. En Suisse, les carri\u00e8res professionnelles sont particuli\u00e8rement marqu\u00e9es par la s\u00e9gr\u00e9gation en fonction du sexe, ce qui rend les changements difficiles. Malgr\u00e9 des actions ponctuelles, l\u2019\u00e9cart persiste, ce qui entra\u00eene frustration et incertitude. Gr\u00e2ce \u00e0 son programme de mentorat, EWA soutient les r\u00e9seaux transversaux et les structures qui prennent en compte l\u2019\u00e9galit\u00e9 des sexes et promeut le changement et l\u2019\u00e9galit\u00e9 \u00e0 long terme dans le domaine culturel. Le mentorat s\u2019adresse chaque ann\u00e9e \u00e0 dix tandems de mentorat. Cinq d\u2019entre eux sont issus des arts sc\u00e9niques.<\/p>\n\n\n\n    <div id=\"text-shadow-box-block_fe21013eb8edde0e107453e4852bee37\" class=\"mod-text-shadow-box\" data-scheme=\"black\">\n\t\t<p>La phase pilote de deux ans vise les r\u00e9sultats suivants<\/p>\n<ul>\n<li>Jusqu\u2019\u00e0 dix femmes* occupant des postes \u00e0 responsabilit\u00e9 dans diff\u00e9rents domaines (arts sc\u00e9niques, litt\u00e9rature, arts plastiques, \u00e9conomie cr\u00e9ative, administration et politique culturelles, cin\u00e9ma) conseillent dix mentor\u00e9es en tant que mentores.<\/li>\n<li>Ateliers sur le leadership (en ligne et en pr\u00e9sentiel) (femmes* dans la culture). Aussi ouverts pour mentor\u00e9es et aux autres personnes int\u00e9ress\u00e9es.<\/li>\n<li>Sessions d\u2019\u00e9change pour toutes les mentores et mentor\u00e9es concern\u00e9es.<\/li>\n<\/ul>\n    <\/div>\n\n\n\n<p>Femmes*: le terme de femme est utilis\u00e9 par EWA dans le sens d\u2019une position politique. Il d\u00e9signe toutes les personnes discrimin\u00e9es en raison des structures patriarcales: les femmes cisgenres, les personnes transf\u00e9minines ainsi que les personnes transmasculines ou non binaires. Dans ce qui suit, nous utilisons la forme f\u00e9minine pour toutes les d\u00e9signations (p.\u00a0ex. mentores, expertes, etc.) impliquant ainsi toutes les femmes*.<\/p>\n\n\n\n<p><\/p>\n\n\n<div class=\"wp-bootstrap-blocks-row row\">\n\t\n\n<div class=\"col-12 col-md-8\">\n\t\t\t\n\n    <div id=\"text-shadow-box-block_3047e7c2d80b51ea6524efe9d73f32d4\" class=\"mod-text-shadow-box\" data-scheme=\"white\">\n\t\t<p><strong>Personnes impliqu\u00e9es<\/strong><\/p>\n<div>\n<p><strong>Rahel Leupin, Lea Moro, <\/strong>Direction de projet<\/p>\n<\/div>\n    <\/div>\n\n\t<\/div>\n\n\n\n<div class=\"col-12 col-md-4\">\n\t\t\t\n\n    <div id=\"text-shadow-box-block_cd9867d1bffc3bf8793cbf2626dbe612\" class=\"mod-text-shadow-box\" data-scheme=\"black\">\n\t\t<p><b>Plus d\u2019informations<\/b><\/p>\n<p>Site Internet et r\u00e9seaux sociaux encore en cours de cr\u00e9ation.<\/p>\n<p>.LinkedIn: <a href=\"https:\/\/www.linkedin.com\/in\/rahel-leupin-b236a51b4\/\">Rahel Leupin, <\/a><a href=\"https:\/\/www.linkedin.com\/in\/lea-moro-1a2966a7\/\">Lea Moro<\/a><\/p>\n<p>Cr\u00e9dits \u2013 Graphisme: <a href=\"https:\/\/www.leilamerkofer.com\">Leila Merkofer<\/a><\/p>\n<p>&nbsp;<\/p>\n<p>&nbsp;<\/p>\n    <\/div>\n\n\t<\/div>\n\n<\/div>\n\n\n\n<p><\/p>\n","protected":false},"featured_media":10768,"template":"","categories":[300],"jahr":[],"class_list":["post-10765","projects","type-projects","status-publish","has-post-thumbnail","hentry","category-2027-2025-2"],"acf":[],"yoast_head":"<!-- This site is optimized with the Yoast SEO plugin v27.2 - https:\/\/yoast.com\/product\/yoast-seo-wordpress\/ -->\n<title>EWA: EWA_Empowering Women in the Arts - M2ACT<\/title>\n<meta name=\"robots\" content=\"index, follow, max-snippet:-1, max-image-preview:large, max-video-preview:-1\" \/>\n<link rel=\"canonical\" href=\"https:\/\/www.m2act.ch\/fr\/projects\/ewa_empowering-women-in-the-arts\/\" \/>\n<meta property=\"og:locale\" content=\"fr_FR\" \/>\n<meta property=\"og:type\" content=\"article\" \/>\n<meta property=\"og:title\" content=\"EWA: EWA_Empowering Women in the Arts - M2ACT\" \/>\n<meta property=\"og:description\" content=\"EWA_Empowering Women in the Arts met en \u00e9vidence les in\u00e9galit\u00e9s dont sont victimes les femmes* au niveau des postes de direction dans le secteur culturel. EWA vise l\u2019empowerment par le mentorat, le renforcement des capacit\u00e9s et la cr\u00e9ation de communaut\u00e9s interr\u00e9gionales et intersectorielles. L\u2019objectif g\u00e9n\u00e9ral d\u2019EWA est l\u2019\u00e9galit\u00e9 pour les femmes* au niveau des postes [&hellip;]\" \/>\n<meta property=\"og:url\" content=\"https:\/\/www.m2act.ch\/fr\/projects\/ewa_empowering-women-in-the-arts\/\" \/>\n<meta property=\"og:site_name\" content=\"M2ACT\" \/>\n<meta property=\"article:modified_time\" content=\"2026-01-21T14:56:35+00:00\" \/>\n<meta property=\"og:image\" content=\"https:\/\/www.m2act.ch\/wp-content\/uploads\/2025\/02\/05_EWA_Logo-scaled.jpg\" \/>\n\t<meta property=\"og:image:width\" content=\"1\" \/>\n\t<meta property=\"og:image:height\" content=\"1\" \/>\n\t<meta property=\"og:image:type\" content=\"image\/jpeg\" \/>\n<meta name=\"twitter:card\" content=\"summary_large_image\" \/>\n<meta name=\"twitter:label1\" content=\"Dur\u00e9e de lecture estim\u00e9e\" \/>\n\t<meta name=\"twitter:data1\" content=\"2 minutes\" \/>\n<script type=\"application\/ld+json\" class=\"yoast-schema-graph\">{\"@context\":\"https:\/\/schema.org\",\"@graph\":[{\"@type\":\"WebPage\",\"@id\":\"https:\/\/www.m2act.ch\/fr\/projects\/ewa_empowering-women-in-the-arts\/\",\"url\":\"https:\/\/www.m2act.ch\/fr\/projects\/ewa_empowering-women-in-the-arts\/\",\"name\":\"EWA: EWA_Empowering Women in the Arts - M2ACT\",\"isPartOf\":{\"@id\":\"https:\/\/www.m2act.ch\/en\/#website\"},\"primaryImageOfPage\":{\"@id\":\"https:\/\/www.m2act.ch\/fr\/projects\/ewa_empowering-women-in-the-arts\/#primaryimage\"},\"image\":{\"@id\":\"https:\/\/www.m2act.ch\/fr\/projects\/ewa_empowering-women-in-the-arts\/#primaryimage\"},\"thumbnailUrl\":\"https:\/\/www.m2act.ch\/wp-content\/uploads\/2025\/02\/05_EWA_Logo-scaled.jpg\",\"datePublished\":\"2025-02-15T11:42:26+00:00\",\"dateModified\":\"2026-01-21T14:56:35+00:00\",\"breadcrumb\":{\"@id\":\"https:\/\/www.m2act.ch\/fr\/projects\/ewa_empowering-women-in-the-arts\/#breadcrumb\"},\"inLanguage\":\"fr-FR\",\"potentialAction\":[{\"@type\":\"ReadAction\",\"target\":[\"https:\/\/www.m2act.ch\/fr\/projects\/ewa_empowering-women-in-the-arts\/\"]}]},{\"@type\":\"ImageObject\",\"inLanguage\":\"fr-FR\",\"@id\":\"https:\/\/www.m2act.ch\/fr\/projects\/ewa_empowering-women-in-the-arts\/#primaryimage\",\"url\":\"https:\/\/www.m2act.ch\/wp-content\/uploads\/2025\/02\/05_EWA_Logo-scaled.jpg\",\"contentUrl\":\"https:\/\/www.m2act.ch\/wp-content\/uploads\/2025\/02\/05_EWA_Logo-scaled.jpg\"},{\"@type\":\"BreadcrumbList\",\"@id\":\"https:\/\/www.m2act.ch\/fr\/projects\/ewa_empowering-women-in-the-arts\/#breadcrumb\",\"itemListElement\":[{\"@type\":\"ListItem\",\"position\":1,\"name\":\"Startseite\",\"item\":\"https:\/\/www.m2act.ch\/fr\/\"},{\"@type\":\"ListItem\",\"position\":2,\"name\":\"EWA: EWA_Empowering Women in the Arts\"}]},{\"@type\":\"WebSite\",\"@id\":\"https:\/\/www.m2act.ch\/en\/#website\",\"url\":\"https:\/\/www.m2act.ch\/en\/\",\"name\":\"M2ACT\",\"description\":\"Ein Projekt von Migros Kulturprozent\",\"potentialAction\":[{\"@type\":\"SearchAction\",\"target\":{\"@type\":\"EntryPoint\",\"urlTemplate\":\"https:\/\/www.m2act.ch\/en\/?s={search_term_string}\"},\"query-input\":{\"@type\":\"PropertyValueSpecification\",\"valueRequired\":true,\"valueName\":\"search_term_string\"}}],\"inLanguage\":\"fr-FR\"}]}<\/script>\n<!-- \/ Yoast SEO plugin. -->","yoast_head_json":{"title":"EWA: EWA_Empowering Women in the Arts - M2ACT","robots":{"index":"index","follow":"follow","max-snippet":"max-snippet:-1","max-image-preview":"max-image-preview:large","max-video-preview":"max-video-preview:-1"},"canonical":"https:\/\/www.m2act.ch\/fr\/projects\/ewa_empowering-women-in-the-arts\/","og_locale":"fr_FR","og_type":"article","og_title":"EWA: EWA_Empowering Women in the Arts - M2ACT","og_description":"EWA_Empowering Women in the Arts met en \u00e9vidence les in\u00e9galit\u00e9s dont sont victimes les femmes* au niveau des postes de direction dans le secteur culturel. EWA vise l\u2019empowerment par le mentorat, le renforcement des capacit\u00e9s et la cr\u00e9ation de communaut\u00e9s interr\u00e9gionales et intersectorielles. L\u2019objectif g\u00e9n\u00e9ral d\u2019EWA est l\u2019\u00e9galit\u00e9 pour les femmes* au niveau des postes [&hellip;]","og_url":"https:\/\/www.m2act.ch\/fr\/projects\/ewa_empowering-women-in-the-arts\/","og_site_name":"M2ACT","article_modified_time":"2026-01-21T14:56:35+00:00","og_image":[{"url":"https:\/\/www.m2act.ch\/wp-content\/uploads\/2025\/02\/05_EWA_Logo-scaled.jpg","width":1,"height":1,"type":"image\/jpeg"}],"twitter_card":"summary_large_image","twitter_misc":{"Dur\u00e9e de lecture estim\u00e9e":"2 minutes"},"schema":{"@context":"https:\/\/schema.org","@graph":[{"@type":"WebPage","@id":"https:\/\/www.m2act.ch\/fr\/projects\/ewa_empowering-women-in-the-arts\/","url":"https:\/\/www.m2act.ch\/fr\/projects\/ewa_empowering-women-in-the-arts\/","name":"EWA: EWA_Empowering Women in the Arts - M2ACT","isPartOf":{"@id":"https:\/\/www.m2act.ch\/en\/#website"},"primaryImageOfPage":{"@id":"https:\/\/www.m2act.ch\/fr\/projects\/ewa_empowering-women-in-the-arts\/#primaryimage"},"image":{"@id":"https:\/\/www.m2act.ch\/fr\/projects\/ewa_empowering-women-in-the-arts\/#primaryimage"},"thumbnailUrl":"https:\/\/www.m2act.ch\/wp-content\/uploads\/2025\/02\/05_EWA_Logo-scaled.jpg","datePublished":"2025-02-15T11:42:26+00:00","dateModified":"2026-01-21T14:56:35+00:00","breadcrumb":{"@id":"https:\/\/www.m2act.ch\/fr\/projects\/ewa_empowering-women-in-the-arts\/#breadcrumb"},"inLanguage":"fr-FR","potentialAction":[{"@type":"ReadAction","target":["https:\/\/www.m2act.ch\/fr\/projects\/ewa_empowering-women-in-the-arts\/"]}]},{"@type":"ImageObject","inLanguage":"fr-FR","@id":"https:\/\/www.m2act.ch\/fr\/projects\/ewa_empowering-women-in-the-arts\/#primaryimage","url":"https:\/\/www.m2act.ch\/wp-content\/uploads\/2025\/02\/05_EWA_Logo-scaled.jpg","contentUrl":"https:\/\/www.m2act.ch\/wp-content\/uploads\/2025\/02\/05_EWA_Logo-scaled.jpg"},{"@type":"BreadcrumbList","@id":"https:\/\/www.m2act.ch\/fr\/projects\/ewa_empowering-women-in-the-arts\/#breadcrumb","itemListElement":[{"@type":"ListItem","position":1,"name":"Startseite","item":"https:\/\/www.m2act.ch\/fr\/"},{"@type":"ListItem","position":2,"name":"EWA: EWA_Empowering Women in the Arts"}]},{"@type":"WebSite","@id":"https:\/\/www.m2act.ch\/en\/#website","url":"https:\/\/www.m2act.ch\/en\/","name":"M2ACT","description":"Ein Projekt von Migros Kulturprozent","potentialAction":[{"@type":"SearchAction","target":{"@type":"EntryPoint","urlTemplate":"https:\/\/www.m2act.ch\/en\/?s={search_term_string}"},"query-input":{"@type":"PropertyValueSpecification","valueRequired":true,"valueName":"search_term_string"}}],"inLanguage":"fr-FR"}]}},"_links":{"self":[{"href":"https:\/\/www.m2act.ch\/fr\/wp-json\/wp\/v2\/projects\/10765","targetHints":{"allow":["GET"]}}],"collection":[{"href":"https:\/\/www.m2act.ch\/fr\/wp-json\/wp\/v2\/projects"}],"about":[{"href":"https:\/\/www.m2act.ch\/fr\/wp-json\/wp\/v2\/types\/projects"}],"version-history":[{"count":3,"href":"https:\/\/www.m2act.ch\/fr\/wp-json\/wp\/v2\/projects\/10765\/revisions"}],"predecessor-version":[{"id":14235,"href":"https:\/\/www.m2act.ch\/fr\/wp-json\/wp\/v2\/projects\/10765\/revisions\/14235"}],"wp:featuredmedia":[{"embeddable":true,"href":"https:\/\/www.m2act.ch\/fr\/wp-json\/wp\/v2\/media\/10768"}],"wp:attachment":[{"href":"https:\/\/www.m2act.ch\/fr\/wp-json\/wp\/v2\/media?parent=10765"}],"wp:term":[{"taxonomy":"category","embeddable":true,"href":"https:\/\/www.m2act.ch\/fr\/wp-json\/wp\/v2\/categories?post=10765"},{"taxonomy":"jahr","embeddable":true,"href":"https:\/\/www.m2act.ch\/fr\/wp-json\/wp\/v2\/jahr?post=10765"}],"curies":[{"name":"wp","href":"https:\/\/api.w.org\/{rel}","templated":true}]}}