{"id":3686,"date":"2021-08-20T14:45:58","date_gmt":"2021-08-20T12:45:58","guid":{"rendered":"https:\/\/www.m2act.ch\/?page_id=3686"},"modified":"2026-04-01T09:42:54","modified_gmt":"2026-04-01T07:42:54","slug":"foerderung-m2act","status":"publish","type":"page","link":"https:\/\/www.m2act.ch\/fr\/foerderung-m2act\/","title":{"rendered":"Possibilit\u00e9s de soutien de la part de\u00a0 Pour-cent culturel Migros m2act"},"content":{"rendered":"\n<h3 class=\"wp-block-heading\"><strong>OUVERT AU PUBLIC<\/strong><\/h3>\n\n\n\n<p><strong>Appel \u00e0 Projetc: inciter et initier des processus<\/strong><br><a href=\"\/fr\/?page_id=12374\">Chaque ann\u00e9e<\/a><a>,<\/a> m2act recherche de nouveaux projets ax\u00e9s sur une priorit\u00e9 th\u00e9matique. Tous les groupes professionnels, institutions et r\u00e9seaux actifs dans les arts de la sc\u00e8ne, la musique, les arts visuels, le film, les jeux vid\u00e9os, la culture num\u00e9rique, la litt\u00e9rature et bande dessin\u00e9e, le spoken word et les pratiques interdisciplinaires peuvent d\u00e9poser leur dossier. Le processus de d\u00e9cision consiste en une \u00e9valuation en plusieurs \u00e9tapes par l\u2019\u00e9quipe de m2act et un comit\u00e9 consultatif externe. Le volume de soutien pour 5 \u00e0 8\u00a0projets s\u00e9lectionn\u00e9s s\u2019\u00e9l\u00e8ve \u00e0 CHF\u00a0150\u00a0000 max. Outre le soutien financier, m2act accompagne les projets par le dialogue.<\/p>\n\n\n\n<p><\/p>\n\n\n\n<h3 class=\"wp-block-heading\"><strong>SUR INVITATION<\/strong><\/h3>\n\n\n\n<p>Pour clarifier les besoins en financement, veuillez nous envoyer une br\u00e8ve description de votre projet et des personnes impliqu\u00e9es par e-mail. Si vous n&rsquo;\u00eates pas s\u00fbr que votre projet r\u00e9ponde aux crit\u00e8res de financement de m2act, l&rsquo;\u00e9quipe m2act est disponible pour r\u00e9pondre \u00e0 vos questions, ou vous pouvez vous inspirer <a href=\"https:\/\/www.m2act.ch\/fr\/gefoerderte-vorhaben\/\">des projets d\u00e9j\u00e0 financ\u00e9s<\/a>. Veuillez ne pas envoyer de dossiers sans invitation.<\/p>\n\n\n\n<p><strong>CONTRIBUTIONS DE R\u00c9ALISATION ET D\u2019ACCOMPAGNEMENT<\/strong>: <strong>mise en \u0153uvre d\u2019id\u00e9es et stabilisation de r\u00e9seaux<\/strong>&nbsp;<br>Suite \u00e0 un entretien d\u2019\u00e9valuation permettant de clarifier le type de soutien n\u00e9cessaire, une demande peut \u00eatre d\u00e9pos\u00e9e en \u00e9t\u00e9, ind\u00e9pendamment de l\u2019appel \u00e0 projets annuel.&nbsp; Ainsi, de nouvelles id\u00e9es dans le domaine de la pratique \u00e9quitable et de la durabilit\u00e9 \u00e9cologique et sociale peuvent \u00eatre r\u00e9alis\u00e9es. Il est \u00e9galement possible d\u2019obtenir une contribution de suivi pour certains projets d\u00e9j\u00e0 b\u00e9n\u00e9ficiaires de soutien de m2act. Un soutien pluriannuel peut \u00eatre accord\u00e9 \u00e0 certains projets. Les contributions d\u00e9butent \u00e0 un montant de CHF&nbsp;10&nbsp;000. L\u2019octroi d\u2019un soutien implique un \u00e9change r\u00e9gulier avec l\u2019\u00e9quipe de m2act.<\/p>\n\n\n\n<p><strong>CONTRIBUTIONS DE SOUTIEN: renforcer et permettre des \u00e9v\u00e8nements et des projets<\/strong><br>m2act propose un soutien financier simple, sp\u00e9cialement destin\u00e9 aux publications, \u00e9v\u00e8nements ou ateliers ponctuels. Apr\u00e8s un entretien pr\u00e9liminaire, il sera d\u00e9cid\u00e9 si une demande peut \u00eatre soumise. Une fois la demande d\u00e9pos\u00e9e, les d\u00e9cisions concernant les financements jusqu&rsquo;\u00e0 10 000 CHF seront prises dans un d\u00e9lai de 3 \u00e0 4 semaines.<\/p>\n\n\n\n<p><strong>Crit\u00e8res de soutien de m2act<\/strong><br>m2act soutient des projets innovants visant un changement syst\u00e9mique dans le secteur culturel suisse \u00e0 travers les trois instruments de soutien d\u00e9crits ci-dessus. Le soutien s\u2019adresse aux projets qui remplissent les crit\u00e8res suivants:<\/p>\n\n\n\n<ul class=\"wp-block-list\">\n<li><strong>Valeur ajout\u00e9e et utilit\u00e9:<\/strong>&nbsp;le projet doit pr\u00e9senter une valeur ajout\u00e9e et avoir une utilit\u00e9 claire pour de nombreux acteur.s et actric.e.s du secteur culturel.<\/li>\n\n\n\n<li><strong>D\u00e9veloppement co-cr\u00e9atif:<\/strong>&nbsp;les projets doivent \u00eatre \u00e9labor\u00e9s et r\u00e9alis\u00e9s de <a href=\"https:\/\/www.m2act.ch\/fr\/glossar\/\">mani\u00e8re co-cr\u00e9ative<\/a>.<\/li>\n\n\n\n<li><strong>Pratique \u00e9quitable et durable:<\/strong>&nbsp;les projets doivent utiliser des <a href=\"https:\/\/www.m2act.ch\/fr\/glossar\/\">m\u00e9thodes \u00e9quitables<\/a> et durables&nbsp;dans la pratique.<\/li>\n\n\n\n<li><strong>Orientation sur l\u2019impact:<\/strong>&nbsp;les projets doivent avoir pour objectif de modifier <a href=\"https:\/\/www.m2act.ch\/fr\/toolbox\/avoir-plus-dimpact-grace-a-la-culture\/\">les mani\u00e8res de penser et d\u2019agir<\/a>.<\/li>\n\n\n\n<li><strong>R\u00e9alisation professionnelle:<\/strong>&nbsp;les projets doivent \u00eatre con\u00e7us et mis en \u0153uvre de mani\u00e8re professionnelle.<\/li>\n\n\n\n<li><strong>Rapport avec la Suisse:<\/strong>&nbsp;les projets doivent \u00eatre r\u00e9alis\u00e9s en Suisse et les principales personnes responsables doivent \u00eatre domicili\u00e9es en Suisse.<\/li>\n<\/ul>\n\n\n\n<p>En plus du soutien financier, m2act invite les projets soutenus \u00e0 des \u00e9v\u00e8nements de mise en r\u00e9seau annuels afin de favoriser les \u00e9changes et le r\u00e9seautage.<\/p>\n\n\n\n<p>Vous ne savez pas si votre projet satisfait aux crit\u00e8res d\u2019\u00e9ligibilit\u00e9 de m2act? L\u2019\u00e9quipe de m2act se tient \u00e0 votre disposition pour toute question \u00e9ventuelle. Vous pouvez aussi vous laisser inspirer par les projets soutenus jusqu\u2019\u00e0 pr\u00e9sent.<\/p>\n\n\n\n<p><strong>Important: m2act ne soutient pas des projets purement artistiques.<\/strong><\/p>\n\n\n\n<div id=\"bild-sektion-block_62600e2e7e9464065e835e3867f08d93\" class=\"mod-bild-sektion\">\n    <div class=\"container-breakout\">\n        <div class=\"image-spacer\">\n            <div class=\"image-fixed\">\n                <div class=\"image\" style=\"background-image: url('https:\/\/www.m2act.ch\/wp-content\/uploads\/2025\/07\/KEYVISUAL_2021_KOMPOSITION_FINAL7-2.jpg');\" data-imgurl=\"https:\/\/www.m2act.ch\/wp-content\/uploads\/2025\/07\/KEYVISUAL_2021_KOMPOSITION_FINAL7-2.jpg\"><\/div>\n            <\/div>\n        <\/div>\n    <\/div>\n<\/div>\n\n\n<p><strong>Possibilit\u00e9s de contributions de soutien suppl\u00e9mentaires offertes par le Pour-cent culturel Migros<\/strong><\/p>\n\n\n\n<p>Le projet s\u0153ur de m2act est <a href=\"https:\/\/engagement.migros.ch\/fr\/projets\/promotion-de-la-culture\/disframe\">disframe<\/a>. En collaboration avec ses partenaires, disframe pr\u00e9sente un programme de&nbsp;<a href=\"https:\/\/engagement.migros.ch\/fr\/projets\/promotion-de-la-culture\/disframe\/glossaire\">crip art<\/a>&nbsp;et soutient financi\u00e8rement, par le biais d\u2019un appel \u00e0 projets r\u00e9gulier, le travail autod\u00e9termin\u00e9 d\u2019artistes en situation de handicap et\/ou touch\u00e9-es par des&nbsp;<a href=\"https:\/\/engagement.migros.ch\/fr\/projets\/promotion-de-la-culture\/disframe\/glossaire\">maladies chroniques<\/a>. Projet de mise en r\u00e9seau, disframe cr\u00e9e par ailleurs des alliances dans le but de concevoir activement une pratique culturelle inclusive. Tu trouveras d&rsquo;autres projets de soutien sp\u00e9cifiques \u00e0 une discipline ou pratiques interdisciplinaires sur <a href=\"https:\/\/engagement.migros.ch\/fr\">engagement.migros.ch<\/a>.<\/p>\n\n\n\n<p><strong>Contributions de soutien pour la recherche artistique et les tourn\u00e9es:<\/strong><\/p>\n\n\n\n<ol class=\"wp-block-list\">\n<li><a href=\"https:\/\/engagement.migros.ch\/fr\/demander-subvention\/ideation\">Soutien \u00e0 l\u2019id\u00e9ation<\/a><br>Soutien au d\u00e9veloppement de nouvelles id\u00e9es et de nouveaux concepts.<\/li>\n\n\n\n<li>Soutien \u00e0 la diffusion I <a href=\"https:\/\/engagement.migros.ch\/fr\/demander-subvention\/diffusion-projets\">projets<\/a> I <a href=\"https:\/\/engagement.migros.ch\/fr\/demander-subvention\/diffusion-plateformes\">plateforms<\/a><br>Promouvoir la diffusion et la repr\u00e9sentation d&rsquo;\u0153uvres artistiques existantes.<\/li>\n<\/ol>\n\n\n\n<p><strong><strong>Soutien \u00e0 la production et \u00e0 la cr\u00e9ation:<\/strong><\/strong><\/p>\n\n\n\n<ul class=\"wp-block-list\">\n<li>Ces soutiens sont uniquement disponibles aupr\u00e8s des <a href=\"https:\/\/engagement.migros.ch\/fr\/demander-subvention\">soci\u00e9t\u00e9s coop\u00e9ratives r\u00e9gionales<\/a>.<\/li>\n<\/ul>\n\n\n\n<div id=\"bild-sektion-block_8816a455be81df62cbdbeef035f1671a\" class=\"mod-bild-sektion\">\n    <div class=\"container-breakout\">\n        <div class=\"image-spacer\">\n            <div class=\"image-fixed\">\n                <div class=\"image\" style=\"background-image: url('https:\/\/www.m2act.ch\/wp-content\/uploads\/2021\/07\/CieGreffe_Elementen-III-Blazing-Wreck_-ONLINE-e1625228045682.jpg');\" data-imgurl=\"https:\/\/www.m2act.ch\/wp-content\/uploads\/2021\/07\/CieGreffe_Elementen-III-Blazing-Wreck_-ONLINE-e1625228045682.jpg\"><\/div>\n            <\/div>\n        <\/div>\n    <\/div>\n<\/div>\n\n\n<p>Avez-vous des questions sur <a href=\"https:\/\/engagement.migros.ch\/fr\">les opportunit\u00e9s de contributions de soutien par le Pour-cent culturel Migros dans le domaine de la culture <\/a>? Avez-vous besoin d&rsquo;aide pour soumettre une demande ? Le Conseil sur les offres de soutien du Pour-cent culturel Migros dans le domaine de la culture, se tient \u00e0 votre disposition pour vous aider.<\/p>\n\n\n\n<p><\/p>\n","protected":false},"excerpt":{"rendered":"<p>OUVERT AU PUBLIC Appel \u00e0 Projetc: inciter et initier des processusChaque ann\u00e9e, m2act recherche de nouveaux projets ax\u00e9s sur une priorit\u00e9 th\u00e9matique. Tous les groupes professionnels, institutions et r\u00e9seaux actifs dans les arts de la sc\u00e8ne, la musique, les arts visuels, le film, les jeux vid\u00e9os, la culture num\u00e9rique, la litt\u00e9rature et bande dessin\u00e9e, le [&hellip;]<\/p>\n","protected":false},"author":2,"featured_media":0,"parent":0,"menu_order":87,"comment_status":"closed","ping_status":"closed","template":"","meta":{"_acf_changed":false,"footnotes":""},"class_list":["post-3686","page","type-page","status-publish","hentry"],"acf":[],"yoast_head":"<!-- This site is optimized with the Yoast SEO plugin v27.2 - https:\/\/yoast.com\/product\/yoast-seo-wordpress\/ -->\n<title>Possibilit\u00e9s de soutien de la part de\u00a0 Pour-cent culturel Migros m2act - M2ACT<\/title>\n<meta name=\"robots\" content=\"index, follow, max-snippet:-1, max-image-preview:large, max-video-preview:-1\" \/>\n<link rel=\"canonical\" href=\"https:\/\/www.m2act.ch\/fr\/foerderung-m2act\/\" \/>\n<meta property=\"og:locale\" content=\"fr_FR\" \/>\n<meta property=\"og:type\" content=\"article\" \/>\n<meta property=\"og:title\" content=\"Possibilit\u00e9s de soutien de la part de\u00a0 Pour-cent culturel Migros m2act - M2ACT\" \/>\n<meta property=\"og:description\" content=\"OUVERT AU PUBLIC Appel \u00e0 Projetc: inciter et initier des processusChaque ann\u00e9e, m2act recherche de nouveaux projets ax\u00e9s sur une priorit\u00e9 th\u00e9matique. Tous les groupes professionnels, institutions et r\u00e9seaux actifs dans les arts de la sc\u00e8ne, la musique, les arts visuels, le film, les jeux vid\u00e9os, la culture num\u00e9rique, la litt\u00e9rature et bande dessin\u00e9e, le [&hellip;]\" \/>\n<meta property=\"og:url\" content=\"https:\/\/www.m2act.ch\/fr\/foerderung-m2act\/\" \/>\n<meta property=\"og:site_name\" content=\"M2ACT\" \/>\n<meta property=\"article:modified_time\" content=\"2026-04-01T07:42:54+00:00\" \/>\n<meta property=\"og:image\" content=\"https:\/\/www.m2act.ch\/wp-content\/uploads\/2025\/03\/Webbseite_Header.jpg\" \/>\n\t<meta property=\"og:image:width\" content=\"2000\" \/>\n\t<meta property=\"og:image:height\" content=\"640\" \/>\n\t<meta property=\"og:image:type\" content=\"image\/jpeg\" \/>\n<meta name=\"twitter:card\" content=\"summary_large_image\" \/>\n<meta name=\"twitter:label1\" content=\"Dur\u00e9e de lecture estim\u00e9e\" \/>\n\t<meta name=\"twitter:data1\" content=\"5 minutes\" \/>\n<script type=\"application\/ld+json\" class=\"yoast-schema-graph\">{\"@context\":\"https:\/\/schema.org\",\"@graph\":[{\"@type\":\"WebPage\",\"@id\":\"https:\/\/www.m2act.ch\/fr\/foerderung-m2act\/\",\"url\":\"https:\/\/www.m2act.ch\/fr\/foerderung-m2act\/\",\"name\":\"Possibilit\u00e9s de soutien de la part de\u00a0 Pour-cent culturel Migros m2act - M2ACT\",\"isPartOf\":{\"@id\":\"https:\/\/www.m2act.ch\/en\/#website\"},\"datePublished\":\"2021-08-20T12:45:58+00:00\",\"dateModified\":\"2026-04-01T07:42:54+00:00\",\"breadcrumb\":{\"@id\":\"https:\/\/www.m2act.ch\/fr\/foerderung-m2act\/#breadcrumb\"},\"inLanguage\":\"fr-FR\",\"potentialAction\":[{\"@type\":\"ReadAction\",\"target\":[\"https:\/\/www.m2act.ch\/fr\/foerderung-m2act\/\"]}]},{\"@type\":\"BreadcrumbList\",\"@id\":\"https:\/\/www.m2act.ch\/fr\/foerderung-m2act\/#breadcrumb\",\"itemListElement\":[{\"@type\":\"ListItem\",\"position\":1,\"name\":\"Startseite\",\"item\":\"https:\/\/www.m2act.ch\/fr\/\"},{\"@type\":\"ListItem\",\"position\":2,\"name\":\"Possibilit\u00e9s de soutien de la part de\u00a0 Pour-cent culturel Migros m2act\"}]},{\"@type\":\"WebSite\",\"@id\":\"https:\/\/www.m2act.ch\/en\/#website\",\"url\":\"https:\/\/www.m2act.ch\/en\/\",\"name\":\"M2ACT\",\"description\":\"Ein Projekt von Migros Kulturprozent\",\"potentialAction\":[{\"@type\":\"SearchAction\",\"target\":{\"@type\":\"EntryPoint\",\"urlTemplate\":\"https:\/\/www.m2act.ch\/en\/?s={search_term_string}\"},\"query-input\":{\"@type\":\"PropertyValueSpecification\",\"valueRequired\":true,\"valueName\":\"search_term_string\"}}],\"inLanguage\":\"fr-FR\"}]}<\/script>\n<!-- \/ Yoast SEO plugin. -->","yoast_head_json":{"title":"Possibilit\u00e9s de soutien de la part de\u00a0 Pour-cent culturel Migros m2act - M2ACT","robots":{"index":"index","follow":"follow","max-snippet":"max-snippet:-1","max-image-preview":"max-image-preview:large","max-video-preview":"max-video-preview:-1"},"canonical":"https:\/\/www.m2act.ch\/fr\/foerderung-m2act\/","og_locale":"fr_FR","og_type":"article","og_title":"Possibilit\u00e9s de soutien de la part de\u00a0 Pour-cent culturel Migros m2act - M2ACT","og_description":"OUVERT AU PUBLIC Appel \u00e0 Projetc: inciter et initier des processusChaque ann\u00e9e, m2act recherche de nouveaux projets ax\u00e9s sur une priorit\u00e9 th\u00e9matique. Tous les groupes professionnels, institutions et r\u00e9seaux actifs dans les arts de la sc\u00e8ne, la musique, les arts visuels, le film, les jeux vid\u00e9os, la culture num\u00e9rique, la litt\u00e9rature et bande dessin\u00e9e, le [&hellip;]","og_url":"https:\/\/www.m2act.ch\/fr\/foerderung-m2act\/","og_site_name":"M2ACT","article_modified_time":"2026-04-01T07:42:54+00:00","og_image":[{"width":2000,"height":640,"url":"https:\/\/www.m2act.ch\/wp-content\/uploads\/2025\/03\/Webbseite_Header.jpg","type":"image\/jpeg"}],"twitter_card":"summary_large_image","twitter_misc":{"Dur\u00e9e de lecture estim\u00e9e":"5 minutes"},"schema":{"@context":"https:\/\/schema.org","@graph":[{"@type":"WebPage","@id":"https:\/\/www.m2act.ch\/fr\/foerderung-m2act\/","url":"https:\/\/www.m2act.ch\/fr\/foerderung-m2act\/","name":"Possibilit\u00e9s de soutien de la part de\u00a0 Pour-cent culturel Migros m2act - M2ACT","isPartOf":{"@id":"https:\/\/www.m2act.ch\/en\/#website"},"datePublished":"2021-08-20T12:45:58+00:00","dateModified":"2026-04-01T07:42:54+00:00","breadcrumb":{"@id":"https:\/\/www.m2act.ch\/fr\/foerderung-m2act\/#breadcrumb"},"inLanguage":"fr-FR","potentialAction":[{"@type":"ReadAction","target":["https:\/\/www.m2act.ch\/fr\/foerderung-m2act\/"]}]},{"@type":"BreadcrumbList","@id":"https:\/\/www.m2act.ch\/fr\/foerderung-m2act\/#breadcrumb","itemListElement":[{"@type":"ListItem","position":1,"name":"Startseite","item":"https:\/\/www.m2act.ch\/fr\/"},{"@type":"ListItem","position":2,"name":"Possibilit\u00e9s de soutien de la part de\u00a0 Pour-cent culturel Migros m2act"}]},{"@type":"WebSite","@id":"https:\/\/www.m2act.ch\/en\/#website","url":"https:\/\/www.m2act.ch\/en\/","name":"M2ACT","description":"Ein Projekt von Migros Kulturprozent","potentialAction":[{"@type":"SearchAction","target":{"@type":"EntryPoint","urlTemplate":"https:\/\/www.m2act.ch\/en\/?s={search_term_string}"},"query-input":{"@type":"PropertyValueSpecification","valueRequired":true,"valueName":"search_term_string"}}],"inLanguage":"fr-FR"}]}},"_links":{"self":[{"href":"https:\/\/www.m2act.ch\/fr\/wp-json\/wp\/v2\/pages\/3686","targetHints":{"allow":["GET"]}}],"collection":[{"href":"https:\/\/www.m2act.ch\/fr\/wp-json\/wp\/v2\/pages"}],"about":[{"href":"https:\/\/www.m2act.ch\/fr\/wp-json\/wp\/v2\/types\/page"}],"author":[{"embeddable":true,"href":"https:\/\/www.m2act.ch\/fr\/wp-json\/wp\/v2\/users\/2"}],"replies":[{"embeddable":true,"href":"https:\/\/www.m2act.ch\/fr\/wp-json\/wp\/v2\/comments?post=3686"}],"version-history":[{"count":57,"href":"https:\/\/www.m2act.ch\/fr\/wp-json\/wp\/v2\/pages\/3686\/revisions"}],"predecessor-version":[{"id":15590,"href":"https:\/\/www.m2act.ch\/fr\/wp-json\/wp\/v2\/pages\/3686\/revisions\/15590"}],"wp:attachment":[{"href":"https:\/\/www.m2act.ch\/fr\/wp-json\/wp\/v2\/media?parent=3686"}],"curies":[{"name":"wp","href":"https:\/\/api.w.org\/{rel}","templated":true}]}}