{"id":13598,"date":"2025-12-08T09:54:43","date_gmt":"2025-12-08T08:54:43","guid":{"rendered":"https:\/\/www.m2act.ch\/?post_type=dialog&#038;p=13598"},"modified":"2026-01-13T16:28:55","modified_gmt":"2026-01-13T15:28:55","slug":"appel-a-projets-m2act-2026-sharing-is-caring","status":"publish","type":"dialog","link":"https:\/\/www.m2act.ch\/fr\/ausschreibung\/appel-a-projets-m2act-2026-sharing-is-caring\/","title":{"rendered":"2026"},"content":{"rendered":"\n<h3 class=\"wp-block-heading\" id=\"time-to-act-gemeinsam-fur-eine-faire-und-nachhaltige-praxis-in-den-darstellenden-kunsten\">Appel \u00e0 projets m2act 2026: Sharing is Caring \u2013 Partager et appliquer des \u00abGood Practices\u00bb pour un travail culturel durable et \u00e9quitable<\/h3>\n\n\n\n<p><\/p>\n\n\n\n<div id=\"bild-sektion-block_1a16d9b4dcb654a64a3074e4b728bf15\" class=\"mod-bild-sektion\">\n    <div class=\"container-breakout\">\n        <div class=\"image-spacer\">\n            <div class=\"image-fixed\">\n                <div class=\"image\" style=\"background-image: url('https:\/\/www.m2act.ch\/wp-content\/uploads\/2025\/12\/KEYVISUAL_M2ACT_2026_2560x1574_LOGO.jpg');\" data-imgurl=\"https:\/\/www.m2act.ch\/wp-content\/uploads\/2025\/12\/KEYVISUAL_M2ACT_2026_2560x1574_LOGO.jpg\"><\/div>\n            <\/div>\n        <\/div>\n    <\/div>\n<\/div>\n\n\n<p>En 2026, un nouveau chapitre s\u2019ouvre pour m2act, le projet de soutien et de mise en r\u00e9seau du Pour-cent culturel Migros pour des pratiques \u00e9quitables et des structures durables dans le travail culturel. Apr\u00e8s avoir exclusivement cibl\u00e9 les arts de la sc\u00e8ne pendant cinq ans, m2act \u00e9largit d\u00e8s 2026 son offre de soutien et de mise en r\u00e9seau \u00e0 des projets issus de disciplines artistiques et culturelles suppl\u00e9mentaires. La musique, les arts visuels, le film, les jeux vid\u00e9os, la culture num\u00e9rique, la litt\u00e9rature et la bande dessin\u00e9e, le spoken word ainsi que des pratiques interdisciplinaires pourront d\u00e9sormais aussi \u00eatre soutenus.<\/p>\n\n\n\n<p>Avec l\u2019<strong>appel \u00e0 projets 2026<\/strong>, m2act invite les institutions culturelles, festivals, initiatives, bureaux de production, compagnies, groupes, collectifs, associations et autres structures \u00e9tablies \u00e0 soumettre des id\u00e9es cr\u00e9atives et innovantes, qui contribuent \u00e0 un paysage culturel plus \u00e9quitable et plus durable en Suisse.<\/p>\n\n\n\n<p><\/p>\n\n\n<div class=\"wp-bootstrap-blocks-row row\">\n\t\n\n<div class=\"col-12\">\n\t\t\t\t<\/div>\n\n<\/div>\n\n\n\n    <div id=\"text-shadow-box-block_6b529467bd62f5a22b71438463a42590\" class=\"mod-text-shadow-box\" data-scheme=\"black\">\n\t\t<p><strong>Quels types de projets sont concr\u00e8tement soutenus?<\/strong><\/p>\n<ul>\n<li>5 \u00e0 8 projets b\u00e9n\u00e9ficient pendant un an d\u2019un soutien financier et d\u2019un accompagnement ax\u00e9 sur le contenu. Le volume de soutien pour l\u2019ensemble des projets s\u2019\u00e9l\u00e8ve \u00e0 CHF\u00a0150\u00a0000 et est r\u00e9parti en fonction des besoins.<\/li>\n<li>Tout ne doit pas \u00eatre r\u00e9invent\u00e9: nous soutenons des projets qui ont d\u00e9j\u00e0 d\u00e9velopp\u00e9 et test\u00e9 dans la pratique des approches, processus ou outils\/m\u00e9thodes; ce que nous appelons des \u00abGood Practices\u00bb.<\/li>\n<li>Ces \u00abGood Practices\u00bb doivent \u00eatre appliqu\u00e9es, partag\u00e9es et\/ou d\u00e9velopp\u00e9es avec au moins un.e autre groupe, organisation ou institution.<\/li>\n<li>Dans le cadre du soutien, il est \u00e9galement possible de d\u00e9velopper une approche ou un processus prometteur pour en faire un outil concret, avant de le partager et de l\u2019utiliser avec d\u2019autres personnes.<\/li>\n<li>m2act soutient des projets mis en \u0153uvre de mani\u00e8re <a href=\"https:\/\/www.m2act.ch\/fr\/glossar\/\"><em>co-cr\u00e9ative<\/em><\/a> qui inspirent nombre d\u2019acteurs et d\u2019actrices culturel.le.s, qu\u2019il s\u2019agisse d\u2019institutions culturelles, de collectifs, de festivals ou de bureaux de production.<\/li>\n<\/ul>\n<p>&nbsp;<\/p>\n    <\/div>\n\n\n\n    <div id=\"text-shadow-box-block_7169e54102b574421d0c964d75183dbd\" class=\"mod-text-shadow-box\" data-scheme=\"white\">\n\t\t<p><strong>Que sont les \u00abGood Practices\u00bb?<\/strong><\/p>\n<p>Les \u00abGood Practices\u00bb sont des approches, processus, m\u00e9thodes ou outils \u00e9prouv\u00e9s, qui contribuent \u00e0 un paysage culturel plus \u00e9quitable et plus durable. Il peut s\u2019agir par exemple de bases de donn\u00e9es, de plateformes num\u00e9riques, de logiciels, de listes de contr\u00f4le, de guides, d\u2019ateliers, de rituels, de formats de discussion, d\u2019accompagnement de processus avec des sp\u00e9cialistes, de jeux de r\u00f4le, d\u2019accords et de bien plus encore, qui contribuent \u00e0 davantage d\u2019\u00e9quit\u00e9 et de durabilit\u00e9 dans le paysage culturel. La bo\u00eete \u00e0 outils <a href=\"https:\/\/www.m2act.ch\/fr\/toolbox\/\">m2act-Toolbox<\/a> ainsi que <a href=\"https:\/\/www.m2act.ch\/fr\/gefoerderte-vorhaben\/\">les projets soutenus par le pass\u00e9<\/a> peuvent constituer une aide et une source d\u2019inspiration.<\/p>\n<p>&nbsp;<\/p>\n    <\/div>\n\n\n<div id=\"bild-slider-block_a7a88c5a57a8dd5ba37c5bd1f045d08b\" class=\"mod-bild-slider\">\n\t\t\t\t\t            <div class=\"slider\">\n\t\t\t\t                        <div class=\"slide\">\n                            <img decoding=\"async\" class=\"slide-image\"\n                                 srcset=\"https:\/\/www.m2act.ch\/wp-content\/uploads\/2025\/10\/2510_m2actxHelvetiarockt_copyrightNadineNuetzi-33-scaled-1580x920c.jpg 2x, https:\/\/www.m2act.ch\/wp-content\/uploads\/2025\/10\/2510_m2actxHelvetiarockt_copyrightNadineNuetzi-33-scaled-790x460c.jpg 1x\"\n                                 src=\"https:\/\/www.m2act.ch\/wp-content\/uploads\/2025\/10\/2510_m2actxHelvetiarockt_copyrightNadineNuetzi-33-scaled-150x150c.jpg\"\n                                 alt=\"\"\n                            >\n                        <\/div>\n\t\t\t\t\t            <\/div>\n\t\t\t<\/div>\n\n\n\n<p><\/p>\n\n\n\n    <div id=\"text-shadow-box-block_a07fcd49aa4368ba12586b8b7114483b\" class=\"mod-text-shadow-box\" data-scheme=\"white\">\n\t\t<p><strong>D\u00e9poser une requ\u00eate<\/strong><\/p>\n<p>Les requ\u00eates peuvent \u00eatre d\u00e9pos\u00e9es pendant 7\u00a0semaines, <strong>du 15 janvier au 2 mars 2026 \u00e0 23h59<\/strong>. Des informations d\u00e9taill\u00e9es sur l\u2019appel \u00e0 projets, le processus de candidature et les conditions de financement seront disponibles \u00e0 partir du 15\u00a0janvier 2026 sur le site Internet <a href=\"https:\/\/engagement.migros.ch\/fr\/demander-subvention\/appel-a-projets-m2act\">Engagement\u00a0Migros<\/a>.<\/p>\n<p><strong>Fiche d\u2019information: <\/strong>\u00ab<a href=\"https:\/\/www.m2act.ch\/wp-content\/uploads\/2026\/01\/m2act-2026-Appel-a-projets-Fiche-dinformation.pdf\">m2act 2026 Appel \u00e0 projets fiche d\u2019information<\/a>\u00bb \/ \u00ab<a href=\"https:\/\/www.m2act.ch\/wp-content\/uploads\/2025\/12\/m2act-2026-Appel-a-projets-dates.pdf\">m2act 2026 Appel \u00e0 projets dates<\/a>\u00bb<\/p>\n<p><strong>Save the date:<\/strong> s\u00e9ances d\u2019information en ligne les<a href=\"https:\/\/teams.microsoft.com\/l\/meetup-join\/19%3ameeting_ODAwZTEyYjYtMTUzYy00ZmIwLWI0YTctZGI4ZmFhNGE3ODZm%40thread.v2\/0?context=%7b%22Tid%22%3a%2235aa8c5b-ac0a-4b15-9788-ff6dfa22901f%22%2c%22Oid%22%3a%22785fa0f2-f7f3-4eef-b0d1-b55bcee847fb%22%7d\"> 27 janvier<\/a> et <a href=\"https:\/\/teams.microsoft.com\/l\/meetup-join\/19%3ameeting_MDE1ZWY1MmYtODM2Yi00MjlmLThmM2MtODZhY2JiNTFjNjY5%40thread.v2\/0?context=%7b%22Tid%22%3a%2235aa8c5b-ac0a-4b15-9788-ff6dfa22901f%22%2c%22Oid%22%3a%22785fa0f2-f7f3-4eef-b0d1-b55bcee847fb%22%7d\">24 f\u00e9vrier<\/a> 2026 de 16 h \u00e0 17 h sur Teams<\/p>\n<p>&nbsp;<\/p>\n<p>&nbsp;<\/p>\n    <\/div>\n\n\n\n<p><\/p>\n\n\n<div id=\"bild-slider-block_4864776a4380a047709bb900d01f0eca\" class=\"mod-bild-slider\">\n\t\t\t\t\t            <div class=\"slider\">\n\t\t\t\t                        <div class=\"slide\">\n                            <img decoding=\"async\" class=\"slide-image\"\n                                 srcset=\"https:\/\/www.m2act.ch\/wp-content\/uploads\/2025\/10\/2510_m2actxHelvetiarockt_copyrightNadineNuetzi-15-Kopie-scaled-1580x920c.jpg 2x, https:\/\/www.m2act.ch\/wp-content\/uploads\/2025\/10\/2510_m2actxHelvetiarockt_copyrightNadineNuetzi-15-Kopie-scaled-790x460c.jpg 1x\"\n                                 src=\"https:\/\/www.m2act.ch\/wp-content\/uploads\/2025\/10\/2510_m2actxHelvetiarockt_copyrightNadineNuetzi-15-Kopie-scaled-150x150c.jpg\"\n                                 alt=\"\"\n                            >\n                        <\/div>\n\t\t\t\t\t            <\/div>\n\t\t\t<\/div>\n\n\n\n<p><\/p>\n\n\n\n    <div id=\"text-shadow-box-block_3a63ce006e74e95652e46ea4c114d296\" class=\"mod-text-shadow-box\" data-scheme=\"white\">\n\t\t<h3><strong>About m2act:<\/strong><\/h3>\n<p><u>m2act@mgb.ch<\/u><\/p>\n<p>Le Pour-cent culturel Migros propose <strong>diverses offres de soutien<\/strong> aux acteurs et actrices culturel.le.s. Tu en trouveras un aper\u00e7u<strong> <a href=\"https:\/\/engagement.migros.ch\/fr\/demander-subvention\">ici<\/a><\/strong>.<\/p>\n<p>Pour toute question, ou si tu as besoin d\u2019aide, le <a href=\"https:\/\/engagement.migros.ch\/fr\/demander-soutien\/soutien-conseil\/conseil\"><strong>Centre de conseil pour les subventions culturelles<\/strong><\/a> du Pour-cent culturel Migros se tient \u00e0 ta disposition.<\/p>\n    <\/div>\n\n\n\n<h3 class=\"wp-block-heading\" id=\"was-ist-m2act\"><\/h3>\n\n\n\n<p><\/p>\n","protected":false},"featured_media":13970,"template":"","categories":[],"class_list":["post-13598","dialog","type-dialog","status-publish","has-post-thumbnail","hentry"],"acf":[],"yoast_head":"<!-- This site is optimized with the Yoast SEO plugin v27.2 - https:\/\/yoast.com\/product\/yoast-seo-wordpress\/ -->\n<title>2026 - M2ACT<\/title>\n<meta name=\"robots\" content=\"index, follow, max-snippet:-1, max-image-preview:large, max-video-preview:-1\" \/>\n<link rel=\"canonical\" href=\"https:\/\/www.m2act.ch\/fr\/ausschreibung\/appel-a-projets-m2act-2026-sharing-is-caring\/\" \/>\n<meta property=\"og:locale\" content=\"fr_FR\" \/>\n<meta property=\"og:type\" content=\"article\" \/>\n<meta property=\"og:title\" content=\"2026 - M2ACT\" \/>\n<meta property=\"og:description\" content=\"Appel \u00e0 projets m2act 2026: Sharing is Caring \u2013 Partager et appliquer des \u00abGood Practices\u00bb pour un travail culturel durable et \u00e9quitable En 2026, un nouveau chapitre s\u2019ouvre pour m2act, le projet de soutien et de mise en r\u00e9seau du Pour-cent culturel Migros pour des pratiques \u00e9quitables et des structures durables dans le travail culturel. [&hellip;]\" \/>\n<meta property=\"og:url\" content=\"https:\/\/www.m2act.ch\/fr\/ausschreibung\/appel-a-projets-m2act-2026-sharing-is-caring\/\" \/>\n<meta property=\"og:site_name\" content=\"M2ACT\" \/>\n<meta property=\"article:modified_time\" content=\"2026-01-13T15:28:55+00:00\" \/>\n<meta property=\"og:image\" content=\"https:\/\/www.m2act.ch\/wp-content\/uploads\/2025\/12\/KEYVISUAL_M2ACT_2026_1080x1080_LOGO.jpg\" \/>\n\t<meta property=\"og:image:width\" content=\"1080\" \/>\n\t<meta property=\"og:image:height\" content=\"1080\" \/>\n\t<meta property=\"og:image:type\" content=\"image\/jpeg\" \/>\n<meta name=\"twitter:card\" content=\"summary_large_image\" \/>\n<meta name=\"twitter:label1\" content=\"Dur\u00e9e de lecture estim\u00e9e\" \/>\n\t<meta name=\"twitter:data1\" content=\"2 minutes\" \/>\n<script type=\"application\/ld+json\" class=\"yoast-schema-graph\">{\"@context\":\"https:\/\/schema.org\",\"@graph\":[{\"@type\":\"WebPage\",\"@id\":\"https:\/\/www.m2act.ch\/fr\/ausschreibung\/appel-a-projets-m2act-2026-sharing-is-caring\/\",\"url\":\"https:\/\/www.m2act.ch\/fr\/ausschreibung\/appel-a-projets-m2act-2026-sharing-is-caring\/\",\"name\":\"2026 - M2ACT\",\"isPartOf\":{\"@id\":\"https:\/\/www.m2act.ch\/en\/#website\"},\"primaryImageOfPage\":{\"@id\":\"https:\/\/www.m2act.ch\/fr\/ausschreibung\/appel-a-projets-m2act-2026-sharing-is-caring\/#primaryimage\"},\"image\":{\"@id\":\"https:\/\/www.m2act.ch\/fr\/ausschreibung\/appel-a-projets-m2act-2026-sharing-is-caring\/#primaryimage\"},\"thumbnailUrl\":\"https:\/\/www.m2act.ch\/wp-content\/uploads\/2025\/12\/KEYVISUAL_M2ACT_2026_1080x1080_LOGO.jpg\",\"datePublished\":\"2025-12-08T08:54:43+00:00\",\"dateModified\":\"2026-01-13T15:28:55+00:00\",\"breadcrumb\":{\"@id\":\"https:\/\/www.m2act.ch\/fr\/ausschreibung\/appel-a-projets-m2act-2026-sharing-is-caring\/#breadcrumb\"},\"inLanguage\":\"fr-FR\",\"potentialAction\":[{\"@type\":\"ReadAction\",\"target\":[\"https:\/\/www.m2act.ch\/fr\/ausschreibung\/appel-a-projets-m2act-2026-sharing-is-caring\/\"]}]},{\"@type\":\"ImageObject\",\"inLanguage\":\"fr-FR\",\"@id\":\"https:\/\/www.m2act.ch\/fr\/ausschreibung\/appel-a-projets-m2act-2026-sharing-is-caring\/#primaryimage\",\"url\":\"https:\/\/www.m2act.ch\/wp-content\/uploads\/2025\/12\/KEYVISUAL_M2ACT_2026_1080x1080_LOGO.jpg\",\"contentUrl\":\"https:\/\/www.m2act.ch\/wp-content\/uploads\/2025\/12\/KEYVISUAL_M2ACT_2026_1080x1080_LOGO.jpg\",\"width\":1080,\"height\":1080},{\"@type\":\"BreadcrumbList\",\"@id\":\"https:\/\/www.m2act.ch\/fr\/ausschreibung\/appel-a-projets-m2act-2026-sharing-is-caring\/#breadcrumb\",\"itemListElement\":[{\"@type\":\"ListItem\",\"position\":1,\"name\":\"Startseite\",\"item\":\"https:\/\/www.m2act.ch\/fr\/\"},{\"@type\":\"ListItem\",\"position\":2,\"name\":\"2026\"}]},{\"@type\":\"WebSite\",\"@id\":\"https:\/\/www.m2act.ch\/en\/#website\",\"url\":\"https:\/\/www.m2act.ch\/en\/\",\"name\":\"M2ACT\",\"description\":\"Ein Projekt von Migros Kulturprozent\",\"potentialAction\":[{\"@type\":\"SearchAction\",\"target\":{\"@type\":\"EntryPoint\",\"urlTemplate\":\"https:\/\/www.m2act.ch\/en\/?s={search_term_string}\"},\"query-input\":{\"@type\":\"PropertyValueSpecification\",\"valueRequired\":true,\"valueName\":\"search_term_string\"}}],\"inLanguage\":\"fr-FR\"}]}<\/script>\n<!-- \/ Yoast SEO plugin. -->","yoast_head_json":{"title":"2026 - M2ACT","robots":{"index":"index","follow":"follow","max-snippet":"max-snippet:-1","max-image-preview":"max-image-preview:large","max-video-preview":"max-video-preview:-1"},"canonical":"https:\/\/www.m2act.ch\/fr\/ausschreibung\/appel-a-projets-m2act-2026-sharing-is-caring\/","og_locale":"fr_FR","og_type":"article","og_title":"2026 - M2ACT","og_description":"Appel \u00e0 projets m2act 2026: Sharing is Caring \u2013 Partager et appliquer des \u00abGood Practices\u00bb pour un travail culturel durable et \u00e9quitable En 2026, un nouveau chapitre s\u2019ouvre pour m2act, le projet de soutien et de mise en r\u00e9seau du Pour-cent culturel Migros pour des pratiques \u00e9quitables et des structures durables dans le travail culturel. [&hellip;]","og_url":"https:\/\/www.m2act.ch\/fr\/ausschreibung\/appel-a-projets-m2act-2026-sharing-is-caring\/","og_site_name":"M2ACT","article_modified_time":"2026-01-13T15:28:55+00:00","og_image":[{"width":1080,"height":1080,"url":"https:\/\/www.m2act.ch\/wp-content\/uploads\/2025\/12\/KEYVISUAL_M2ACT_2026_1080x1080_LOGO.jpg","type":"image\/jpeg"}],"twitter_card":"summary_large_image","twitter_misc":{"Dur\u00e9e de lecture estim\u00e9e":"2 minutes"},"schema":{"@context":"https:\/\/schema.org","@graph":[{"@type":"WebPage","@id":"https:\/\/www.m2act.ch\/fr\/ausschreibung\/appel-a-projets-m2act-2026-sharing-is-caring\/","url":"https:\/\/www.m2act.ch\/fr\/ausschreibung\/appel-a-projets-m2act-2026-sharing-is-caring\/","name":"2026 - M2ACT","isPartOf":{"@id":"https:\/\/www.m2act.ch\/en\/#website"},"primaryImageOfPage":{"@id":"https:\/\/www.m2act.ch\/fr\/ausschreibung\/appel-a-projets-m2act-2026-sharing-is-caring\/#primaryimage"},"image":{"@id":"https:\/\/www.m2act.ch\/fr\/ausschreibung\/appel-a-projets-m2act-2026-sharing-is-caring\/#primaryimage"},"thumbnailUrl":"https:\/\/www.m2act.ch\/wp-content\/uploads\/2025\/12\/KEYVISUAL_M2ACT_2026_1080x1080_LOGO.jpg","datePublished":"2025-12-08T08:54:43+00:00","dateModified":"2026-01-13T15:28:55+00:00","breadcrumb":{"@id":"https:\/\/www.m2act.ch\/fr\/ausschreibung\/appel-a-projets-m2act-2026-sharing-is-caring\/#breadcrumb"},"inLanguage":"fr-FR","potentialAction":[{"@type":"ReadAction","target":["https:\/\/www.m2act.ch\/fr\/ausschreibung\/appel-a-projets-m2act-2026-sharing-is-caring\/"]}]},{"@type":"ImageObject","inLanguage":"fr-FR","@id":"https:\/\/www.m2act.ch\/fr\/ausschreibung\/appel-a-projets-m2act-2026-sharing-is-caring\/#primaryimage","url":"https:\/\/www.m2act.ch\/wp-content\/uploads\/2025\/12\/KEYVISUAL_M2ACT_2026_1080x1080_LOGO.jpg","contentUrl":"https:\/\/www.m2act.ch\/wp-content\/uploads\/2025\/12\/KEYVISUAL_M2ACT_2026_1080x1080_LOGO.jpg","width":1080,"height":1080},{"@type":"BreadcrumbList","@id":"https:\/\/www.m2act.ch\/fr\/ausschreibung\/appel-a-projets-m2act-2026-sharing-is-caring\/#breadcrumb","itemListElement":[{"@type":"ListItem","position":1,"name":"Startseite","item":"https:\/\/www.m2act.ch\/fr\/"},{"@type":"ListItem","position":2,"name":"2026"}]},{"@type":"WebSite","@id":"https:\/\/www.m2act.ch\/en\/#website","url":"https:\/\/www.m2act.ch\/en\/","name":"M2ACT","description":"Ein Projekt von Migros Kulturprozent","potentialAction":[{"@type":"SearchAction","target":{"@type":"EntryPoint","urlTemplate":"https:\/\/www.m2act.ch\/en\/?s={search_term_string}"},"query-input":{"@type":"PropertyValueSpecification","valueRequired":true,"valueName":"search_term_string"}}],"inLanguage":"fr-FR"}]}},"_links":{"self":[{"href":"https:\/\/www.m2act.ch\/fr\/wp-json\/wp\/v2\/dialog\/13598","targetHints":{"allow":["GET"]}}],"collection":[{"href":"https:\/\/www.m2act.ch\/fr\/wp-json\/wp\/v2\/dialog"}],"about":[{"href":"https:\/\/www.m2act.ch\/fr\/wp-json\/wp\/v2\/types\/dialog"}],"version-history":[{"count":20,"href":"https:\/\/www.m2act.ch\/fr\/wp-json\/wp\/v2\/dialog\/13598\/revisions"}],"predecessor-version":[{"id":14190,"href":"https:\/\/www.m2act.ch\/fr\/wp-json\/wp\/v2\/dialog\/13598\/revisions\/14190"}],"wp:featuredmedia":[{"embeddable":true,"href":"https:\/\/www.m2act.ch\/fr\/wp-json\/wp\/v2\/media\/13970"}],"wp:attachment":[{"href":"https:\/\/www.m2act.ch\/fr\/wp-json\/wp\/v2\/media?parent=13598"}],"wp:term":[{"taxonomy":"category","embeddable":true,"href":"https:\/\/www.m2act.ch\/fr\/wp-json\/wp\/v2\/categories?post=13598"}],"curies":[{"name":"wp","href":"https:\/\/api.w.org\/{rel}","templated":true}]}}