{"version":"1.0","provider_name":"M2ACT","provider_url":"https:\/\/www.m2act.ch\/fr\/","author_name":"Emily","author_url":"https:\/\/www.m2act.ch\/fr\/author\/emily\/","title":"Biografie.art: Biographie &amp; sc\u00e8ne. Questions sur le traitement \u00e9thique des r\u00e9cits personnels - M2ACT","type":"rich","width":600,"height":338,"html":"<blockquote class=\"wp-embedded-content\" data-secret=\"lGQwEmZSDz\"><a href=\"https:\/\/www.m2act.ch\/fr\/projects\/puis-je-poser-une-question\/\">Biografie.art: Biographie &amp; sc\u00e8ne. Questions sur le traitement \u00e9thique des r\u00e9cits personnels<\/a><\/blockquote><iframe sandbox=\"allow-scripts\" security=\"restricted\" src=\"https:\/\/www.m2act.ch\/fr\/projects\/puis-je-poser-une-question\/embed\/#?secret=lGQwEmZSDz\" width=\"600\" height=\"338\" title=\"\u00ab\u00a0Biografie.art: Biographie &amp; sc\u00e8ne. Questions sur le traitement \u00e9thique des r\u00e9cits personnels\u00a0\u00bb &#8212; M2ACT\" data-secret=\"lGQwEmZSDz\" frameborder=\"0\" marginwidth=\"0\" marginheight=\"0\" scrolling=\"no\" class=\"wp-embedded-content\"><\/iframe><script type=\"text\/javascript\">\n\/* <![CDATA[ *\/\n\/*! This file is auto-generated *\/\n!function(d,l){\"use strict\";l.querySelector&&d.addEventListener&&\"undefined\"!=typeof URL&&(d.wp=d.wp||{},d.wp.receiveEmbedMessage||(d.wp.receiveEmbedMessage=function(e){var t=e.data;if((t||t.secret||t.message||t.value)&&!\/[^a-zA-Z0-9]\/.test(t.secret)){for(var s,r,n,a=l.querySelectorAll('iframe[data-secret=\"'+t.secret+'\"]'),o=l.querySelectorAll('blockquote[data-secret=\"'+t.secret+'\"]'),c=new RegExp(\"^https?:$\",\"i\"),i=0;i<o.length;i++)o[i].style.display=\"none\";for(i=0;i<a.length;i++)s=a[i],e.source===s.contentWindow&&(s.removeAttribute(\"style\"),\"height\"===t.message?(1e3<(r=parseInt(t.value,10))?r=1e3:~~r<200&&(r=200),s.height=r):\"link\"===t.message&&(r=new URL(s.getAttribute(\"src\")),n=new URL(t.value),c.test(n.protocol))&&n.host===r.host&&l.activeElement===s&&(d.top.location.href=t.value))}},d.addEventListener(\"message\",d.wp.receiveEmbedMessage,!1),l.addEventListener(\"DOMContentLoaded\",function(){for(var e,t,s=l.querySelectorAll(\"iframe.wp-embedded-content\"),r=0;r<s.length;r++)(t=(e=s[r]).getAttribute(\"data-secret\"))||(t=Math.random().toString(36).substring(2,12),e.src+=\"#?secret=\"+t,e.setAttribute(\"data-secret\",t)),e.contentWindow.postMessage({message:\"ready\",secret:t},\"*\")},!1)))}(window,document);\n\/\/# sourceURL=https:\/\/www.m2act.ch\/wp-includes\/js\/wp-embed.min.js\n\/* ]]> *\/\n<\/script>\n","thumbnail_url":"https:\/\/www.m2act.ch\/wp-content\/uploads\/2025\/04\/Biografie.art-Aufloesung-neu.png","thumbnail_width":1080,"thumbnail_height":1080,"description":"Les r\u00e9cits personnels et de \u00abvraies\u00bb personnes sur sc\u00e8ne cr\u00e9ent de l\u2019authenticit\u00e9 et sont \u00e0 la mode. Un projet (auto)biographique b\u00e9n\u00e9ficie du fait que l\u2019on r\u00e9v\u00e8le une exp\u00e9rience r\u00e9elle, mais en l\u2019adaptant et en la racontant dans un autre contexte. Quelles sont les interd\u00e9pendances et les obligations \u00e9thiques d\u2019une telle collaboration artistique? Et comment les [&hellip;]"}